{"id":2146,"date":"2023-05-16T17:32:37","date_gmt":"2023-05-16T15:32:37","guid":{"rendered":"https:\/\/campingterraalta.com\/contacte\/"},"modified":"2025-12-03T09:11:23","modified_gmt":"2025-12-03T08:11:23","slug":"contacto","status":"publish","type":"page","link":"https:\/\/campingterraalta.com\/es\/contacto\/","title":{"rendered":"Contacto"},"content":{"rendered":"\n<div class=\"wp-block-cover alignfull has-parallax header-top has-animation oh\" style=\"margin-top:0px;margin-bottom:0px\"><span aria-hidden=\"true\" class=\"wp-block-cover__background has-theme-black-background-color has-background-dim-30 has-background-dim\"><\/span><div class=\"wp-block-cover__image-background wp-image-1828 has-parallax\" style=\"background-position:50% 50%;background-image:url(https:\/\/campingterraalta.com\/wp-content\/uploads\/20241022-082808.webp);\"><\/div><div class=\"wp-block-cover__inner-container is-layout-constrained wp-block-cover-is-layout-constrained\">\n<div class=\"wp-block-group animation--init--once animation--top is-content-justification-center is-layout-constrained wp-container-core-group-is-layout-b772f419 wp-block-group-is-layout-constrained\">\n<p class=\"has-text-align-left titre-top animation--init--once animation--top has-h-1-font-size\"><sup>Camping Terra Alta <\/sup>Contacto<\/p>\n\n\n\n<div class=\"wp-block-group alignfull breadcrumbs-top is-layout-constrained wp-block-group-is-layout-constrained\" style=\"margin-top:0px;margin-bottom:0px\">\n<div class=\"wp-block-group is-layout-constrained wp-block-group-is-layout-constrained\">\n<span><span><a href=\"https:\/\/campingterraalta.com\/es\/\">Portada<\/a><\/span><\/span>\n<\/div>\n<\/div>\n<\/div>\n\n\n\n<div class=\"wp-block-group booking-container is-layout-constrained wp-container-core-group-is-layout-eb8a64c5 wp-block-group-is-layout-constrained\"><script>\n            document.addEventListener('DOMContentLoaded', function () {\n\n                var widget = new MasterWidget('widgetBookingContainer6798', {\n                    lang: 'es',idProperty: '352',class: 'widget_columns',dropdown: true,\n                    url: 'https:\/\/booking.campingterraalta.com'\n                });\n\n\n            });\n\n            <\/script><div id=\"widgetBookingContainer6798\"> <\/div>\n\n\n\n<a class=\"boton-reservar\" href=\"https:\/\/booking.campingterraalta.com\/search?lang=es\" target=\"_blank\" rel=\"noopener\">Reservar<\/a>\n<\/div>\n<\/div><\/div>\n\n\n\n<div class=\"wp-block-group alignfull intro-page bienvenue has-theme-red-color has-theme-white-background-color has-text-color has-background has-link-color wp-elements-8a08480a8fa914e08eba032f9fe84a62 is-layout-constrained wp-block-group-is-layout-constrained\" style=\"margin-top:0px;margin-bottom:0px;padding-top:100px;padding-bottom:100px\">\n<div class=\"wp-block-columns are-vertically-aligned-center has-theme-red-color has-text-color has-link-color wp-elements-18136140ec26c4c40d920599808befff is-layout-flex wp-container-core-columns-is-layout-28f84493 wp-block-columns-is-layout-flex\">\n<div class=\"wp-block-column is-vertically-aligned-center has-theme-red-color has-text-color has-link-color wp-elements-e3e0b3fe73267f0864a5deeeb212d49d is-layout-flow wp-block-column-is-layout-flow\">\n<div class=\"wp-block-group block-petit has-animation has-theme-red-color has-text-color has-link-color wp-elements-7ffdf314707788b7587631b928d5642e is-layout-constrained wp-block-group-is-layout-constrained\">\n<h1 class=\"wp-block-heading has-text-align-center animation--init--once animation--bottom has-theme-red-color has-text-color has-link-color has-h-2-font-size wp-elements-2c56e2dd1188b4575f8af222cbcd4f0d\" style=\"margin-bottom:40px\"><sup>\u00bfTIENES ALGUNA DUDA? <\/sup> Contacta con nosotros<\/h1>\n\n\n\n<p class=\"has-text-align-center has-theme-black-color has-text-color has-link-color wp-elements-d462c8639b8db6a4cebac0235a9d266b\">\u00bfTienes dudas o quieres m\u00e1s informaci\u00f3n sobre el Camping Terra Alta? \u00a1Estamos aqu\u00ed para ayudarte! Ponte en contacto con nosotros y te atenderemos encantados. Ya sea por correo, tel\u00e9fono o redes sociales, estaremos a tu disposici\u00f3n para que tu experiencia sea inolvidable.<\/p>\n<\/div>\n<\/div>\n<\/div>\n<\/div>\n\n\n\n<div class=\"wp-block-columns alignwide contacto-row is-layout-flex wp-container-core-columns-is-layout-22d56b1e wp-block-columns-is-layout-flex\" style=\"padding-bottom:100px\">\n<div class=\"wp-block-column contact-info has-theme-black-color has-text-color has-background has-link-color wp-elements-e9f696b19cdcf9dc6e52dc8f4c4b23e3 is-layout-flow wp-block-column-is-layout-flow\" style=\"background-color:#60962733;padding-top:60px;padding-right:60px;padding-bottom:60px;padding-left:60px;flex-basis:50%\">\n<div class=\"wp-block-group location is-layout-constrained wp-block-group-is-layout-constrained\">\n<p class=\"has-text-font-size\"><strong>C\u00f3mo llegar<\/strong><\/p>\n\n\n\n<p class=\"is-style-default\"><a href=\"https:\/\/maps.app.goo.gl\/3TdNXJXakbHaZFwL6\">Ctra. de Prat de Compte, km-1, 43787 Bot, Tarragona<\/a><br><br><strong>GPS: <\/strong>N 41\u00ba 00\u2032 25.81\u201d E 0\u00ba 22\u2032 44.13\u201d<br><br><strong>Latitud: <\/strong>41.00691617779007 \u2028<br><strong>Longitud:<\/strong> 0.37890645592801775<\/p>\n<\/div>\n\n\n\n<div class=\"wp-block-group mail is-layout-constrained wp-block-group-is-layout-constrained\">\n<p class=\"has-text-font-size\"><strong>Cons\u00faltenos la ruta m\u00e1s conveniente desde su origen a trav\u00e9s del correo electr\u00f3nico<\/strong><\/p>\n\n\n\n<p><a href=\"mailto:info@campingterraalta.com\">info@campingterraalta.com<\/a><\/p>\n<\/div>\n\n\n\n<div class=\"wp-block-group phone is-layout-constrained wp-block-group-is-layout-constrained\">\n<p class=\"has-text-font-size\"><strong>\u00bfTienes alguna duda? Nos puede llamar todos los d\u00edas de 09:00h a 20:00h.<\/strong><\/p>\n\n\n\n<p><a href=\"tel:+34 673 45 06 51\">+34 673 45 06 51<\/a><\/p>\n<\/div>\n<\/div>\n\n\n\n<div class=\"wp-block-column is-layout-flow wp-block-column-is-layout-flow\">\n<p>O si lo prefieres, rellena el siguiente formulario y nos pondremos en contacto contigo lo antes posible.<\/p>\n\n\n\n<div class=\"wp-block-contact-form-7-contact-form-selector\">\n<div class=\"wpcf7 no-js\" id=\"wpcf7-f2184-o1\" lang=\"es-ES\" dir=\"ltr\" data-wpcf7-id=\"2184\">\n<div class=\"screen-reader-response\"><p role=\"status\" aria-live=\"polite\" aria-atomic=\"true\"><\/p> <ul><\/ul><\/div>\n<form action=\"\/es\/wp-json\/wp\/v2\/pages\/2146#wpcf7-f2184-o1\" method=\"post\" class=\"wpcf7-form init\" aria-label=\"Formulario de contacto\" novalidate=\"novalidate\" data-status=\"init\">\n<fieldset class=\"hidden-fields-container\"><input type=\"hidden\" name=\"_wpcf7\" value=\"2184\" \/><input type=\"hidden\" name=\"_wpcf7_version\" value=\"6.1.2\" \/><input type=\"hidden\" name=\"_wpcf7_locale\" value=\"es_ES\" \/><input type=\"hidden\" name=\"_wpcf7_unit_tag\" value=\"wpcf7-f2184-o1\" \/><input type=\"hidden\" name=\"_wpcf7_container_post\" value=\"0\" \/><input type=\"hidden\" name=\"_wpcf7_posted_data_hash\" value=\"\" \/><input type=\"hidden\" name=\"_wpcf7_recaptcha_response\" value=\"\" \/>\n<\/fieldset>\n<div class=\"form-contacto\">\n\t<div class=\"fields-wrapper\">\n\t\t<p><label for=\"cont-nombre\"><\/label><span class=\"wpcf7-form-control-wrap\" data-name=\"cont-nombre\"><input size=\"40\" maxlength=\"400\" class=\"wpcf7-form-control wpcf7-text wpcf7-validates-as-required\" aria-required=\"true\" aria-invalid=\"false\" placeholder=\"Nombre y apellido*\" value=\"\" type=\"text\" name=\"cont-nombre\" \/><\/span>\n\t\t<\/p>\n\t<\/div>\n\t<div class=\"fields-wrapper\">\n\t\t<p><label for=\"cont-apellidos\"><\/label><span class=\"wpcf7-form-control-wrap\" data-name=\"cont-apellidos\"><input size=\"40\" maxlength=\"400\" class=\"wpcf7-form-control wpcf7-text wpcf7-validates-as-required\" aria-required=\"true\" aria-invalid=\"false\" placeholder=\"Tel\u00e9fono*\" value=\"\" type=\"text\" name=\"cont-apellidos\" \/><\/span>\n\t\t<\/p>\n\t<\/div>\n\t<div class=\"fields-wrapper\">\n\t\t<p><label for=\"cont-email\"><\/label><span class=\"wpcf7-form-control-wrap\" data-name=\"cont-email\"><input size=\"40\" maxlength=\"400\" class=\"wpcf7-form-control wpcf7-email wpcf7-validates-as-required wpcf7-text wpcf7-validates-as-email\" aria-required=\"true\" aria-invalid=\"false\" placeholder=\"Email*\" value=\"\" type=\"email\" name=\"cont-email\" \/><\/span>\n\t\t<\/p>\n\t<\/div>\n\t<div class=\"fields-wrapper-double\">\n\t\t<p><label for=\"cont-consulta\"><\/label><span class=\"wpcf7-form-control-wrap\" data-name=\"cont-consulta\"><textarea cols=\"40\" rows=\"10\" maxlength=\"2000\" class=\"wpcf7-form-control wpcf7-textarea wpcf7-validates-as-required\" aria-required=\"true\" aria-invalid=\"false\" placeholder=\"\" name=\"cont-consulta\"><\/textarea><\/span>\n\t\t<\/p>\n\t<\/div>\n\t<div class=\"fields-wrapper-double\">\n\t\t<p><span class=\"wpcf7-form-control-wrap\" data-name=\"cont-aceptar\"><span class=\"wpcf7-form-control wpcf7-acceptance optional\"><span class=\"wpcf7-list-item\"><label><input type=\"checkbox\" name=\"cont-aceptar\" value=\"1\" aria-invalid=\"false\" \/><span class=\"wpcf7-list-item-label\">He le\u00eddo y acepto la <a href=\"https:\/\/campingterraalta.com\/es\/politica-de-privacidad\/\">Pol\u00edtica de privacidad<\/a><\/span><\/label><\/span><\/span><\/span>\n\t\t<\/p>\n\t<\/div>\n\t<div class=\"fields-wrapper-double\">\n\t\t<p><input class=\"wpcf7-form-control wpcf7-submit has-spinner\" type=\"submit\" value=\"Enviar\" \/>\n\t\t<\/p>\n\t<\/div>\n<\/div><div class=\"wpcf7-response-output\" aria-hidden=\"true\"><\/div>\n<\/form>\n<\/div>\n<\/div>\n<\/div>\n<\/div>\n\n\n\n<div class=\"wp-block-group alignfull intro-page bienvenue has-theme-red-color has-theme-white-background-color has-text-color has-background has-link-color wp-elements-ad32c9377c1acdde199834095f8658b5 is-layout-constrained wp-block-group-is-layout-constrained\" style=\"margin-top:0px;margin-bottom:0px;padding-bottom:50px\">\n<div class=\"wp-block-columns are-vertically-aligned-center has-theme-red-color has-text-color has-link-color wp-elements-6b4e6c78841c21753fdbc124884489e1 is-layout-flex wp-container-core-columns-is-layout-28f84493 wp-block-columns-is-layout-flex\">\n<div class=\"wp-block-column is-vertically-aligned-center has-theme-red-color has-text-color has-link-color wp-elements-6e82ece68cb93d4beff86ab8c7fc51d5 is-layout-flow wp-block-column-is-layout-flow\">\n<div class=\"wp-block-group block-petit has-animation has-theme-red-color has-text-color has-link-color wp-elements-c775de82aa1336d01ee13aff007a78a0 is-layout-constrained wp-block-group-is-layout-constrained\">\n<h2 class=\"wp-block-heading has-text-align-center animation--init--once animation--bottom has-theme-red-color has-text-color has-link-color wp-elements-fa2d6a811b3021f57a96752ab8aa8284\" style=\"margin-bottom:40px\">\u00bfC\u00f3mo llegar?<\/h2>\n\n\n\n<p class=\"has-text-align-center\">Tenga cuidado con el navegador ya que es posible que le dirija a Bot pasando por Prat de Comte (TV-3301). Es el camino m\u00e1s corto si viene del sur, pero se trata de una carretera de un solo carril con curvas, preciosa eso s\u00ed. Le recomendamos evitar Prat de Comte, buscando pasar por Horta de Sant Joan o Gandesa. En caso de que llegue a Prat de Comte es preferible ir hasta Horta de Sant Joan y despu\u00e9s a Bot.<\/p>\n\n\n\n<p class=\"has-text-align-center\">Cons\u00faltenos la ruta m\u00e1s conveniente desde su origen a trav\u00e9s del correo electr\u00f3nico.<\/p>\n<\/div>\n<\/div>\n<\/div>\n<\/div>\n\n\n\n<div class=\"wp-block-group alignfull is-layout-flow wp-block-group-is-layout-flow\" style=\"margin-top:0;margin-bottom:0;padding-top:0px;padding-bottom:0px\">\n<iframe src=\"https:\/\/www.google.com\/maps\/embed?pb=!1m18!1m12!1m3!1d3010.8417346296915!2d0.3761729765692804!3d41.006837119512845!2m3!1f0!2f0!3f0!3m2!1i1024!2i768!4f13.1!3m3!1m2!1s0x12a0c3d730b0a00f%3A0x77651ebe4e8811f7!2sC%C3%A0mping%20TERRA%20ALTA!5e0!3m2!1ses!2ses!4v1743590331020!5m2!1ses!2ses\" width=\"100%\" height=\"450\" style=\"border:0;\" allowfullscreen=\"\" loading=\"lazy\" referrerpolicy=\"no-referrer-when-downgrade\"><\/iframe>\n<\/div>\n","protected":false},"excerpt":{"rendered":"<p>\u00bfTIENES ALGUNA DUDA? Contacta con nosotros \u00bfTienes dudas o quieres m\u00e1s informaci\u00f3n sobre el Camping Terra Alta? \u00a1Estamos aqu\u00ed para ayudarte! Ponte en contacto con&#8230;<\/p>\n","protected":false},"author":2,"featured_media":1828,"parent":0,"menu_order":6,"comment_status":"closed","ping_status":"closed","template":"","meta":{"_acf_changed":false,"inline_featured_image":false,"footnotes":""},"class_list":["post-2146","page","type-page","status-publish","has-post-thumbnail","hentry"],"acf":[],"yoast_head":"<!-- This site is optimized with the Yoast SEO plugin v26.1.1 - https:\/\/yoast.com\/wordpress\/plugins\/seo\/ -->\n<title>Contacto con Camping Terra Alta<\/title>\n<meta name=\"description\" content=\"Contacta con el equipo de Camping Terra Alta para consultas, reservas o informaci\u00f3n adicional. Te ayudamos a planificar tu estancia perfecta en la Terra Alta.\" \/>\n<meta name=\"robots\" content=\"index, follow, max-snippet:-1, max-image-preview:large, max-video-preview:-1\" \/>\n<link rel=\"canonical\" href=\"https:\/\/campingterraalta.com\/es\/contacto\/\" \/>\n<meta property=\"og:locale\" content=\"es_ES\" \/>\n<meta property=\"og:type\" content=\"article\" \/>\n<meta property=\"og:title\" content=\"Contacto con Camping Terra Alta\" \/>\n<meta property=\"og:description\" content=\"Contacta con el equipo de Camping Terra Alta para consultas, reservas o informaci\u00f3n adicional. Te ayudamos a planificar tu estancia perfecta en la Terra Alta.\" \/>\n<meta property=\"og:url\" content=\"https:\/\/campingterraalta.com\/es\/contacto\/\" \/>\n<meta property=\"og:site_name\" content=\"Camping Terra Alta\" \/>\n<meta property=\"article:modified_time\" content=\"2025-12-03T08:11:23+00:00\" \/>\n<meta property=\"og:image\" content=\"https:\/\/campingterraalta.com\/wp-content\/uploads\/20241022-082808.webp\" \/>\n\t<meta property=\"og:image:width\" content=\"1920\" \/>\n\t<meta property=\"og:image:height\" content=\"864\" \/>\n\t<meta property=\"og:image:type\" content=\"image\/webp\" \/>\n<meta name=\"twitter:card\" content=\"summary_large_image\" \/>\n<meta name=\"twitter:label1\" content=\"Tiempo de lectura\" \/>\n\t<meta name=\"twitter:data1\" content=\"3 minutos\" \/>\n<!-- \/ Yoast SEO plugin. -->","yoast_head_json":{"title":"Contacto con Camping Terra Alta","description":"Contacta con el equipo de Camping Terra Alta para consultas, reservas o informaci\u00f3n adicional. Te ayudamos a planificar tu estancia perfecta en la Terra Alta.","robots":{"index":"index","follow":"follow","max-snippet":"max-snippet:-1","max-image-preview":"max-image-preview:large","max-video-preview":"max-video-preview:-1"},"canonical":"https:\/\/campingterraalta.com\/es\/contacto\/","og_locale":"es_ES","og_type":"article","og_title":"Contacto con Camping Terra Alta","og_description":"Contacta con el equipo de Camping Terra Alta para consultas, reservas o informaci\u00f3n adicional. Te ayudamos a planificar tu estancia perfecta en la Terra Alta.","og_url":"https:\/\/campingterraalta.com\/es\/contacto\/","og_site_name":"Camping Terra Alta","article_modified_time":"2025-12-03T08:11:23+00:00","og_image":[{"width":1920,"height":864,"url":"https:\/\/campingterraalta.com\/wp-content\/uploads\/20241022-082808.webp","type":"image\/webp"}],"twitter_card":"summary_large_image","twitter_misc":{"Tiempo de lectura":"3 minutos"},"schema":{"@context":"https:\/\/schema.org","@graph":[{"@type":"WebPage","@id":"https:\/\/campingterraalta.com\/es\/contacto\/","url":"https:\/\/campingterraalta.com\/es\/contacto\/","name":"Contacto con Camping Terra Alta","isPartOf":{"@id":"https:\/\/campingterraalta.com\/es\/#website"},"primaryImageOfPage":{"@id":"https:\/\/campingterraalta.com\/es\/contacto\/#primaryimage"},"image":{"@id":"https:\/\/campingterraalta.com\/es\/contacto\/#primaryimage"},"thumbnailUrl":"https:\/\/campingterraalta.com\/wp-content\/uploads\/20241022-082808.webp","datePublished":"2023-05-16T15:32:37+00:00","dateModified":"2025-12-03T08:11:23+00:00","description":"Contacta con el equipo de Camping Terra Alta para consultas, reservas o informaci\u00f3n adicional. Te ayudamos a planificar tu estancia perfecta en la Terra Alta.","breadcrumb":{"@id":"https:\/\/campingterraalta.com\/es\/contacto\/#breadcrumb"},"inLanguage":"es","potentialAction":[{"@type":"ReadAction","target":["https:\/\/campingterraalta.com\/es\/contacto\/"]}]},{"@type":"ImageObject","inLanguage":"es","@id":"https:\/\/campingterraalta.com\/es\/contacto\/#primaryimage","url":"https:\/\/campingterraalta.com\/wp-content\/uploads\/20241022-082808.webp","contentUrl":"https:\/\/campingterraalta.com\/wp-content\/uploads\/20241022-082808.webp","width":1920,"height":864},{"@type":"BreadcrumbList","@id":"https:\/\/campingterraalta.com\/es\/contacto\/#breadcrumb","itemListElement":[{"@type":"ListItem","position":1,"name":"Portada","item":"https:\/\/campingterraalta.com\/es\/"},{"@type":"ListItem","position":2,"name":"Contacto"}]},{"@type":"WebSite","@id":"https:\/\/campingterraalta.com\/es\/#website","url":"https:\/\/campingterraalta.com\/es\/","name":"Camping Terra Alta","description":"El Camping Terra Alta lleva, desde el 2012, ofreciendo un trato familiar con todas las instalaciones para que pod\u00e1is disfrutar de vuestra estancia con caravana, tienda, autocaravana o en nuestros bungalows.","publisher":{"@id":"https:\/\/campingterraalta.com\/es\/#organization"},"potentialAction":[{"@type":"SearchAction","target":{"@type":"EntryPoint","urlTemplate":"https:\/\/campingterraalta.com\/es\/?s={search_term_string}"},"query-input":{"@type":"PropertyValueSpecification","valueRequired":true,"valueName":"search_term_string"}}],"inLanguage":"es"},{"@type":"Organization","@id":"https:\/\/campingterraalta.com\/es\/#organization","name":"Camping Terra Alta","url":"https:\/\/campingterraalta.com\/es\/","logo":{"@type":"ImageObject","inLanguage":"es","@id":"https:\/\/campingterraalta.com\/es\/#\/schema\/logo\/image\/","url":"https:\/\/campingterraalta.com\/wp-content\/uploads\/logo-terraalta-nobg.webp","contentUrl":"https:\/\/campingterraalta.com\/wp-content\/uploads\/logo-terraalta-nobg.webp","width":190,"height":111,"caption":"Camping Terra Alta"},"image":{"@id":"https:\/\/campingterraalta.com\/es\/#\/schema\/logo\/image\/"}}]}},"_links":{"self":[{"href":"https:\/\/campingterraalta.com\/es\/wp-json\/wp\/v2\/pages\/2146","targetHints":{"allow":["GET"]}}],"collection":[{"href":"https:\/\/campingterraalta.com\/es\/wp-json\/wp\/v2\/pages"}],"about":[{"href":"https:\/\/campingterraalta.com\/es\/wp-json\/wp\/v2\/types\/page"}],"author":[{"embeddable":true,"href":"https:\/\/campingterraalta.com\/es\/wp-json\/wp\/v2\/users\/2"}],"replies":[{"embeddable":true,"href":"https:\/\/campingterraalta.com\/es\/wp-json\/wp\/v2\/comments?post=2146"}],"version-history":[{"count":6,"href":"https:\/\/campingterraalta.com\/es\/wp-json\/wp\/v2\/pages\/2146\/revisions"}],"predecessor-version":[{"id":2699,"href":"https:\/\/campingterraalta.com\/es\/wp-json\/wp\/v2\/pages\/2146\/revisions\/2699"}],"wp:featuredmedia":[{"embeddable":true,"href":"https:\/\/campingterraalta.com\/es\/wp-json\/wp\/v2\/media\/1828"}],"wp:attachment":[{"href":"https:\/\/campingterraalta.com\/es\/wp-json\/wp\/v2\/media?parent=2146"}],"curies":[{"name":"wp","href":"https:\/\/api.w.org\/{rel}","templated":true}]}}