{"id":2144,"date":"2023-05-16T17:32:37","date_gmt":"2023-05-16T15:32:37","guid":{"rendered":"https:\/\/campingterraalta.com\/entorn\/"},"modified":"2025-12-03T09:05:09","modified_gmt":"2025-12-03T08:05:09","slug":"entorno","status":"publish","type":"page","link":"https:\/\/campingterraalta.com\/es\/entorno\/","title":{"rendered":"Entorno"},"content":{"rendered":"\n<div class=\"wp-block-cover alignfull has-parallax header-top has-animation oh\" style=\"margin-top:0px;margin-bottom:0px\"><span aria-hidden=\"true\" class=\"wp-block-cover__background has-theme-black-background-color has-background-dim-30 has-background-dim\"><\/span><div class=\"wp-block-cover__image-background wp-image-1829 has-parallax\" style=\"background-position:50% 50%;background-image:url(https:\/\/campingterraalta.com\/wp-content\/uploads\/20241023-082319.webp);\"><\/div><div class=\"wp-block-cover__inner-container is-layout-constrained wp-block-cover-is-layout-constrained\">\n<div class=\"wp-block-group animation--init--once animation--top is-content-justification-center is-layout-constrained wp-container-core-group-is-layout-b772f419 wp-block-group-is-layout-constrained\">\n<p class=\"has-text-align-left titre-top animation--init--once animation--top has-h-1-font-size\"><sup>Terra Alta <\/sup>Entorno <\/p>\n\n\n\n<p class=\"has-text-align-left uppercase has-h-4-font-size\">cultura, naturaleza y v\u00eda verde<\/p>\n\n\n\n<div class=\"wp-block-group alignfull breadcrumbs-top is-layout-constrained wp-block-group-is-layout-constrained\" style=\"margin-top:0px;margin-bottom:0px\">\n<div class=\"wp-block-group is-layout-constrained wp-block-group-is-layout-constrained\">\n<span><span><a href=\"https:\/\/campingterraalta.com\/es\/\">Portada<\/a><\/span><\/span>\n<\/div>\n<\/div>\n<\/div>\n\n\n\n<div class=\"wp-block-group booking-container is-layout-constrained wp-container-core-group-is-layout-eb8a64c5 wp-block-group-is-layout-constrained\"><script>\n            document.addEventListener('DOMContentLoaded', function () {\n\n                var widget = new MasterWidget('widgetBookingContainer5751', {\n                    lang: 'es',idProperty: '352',class: 'widget_columns',dropdown: true,\n                    url: 'https:\/\/booking.campingterraalta.com'\n                });\n\n\n            });\n\n            <\/script><div id=\"widgetBookingContainer5751\"> <\/div>\n\n\n\n<a class=\"boton-reservar\" href=\"https:\/\/booking.campingterraalta.com\/search?lang=es\" target=\"_blank\" rel=\"noopener\">Reservar<\/a>\n<\/div>\n<\/div><\/div>\n\n\n\n<div class=\"wp-block-group alignfull intro-page bienvenue has-theme-red-color has-theme-white-background-color has-text-color has-background has-link-color wp-elements-5718fb01f55e4f03a4d1b592c1527787 is-layout-constrained wp-block-group-is-layout-constrained\" style=\"margin-top:0px;margin-bottom:0px;padding-top:100px;padding-bottom:100px\">\n<div class=\"wp-block-columns are-vertically-aligned-center has-theme-red-color has-text-color has-link-color wp-elements-5e375d8fafb5509e0f3cd8ba9f683640 is-layout-flex wp-container-core-columns-is-layout-28f84493 wp-block-columns-is-layout-flex\">\n<div class=\"wp-block-column is-vertically-aligned-center has-theme-red-color has-text-color has-link-color wp-elements-7a39d0e5c460fe49bb30a9d9ce87aba2 is-layout-flow wp-block-column-is-layout-flow\">\n<div class=\"wp-block-group block-petit has-animation has-theme-red-color has-text-color has-link-color wp-elements-76bcc1a89fdd8a0d21b871ff50b94631 is-layout-constrained wp-block-group-is-layout-constrained\">\n<h1 class=\"wp-block-heading has-text-align-center animation--init--once animation--bottom has-theme-red-color has-text-color has-link-color has-h-2-font-size wp-elements-69229898a8742330f4f24d4a68ec61a8\" style=\"margin-bottom:40px\"><sup>TERRA ALTA <\/sup>Un entorno natural \u00fanico<\/h1>\n\n\n\n<p class=\"has-text-align-center has-theme-black-color has-text-color has-link-color wp-elements-7d91583854b999f0a2ea4658e878b436\">El Camping Terra Alta se encuentra rodeado de paisajes espectaculares, entre monta\u00f1as, vi\u00f1edos y rutas naturales que invitan a la exploraci\u00f3n y la desconexi\u00f3n. A pocos pasos de la V\u00eda Verde y de parajes emblem\u00e1ticos, aqu\u00ed podr\u00e1s disfrutar de la tranquilidad, el aire puro y la autenticidad de un entorno privilegiado.<\/p>\n<\/div>\n<\/div>\n<\/div>\n<\/div>\n\n\n\n<div class=\"wp-block-group alignfull is-layout-constrained wp-block-group-is-layout-constrained\">\n<div class=\"wp-block-group alignfull half-background-left is-layout-constrained wp-block-group-is-layout-constrained\" style=\"margin-bottom:100px\">\n<div class=\"wp-block-columns alignwide are-vertically-aligned-center slider-columns section-z-index is-layout-flex wp-container-core-columns-is-layout-28f84493 wp-block-columns-is-layout-flex\">\n<div class=\"wp-block-column is-vertically-aligned-center is-layout-flow wp-block-column-is-layout-flow\" style=\"padding-top:100px;padding-bottom:100px;flex-basis:60%\">\n<div class=\"wp-image-slider animation--init--once slider-column has-text-align-left aspect-ratio-16_9\">\n\n                                        \n                    <script>\n                        'use strict';\n\n                        document.addEventListener('DOMContentLoaded', function () {\n\n                            (function() {\n                                const blockSlide = new Splide( '#slide_508', {\n                                    type : 'loop',\n                                    perPage: 1,\n                                                                        \n                                    breakpoints: {\n                                        800: {\n                                            perPage: 1,\n                                                                                    },\n                                        450: {\n                                            perPage: 1,\n                                            \n                                        },\n                                    },\n                                    pagination: false,\n                                    arrows: true,\n                                    gap: 'var(--wp--style--block-gap)',\n                                    i18n: {\n                                        slideLabel: '%s\/%s',\n                                    }\n                                } );\n                                \n\n                                \n                                blockSlide.mount();\n\n                                                                \n                                \n                            })();\n                        })\n                    <\/script>\n\n                    <div class=\"slider-container\"><div class=\"splide galeria-slider galeria-columnas-1\" id=\"slide_508\"><div class=\"splide__track\"><div class=\"splide__list\"><div id=\"thumb-2052\" class=\"splide__slide\"><div class=\"image-wrapper\"><img loading=\"lazy\" decoding=\"async\" width=\"1024\" height=\"728\" src=\"https:\/\/campingterraalta.com\/wp-content\/uploads\/bot-terra-alta.webp\" class=\"attachment-gallery-large size-gallery-large\" alt=\"\" srcset=\"https:\/\/campingterraalta.com\/wp-content\/uploads\/bot-terra-alta.webp 1024w, https:\/\/campingterraalta.com\/wp-content\/uploads\/bot-terra-alta-768x546.webp 768w, https:\/\/campingterraalta.com\/wp-content\/uploads\/bot-terra-alta-512x364.webp 512w, https:\/\/campingterraalta.com\/wp-content\/uploads\/bot-terra-alta-256x182.webp 256w\" sizes=\"auto, (max-width: 1024px) 100vw, 1024px\" \/><\/div><\/div><div id=\"thumb-2054\" class=\"splide__slide\"><div class=\"image-wrapper\"><img loading=\"lazy\" decoding=\"async\" width=\"1024\" height=\"768\" src=\"https:\/\/campingterraalta.com\/wp-content\/uploads\/calle-del-hospital-nucleo-historico-de-horta-de-sant-joan-terra-alta.webp\" class=\"attachment-gallery-large size-gallery-large\" alt=\"\" srcset=\"https:\/\/campingterraalta.com\/wp-content\/uploads\/calle-del-hospital-nucleo-historico-de-horta-de-sant-joan-terra-alta.webp 1024w, https:\/\/campingterraalta.com\/wp-content\/uploads\/calle-del-hospital-nucleo-historico-de-horta-de-sant-joan-terra-alta-768x576.webp 768w, https:\/\/campingterraalta.com\/wp-content\/uploads\/calle-del-hospital-nucleo-historico-de-horta-de-sant-joan-terra-alta-512x384.webp 512w, https:\/\/campingterraalta.com\/wp-content\/uploads\/calle-del-hospital-nucleo-historico-de-horta-de-sant-joan-terra-alta-256x192.webp 256w\" sizes=\"auto, (max-width: 1024px) 100vw, 1024px\" \/><\/div><\/div><div id=\"thumb-2056\" class=\"splide__slide\"><div class=\"image-wrapper\"><img loading=\"lazy\" decoding=\"async\" width=\"1024\" height=\"768\" src=\"https:\/\/campingterraalta.com\/wp-content\/uploads\/soportales-del-centro-historico-de-batea-terra-alta.webp\" class=\"attachment-gallery-large size-gallery-large\" alt=\"\" srcset=\"https:\/\/campingterraalta.com\/wp-content\/uploads\/soportales-del-centro-historico-de-batea-terra-alta.webp 1024w, https:\/\/campingterraalta.com\/wp-content\/uploads\/soportales-del-centro-historico-de-batea-terra-alta-768x576.webp 768w, https:\/\/campingterraalta.com\/wp-content\/uploads\/soportales-del-centro-historico-de-batea-terra-alta-512x384.webp 512w, https:\/\/campingterraalta.com\/wp-content\/uploads\/soportales-del-centro-historico-de-batea-terra-alta-256x192.webp 256w\" sizes=\"auto, (max-width: 1024px) 100vw, 1024px\" \/><\/div><\/div><div id=\"thumb-2058\" class=\"splide__slide\"><div class=\"image-wrapper\"><img loading=\"lazy\" decoding=\"async\" width=\"1024\" height=\"576\" src=\"https:\/\/campingterraalta.com\/wp-content\/uploads\/tortosa-53113004440.webp\" class=\"attachment-gallery-large size-gallery-large\" alt=\"\" srcset=\"https:\/\/campingterraalta.com\/wp-content\/uploads\/tortosa-53113004440.webp 1024w, https:\/\/campingterraalta.com\/wp-content\/uploads\/tortosa-53113004440-768x432.webp 768w, https:\/\/campingterraalta.com\/wp-content\/uploads\/tortosa-53113004440-512x288.webp 512w, https:\/\/campingterraalta.com\/wp-content\/uploads\/tortosa-53113004440-256x144.webp 256w\" sizes=\"auto, (max-width: 1024px) 100vw, 1024px\" \/><\/div><\/div><div id=\"thumb-2060\" class=\"splide__slide\"><div class=\"image-wrapper\"><img loading=\"lazy\" decoding=\"async\" width=\"1024\" height=\"680\" src=\"https:\/\/campingterraalta.com\/wp-content\/uploads\/visda-des-del-convent-de-sant-salvador-horta-de-sant-joan.webp\" class=\"attachment-gallery-large size-gallery-large\" alt=\"\" srcset=\"https:\/\/campingterraalta.com\/wp-content\/uploads\/visda-des-del-convent-de-sant-salvador-horta-de-sant-joan.webp 1024w, https:\/\/campingterraalta.com\/wp-content\/uploads\/visda-des-del-convent-de-sant-salvador-horta-de-sant-joan-768x510.webp 768w, https:\/\/campingterraalta.com\/wp-content\/uploads\/visda-des-del-convent-de-sant-salvador-horta-de-sant-joan-512x340.webp 512w, https:\/\/campingterraalta.com\/wp-content\/uploads\/visda-des-del-convent-de-sant-salvador-horta-de-sant-joan-256x170.webp 256w\" sizes=\"auto, (max-width: 1024px) 100vw, 1024px\" \/><\/div><\/div><div id=\"thumb-2062\" class=\"splide__slide\"><div class=\"image-wrapper\"><img loading=\"lazy\" decoding=\"async\" width=\"1024\" height=\"682\" src=\"https:\/\/campingterraalta.com\/wp-content\/uploads\/la-catedral-del-vi.webp\" class=\"attachment-gallery-large size-gallery-large\" alt=\"\" srcset=\"https:\/\/campingterraalta.com\/wp-content\/uploads\/la-catedral-del-vi.webp 1024w, https:\/\/campingterraalta.com\/wp-content\/uploads\/la-catedral-del-vi-768x512.webp 768w, https:\/\/campingterraalta.com\/wp-content\/uploads\/la-catedral-del-vi-512x341.webp 512w, https:\/\/campingterraalta.com\/wp-content\/uploads\/la-catedral-del-vi-256x171.webp 256w\" sizes=\"auto, (max-width: 1024px) 100vw, 1024px\" \/><\/div><\/div><\/div><\/div><\/div><\/div>\n                    \n<\/div><\/div>\n\n\n\n<div class=\"wp-block-column is-vertically-aligned-center is-layout-flow wp-block-column-is-layout-flow\" style=\"flex-basis:40%\">\n<h2 class=\"wp-block-heading has-text-align-left\">Pueblos con encanto<\/h2>\n\n\n\n<p class=\"animation--init--once slide-left has-theme-grey-color has-text-color has-link-color wp-elements-427613e914bd5cdc6bc45def16f6f679\">La Terra Alta y el Matarranya son dos comarcas llenas de pueblos con encanto, rodeados de naturaleza e historia.<\/p>\n\n\n\n<div class=\"wp-block-buttons animation--init--once slide-left is-layout-flex wp-block-buttons-is-layout-flex\">\n<div class=\"wp-block-button opener-element open-mdl-pobles-encant\"><a class=\"wp-block-button__link has-theme-secondary-background-color has-background wp-element-button\"><strong>Saber m\u00e1s<\/strong><\/a><\/div>\n<\/div>\n<\/div>\n<\/div>\n<\/div>\n\n\n\n<div class=\"wp-block-group alignwide potential-modal-target mdl-pobles-encant is-layout-constrained wp-block-group-is-layout-constrained\">\n<p class=\"has-h-3-font-size\">Pueblos con encanto<\/p>\n\n\n\n<p>La Terra Alta y el Matarranya son dos comarcas llenas de pueblos con encanto, rodeados de naturaleza e historia.<\/p>\n\n\n\n<p>En la Terra Alta, destacan Horta de Sant Joan, que inspir\u00f3 a Picasso y conserva un n\u00facleo medieval fascinante, Arnes, con su conjunto hist\u00f3rico declarado Bien Cultural de Inter\u00e9s Nacional, y Gandesa, con su arquitectura modernista y el recuerdo de la Batalla del Ebro.<\/p>\n\n\n\n<p>En el Matarra\u00f1a, encontramos Calaceite, un pueblo con un n\u00facleo hist\u00f3rico precioso e influencias medievales, Queretes, con calles empedradas y restos arqueol\u00f3gicos ib\u00e9ricos, y Vall-de-roures, con su imponente castillo y el r\u00edo Matarra\u00f1a que atraviesa el pueblo.<\/p>\n\n\n\n<p>Estos pueblos ofrecen una combinaci\u00f3n perfecta de patrimonio, paisajes espectaculares y gastronom\u00eda aut\u00f3ctona. \u00a1Un lugar ideal para perderse y descubrir la belleza rural!<\/p>\n\n\n\n<figure class=\"wp-block-gallery has-nested-images columns-default is-cropped galeria-hotel galeria-3 wp-block-gallery-1 is-layout-flex wp-block-gallery-is-layout-flex\">\n<figure class=\"wp-block-image size-medium\"><a href=\"https:\/\/campingterraalta.com\/wp-content\/uploads\/la-catedral-del-vi.webp\" target=\"_blank\" rel=\"noopener\" class=\"image-link\"><img loading=\"lazy\" decoding=\"async\" width=\"1024\" height=\"682\" data-id=\"2061\" src=\"https:\/\/campingterraalta.com\/wp-content\/uploads\/la-catedral-del-vi.webp\" alt=\"\" class=\"wp-image-2061\" srcset=\"https:\/\/campingterraalta.com\/wp-content\/uploads\/la-catedral-del-vi.webp 1024w, https:\/\/campingterraalta.com\/wp-content\/uploads\/la-catedral-del-vi-768x512.webp 768w, https:\/\/campingterraalta.com\/wp-content\/uploads\/la-catedral-del-vi-512x341.webp 512w, https:\/\/campingterraalta.com\/wp-content\/uploads\/la-catedral-del-vi-256x171.webp 256w\" sizes=\"auto, (max-width: 1024px) 100vw, 1024px\" \/><\/a><\/figure>\n\n\n\n<figure class=\"wp-block-image size-medium\"><a href=\"https:\/\/campingterraalta.com\/wp-content\/uploads\/visda-des-del-convent-de-sant-salvador-horta-de-sant-joan.webp\" target=\"_blank\" rel=\"noopener\" class=\"image-link\"><img loading=\"lazy\" decoding=\"async\" width=\"1024\" height=\"680\" data-id=\"2059\" src=\"https:\/\/campingterraalta.com\/wp-content\/uploads\/visda-des-del-convent-de-sant-salvador-horta-de-sant-joan.webp\" alt=\"\" class=\"wp-image-2059\" srcset=\"https:\/\/campingterraalta.com\/wp-content\/uploads\/visda-des-del-convent-de-sant-salvador-horta-de-sant-joan.webp 1024w, https:\/\/campingterraalta.com\/wp-content\/uploads\/visda-des-del-convent-de-sant-salvador-horta-de-sant-joan-768x510.webp 768w, https:\/\/campingterraalta.com\/wp-content\/uploads\/visda-des-del-convent-de-sant-salvador-horta-de-sant-joan-512x340.webp 512w, https:\/\/campingterraalta.com\/wp-content\/uploads\/visda-des-del-convent-de-sant-salvador-horta-de-sant-joan-256x170.webp 256w\" sizes=\"auto, (max-width: 1024px) 100vw, 1024px\" \/><\/a><\/figure>\n\n\n\n<figure class=\"wp-block-image size-medium\"><a href=\"https:\/\/campingterraalta.com\/wp-content\/uploads\/tortosa-53113004440.webp\" target=\"_blank\" rel=\"noopener\" class=\"image-link\"><img loading=\"lazy\" decoding=\"async\" width=\"1024\" height=\"576\" data-id=\"2057\" src=\"https:\/\/campingterraalta.com\/wp-content\/uploads\/tortosa-53113004440.webp\" alt=\"\" class=\"wp-image-2057\" srcset=\"https:\/\/campingterraalta.com\/wp-content\/uploads\/tortosa-53113004440.webp 1024w, https:\/\/campingterraalta.com\/wp-content\/uploads\/tortosa-53113004440-768x432.webp 768w, https:\/\/campingterraalta.com\/wp-content\/uploads\/tortosa-53113004440-512x288.webp 512w, https:\/\/campingterraalta.com\/wp-content\/uploads\/tortosa-53113004440-256x144.webp 256w\" sizes=\"auto, (max-width: 1024px) 100vw, 1024px\" \/><\/a><\/figure>\n\n\n\n<figure class=\"wp-block-image size-medium\"><a href=\"https:\/\/campingterraalta.com\/wp-content\/uploads\/soportales-del-centro-historico-de-batea-terra-alta.webp\" target=\"_blank\" rel=\"noopener\" class=\"image-link\"><img loading=\"lazy\" decoding=\"async\" width=\"1024\" height=\"768\" data-id=\"2055\" src=\"https:\/\/campingterraalta.com\/wp-content\/uploads\/soportales-del-centro-historico-de-batea-terra-alta.webp\" alt=\"\" class=\"wp-image-2055\" srcset=\"https:\/\/campingterraalta.com\/wp-content\/uploads\/soportales-del-centro-historico-de-batea-terra-alta.webp 1024w, https:\/\/campingterraalta.com\/wp-content\/uploads\/soportales-del-centro-historico-de-batea-terra-alta-768x576.webp 768w, https:\/\/campingterraalta.com\/wp-content\/uploads\/soportales-del-centro-historico-de-batea-terra-alta-512x384.webp 512w, https:\/\/campingterraalta.com\/wp-content\/uploads\/soportales-del-centro-historico-de-batea-terra-alta-256x192.webp 256w\" sizes=\"auto, (max-width: 1024px) 100vw, 1024px\" \/><\/a><\/figure>\n\n\n\n<figure class=\"wp-block-image size-medium\"><a href=\"https:\/\/campingterraalta.com\/wp-content\/uploads\/calle-del-hospital-nucleo-historico-de-horta-de-sant-joan-terra-alta.webp\" target=\"_blank\" rel=\"noopener\" class=\"image-link\"><img loading=\"lazy\" decoding=\"async\" width=\"1024\" height=\"768\" data-id=\"2053\" src=\"https:\/\/campingterraalta.com\/wp-content\/uploads\/calle-del-hospital-nucleo-historico-de-horta-de-sant-joan-terra-alta.webp\" alt=\"\" class=\"wp-image-2053\" srcset=\"https:\/\/campingterraalta.com\/wp-content\/uploads\/calle-del-hospital-nucleo-historico-de-horta-de-sant-joan-terra-alta.webp 1024w, https:\/\/campingterraalta.com\/wp-content\/uploads\/calle-del-hospital-nucleo-historico-de-horta-de-sant-joan-terra-alta-768x576.webp 768w, https:\/\/campingterraalta.com\/wp-content\/uploads\/calle-del-hospital-nucleo-historico-de-horta-de-sant-joan-terra-alta-512x384.webp 512w, https:\/\/campingterraalta.com\/wp-content\/uploads\/calle-del-hospital-nucleo-historico-de-horta-de-sant-joan-terra-alta-256x192.webp 256w\" sizes=\"auto, (max-width: 1024px) 100vw, 1024px\" \/><\/a><\/figure>\n\n\n\n<figure class=\"wp-block-image size-medium\"><a href=\"https:\/\/campingterraalta.com\/wp-content\/uploads\/bot-terra-alta.webp\" target=\"_blank\" rel=\"noopener\" class=\"image-link\"><img loading=\"lazy\" decoding=\"async\" width=\"1024\" height=\"728\" data-id=\"2051\" src=\"https:\/\/campingterraalta.com\/wp-content\/uploads\/bot-terra-alta.webp\" alt=\"\" class=\"wp-image-2051\" srcset=\"https:\/\/campingterraalta.com\/wp-content\/uploads\/bot-terra-alta.webp 1024w, https:\/\/campingterraalta.com\/wp-content\/uploads\/bot-terra-alta-768x546.webp 768w, https:\/\/campingterraalta.com\/wp-content\/uploads\/bot-terra-alta-512x364.webp 512w, https:\/\/campingterraalta.com\/wp-content\/uploads\/bot-terra-alta-256x182.webp 256w\" sizes=\"auto, (max-width: 1024px) 100vw, 1024px\" \/><\/a><\/figure>\n<\/figure>\n<\/div>\n\n\n\n<div class=\"wp-block-group alignfull half-background-right mobile-reverse is-layout-constrained wp-block-group-is-layout-constrained\" style=\"margin-bottom:100px\">\n<div class=\"wp-block-columns alignwide are-vertically-aligned-center slider-columns section-z-index is-layout-flex wp-container-core-columns-is-layout-28f84493 wp-block-columns-is-layout-flex\">\n<div class=\"wp-block-column is-vertically-aligned-center is-layout-flow wp-block-column-is-layout-flow\" style=\"flex-basis:40%\">\n<h2 class=\"wp-block-heading has-text-align-left\">Parque Natural de Els Ports<\/h2>\n\n\n\n<p class=\"animation--init--once slide-left has-theme-grey-color has-text-color has-link-color wp-elements-dbcf8de116985af9fe03c40bff66a32e\">El Parque Natural de Els Ports es un espacio natural espectacular situado entre Catalu\u00f1a, Arag\u00f3n y la Comunidad Valenciana. Con un paisaje abrupto y una biodiversidad \u00fanica, es un para\u00edso para los amantes del senderismo y la naturaleza.<\/p>\n\n\n\n<div class=\"wp-block-buttons animation--init--once slide-left is-layout-flex wp-block-buttons-is-layout-flex\">\n<div class=\"wp-block-button opener-element open-mdl-ports\"><a class=\"wp-block-button__link has-theme-secondary-background-color has-background wp-element-button\"><strong>Saber m\u00e1s<\/strong><\/a><\/div>\n<\/div>\n<\/div>\n\n\n\n<div class=\"wp-block-column is-vertically-aligned-center is-layout-flow wp-block-column-is-layout-flow\" style=\"padding-top:100px;padding-bottom:100px;flex-basis:60%\">\n<div class=\"wp-image-slider animation--init--once slider-column has-text-align-left aspect-ratio-16_9\">\n\n                                        \n                    <script>\n                        'use strict';\n\n                        document.addEventListener('DOMContentLoaded', function () {\n\n                            (function() {\n                                const blockSlide = new Splide( '#slide_877', {\n                                    type : 'loop',\n                                    perPage: 1,\n                                                                        \n                                    breakpoints: {\n                                        800: {\n                                            perPage: 1,\n                                                                                    },\n                                        450: {\n                                            perPage: 1,\n                                            \n                                        },\n                                    },\n                                    pagination: false,\n                                    arrows: true,\n                                    gap: 'var(--wp--style--block-gap)',\n                                    i18n: {\n                                        slideLabel: '%s\/%s',\n                                    }\n                                } );\n                                \n\n                                \n                                blockSlide.mount();\n\n                                                                \n                                \n                            })();\n                        })\n                    <\/script>\n\n                    <div class=\"slider-container\"><div class=\"splide galeria-slider galeria-columnas-1\" id=\"slide_877\"><div class=\"splide__track\"><div class=\"splide__list\"><div id=\"thumb-2029\" class=\"splide__slide\"><div class=\"image-wrapper\"><img loading=\"lazy\" decoding=\"async\" width=\"1536\" height=\"691\" src=\"https:\/\/campingterraalta.com\/wp-content\/uploads\/ports-1536x691.webp\" class=\"attachment-gallery-large size-gallery-large\" alt=\"\" srcset=\"https:\/\/campingterraalta.com\/wp-content\/uploads\/ports-1536x691.webp 1536w, https:\/\/campingterraalta.com\/wp-content\/uploads\/ports-1024x461.webp 1024w, https:\/\/campingterraalta.com\/wp-content\/uploads\/ports-768x346.webp 768w, https:\/\/campingterraalta.com\/wp-content\/uploads\/ports-512x230.webp 512w, https:\/\/campingterraalta.com\/wp-content\/uploads\/ports-256x115.webp 256w, https:\/\/campingterraalta.com\/wp-content\/uploads\/ports.webp 1600w\" sizes=\"auto, (max-width: 1536px) 100vw, 1536px\" \/><\/div><\/div><div id=\"thumb-2065\" class=\"splide__slide\"><div class=\"image-wrapper\"><img loading=\"lazy\" decoding=\"async\" width=\"1024\" height=\"648\" src=\"https:\/\/campingterraalta.com\/wp-content\/uploads\/els-ports-4.webp\" class=\"attachment-gallery-large size-gallery-large\" alt=\"\" srcset=\"https:\/\/campingterraalta.com\/wp-content\/uploads\/els-ports-4.webp 1024w, https:\/\/campingterraalta.com\/wp-content\/uploads\/els-ports-4-768x486.webp 768w, https:\/\/campingterraalta.com\/wp-content\/uploads\/els-ports-4-512x324.webp 512w, https:\/\/campingterraalta.com\/wp-content\/uploads\/els-ports-4-256x162.webp 256w\" sizes=\"auto, (max-width: 1024px) 100vw, 1024px\" \/><\/div><\/div><div id=\"thumb-2067\" class=\"splide__slide\"><div class=\"image-wrapper\"><img loading=\"lazy\" decoding=\"async\" width=\"1024\" height=\"576\" src=\"https:\/\/campingterraalta.com\/wp-content\/uploads\/imatge-de-la-parella-daguiles-marcenques-al-niu-12-04-2023.webp\" class=\"attachment-gallery-large size-gallery-large\" alt=\"\" srcset=\"https:\/\/campingterraalta.com\/wp-content\/uploads\/imatge-de-la-parella-daguiles-marcenques-al-niu-12-04-2023.webp 1024w, https:\/\/campingterraalta.com\/wp-content\/uploads\/imatge-de-la-parella-daguiles-marcenques-al-niu-12-04-2023-768x432.webp 768w, https:\/\/campingterraalta.com\/wp-content\/uploads\/imatge-de-la-parella-daguiles-marcenques-al-niu-12-04-2023-512x288.webp 512w, https:\/\/campingterraalta.com\/wp-content\/uploads\/imatge-de-la-parella-daguiles-marcenques-al-niu-12-04-2023-256x144.webp 256w\" sizes=\"auto, (max-width: 1024px) 100vw, 1024px\" \/><\/div><\/div><div id=\"thumb-2069\" class=\"splide__slide\"><div class=\"image-wrapper\"><img loading=\"lazy\" decoding=\"async\" width=\"1024\" height=\"768\" src=\"https:\/\/campingterraalta.com\/wp-content\/uploads\/toll-del-vidre.webp\" class=\"attachment-gallery-large size-gallery-large\" alt=\"\" srcset=\"https:\/\/campingterraalta.com\/wp-content\/uploads\/toll-del-vidre.webp 1024w, https:\/\/campingterraalta.com\/wp-content\/uploads\/toll-del-vidre-768x576.webp 768w, https:\/\/campingterraalta.com\/wp-content\/uploads\/toll-del-vidre-512x384.webp 512w, https:\/\/campingterraalta.com\/wp-content\/uploads\/toll-del-vidre-256x192.webp 256w\" sizes=\"auto, (max-width: 1024px) 100vw, 1024px\" \/><\/div><\/div><div id=\"thumb-2071\" class=\"splide__slide\"><div class=\"image-wrapper\"><img loading=\"lazy\" decoding=\"async\" width=\"1024\" height=\"685\" src=\"https:\/\/campingterraalta.com\/wp-content\/uploads\/muntanya-de-santa-barbara-amb-el-convent-de-sant-salvador.webp\" class=\"attachment-gallery-large size-gallery-large\" alt=\"\" srcset=\"https:\/\/campingterraalta.com\/wp-content\/uploads\/muntanya-de-santa-barbara-amb-el-convent-de-sant-salvador.webp 1024w, https:\/\/campingterraalta.com\/wp-content\/uploads\/muntanya-de-santa-barbara-amb-el-convent-de-sant-salvador-768x514.webp 768w, https:\/\/campingterraalta.com\/wp-content\/uploads\/muntanya-de-santa-barbara-amb-el-convent-de-sant-salvador-512x343.webp 512w, https:\/\/campingterraalta.com\/wp-content\/uploads\/muntanya-de-santa-barbara-amb-el-convent-de-sant-salvador-256x171.webp 256w\" sizes=\"auto, (max-width: 1024px) 100vw, 1024px\" \/><\/div><\/div><div id=\"thumb-2073\" class=\"splide__slide\"><div class=\"image-wrapper\"><img loading=\"lazy\" decoding=\"async\" width=\"1024\" height=\"768\" src=\"https:\/\/campingterraalta.com\/wp-content\/uploads\/montana-de-santa-barbara-horta-de-sant-joan-terra-alta.webp\" class=\"attachment-gallery-large size-gallery-large\" alt=\"\" srcset=\"https:\/\/campingterraalta.com\/wp-content\/uploads\/montana-de-santa-barbara-horta-de-sant-joan-terra-alta.webp 1024w, https:\/\/campingterraalta.com\/wp-content\/uploads\/montana-de-santa-barbara-horta-de-sant-joan-terra-alta-768x576.webp 768w, https:\/\/campingterraalta.com\/wp-content\/uploads\/montana-de-santa-barbara-horta-de-sant-joan-terra-alta-512x384.webp 512w, https:\/\/campingterraalta.com\/wp-content\/uploads\/montana-de-santa-barbara-horta-de-sant-joan-terra-alta-256x192.webp 256w\" sizes=\"auto, (max-width: 1024px) 100vw, 1024px\" \/><\/div><\/div><div id=\"thumb-2075\" class=\"splide__slide\"><div class=\"image-wrapper\"><img loading=\"lazy\" decoding=\"async\" width=\"1024\" height=\"680\" src=\"https:\/\/campingterraalta.com\/wp-content\/uploads\/roques-de-benet-vistes-desde-horta-de-sant-joan.webp\" class=\"attachment-gallery-large size-gallery-large\" alt=\"\" srcset=\"https:\/\/campingterraalta.com\/wp-content\/uploads\/roques-de-benet-vistes-desde-horta-de-sant-joan.webp 1024w, https:\/\/campingterraalta.com\/wp-content\/uploads\/roques-de-benet-vistes-desde-horta-de-sant-joan-768x510.webp 768w, https:\/\/campingterraalta.com\/wp-content\/uploads\/roques-de-benet-vistes-desde-horta-de-sant-joan-512x340.webp 512w, https:\/\/campingterraalta.com\/wp-content\/uploads\/roques-de-benet-vistes-desde-horta-de-sant-joan-256x170.webp 256w\" sizes=\"auto, (max-width: 1024px) 100vw, 1024px\" \/><\/div><\/div><\/div><\/div><\/div><\/div>\n                    \n<\/div><\/div>\n<\/div>\n<\/div>\n\n\n\n<div class=\"wp-block-group alignwide potential-modal-target mdl-ports is-layout-constrained wp-block-group-is-layout-constrained\">\n<p class=\"has-h-3-font-size\">Parque Natural de Els Ports<\/p>\n\n\n\n<p>El Parque Natural de Els Ports es un espacio natural espectacular situado entre Catalu\u00f1a, Arag\u00f3n y la Comunidad Valenciana. Con un paisaje abrupto y una biodiversidad \u00fanica, es un para\u00edso para los amantes del senderismo y la naturaleza.<\/p>\n\n\n\n<p>Entre las rutas m\u00e1s destacadas se encuentran Els Estrechos de Arnes, un recorrido entre paredes de roca y aguas cristalinas, la subida al Monte Caro, el punto m\u00e1s alto del macizo con vistas impresionantes, y la traves\u00eda Estels del Sud, una ruta de varios d\u00edas que recorre los rincones m\u00e1s emblem\u00e1ticos del parque.<\/p>\n\n\n\n<p>Este parque es ideal para descubrir la fauna salvaje, como la cabra hisp\u00e1nica, y gozar de la tranquilidad de sus bosques y barrancos. \u00a1Un lugar perfecto para desconectar y explorar!<\/p>\n\n\n\n<figure class=\"wp-block-gallery has-nested-images columns-default is-cropped galeria-hotel galeria-3 wp-block-gallery-2 is-layout-flex wp-block-gallery-is-layout-flex\">\n<figure class=\"wp-block-image size-medium\"><a href=\"https:\/\/campingterraalta.com\/wp-content\/uploads\/ports.webp\" target=\"_blank\" rel=\"noopener\" class=\"image-link\"><img loading=\"lazy\" decoding=\"async\" width=\"1024\" height=\"461\" data-id=\"2028\" src=\"https:\/\/campingterraalta.com\/wp-content\/uploads\/ports-1024x461.webp\" alt=\"\" class=\"wp-image-2028\" srcset=\"https:\/\/campingterraalta.com\/wp-content\/uploads\/ports-1024x461.webp 1024w, https:\/\/campingterraalta.com\/wp-content\/uploads\/ports-768x346.webp 768w, https:\/\/campingterraalta.com\/wp-content\/uploads\/ports-1536x691.webp 1536w, https:\/\/campingterraalta.com\/wp-content\/uploads\/ports-512x230.webp 512w, https:\/\/campingterraalta.com\/wp-content\/uploads\/ports-256x115.webp 256w, https:\/\/campingterraalta.com\/wp-content\/uploads\/ports.webp 1600w\" sizes=\"auto, (max-width: 1024px) 100vw, 1024px\" \/><\/a><\/figure>\n\n\n\n<figure class=\"wp-block-image size-medium\"><a href=\"https:\/\/campingterraalta.com\/wp-content\/uploads\/roques-de-benet-vistes-desde-horta-de-sant-joan.webp\" target=\"_blank\" rel=\"noopener\" class=\"image-link\"><img loading=\"lazy\" decoding=\"async\" width=\"1024\" height=\"680\" data-id=\"2074\" src=\"https:\/\/campingterraalta.com\/wp-content\/uploads\/roques-de-benet-vistes-desde-horta-de-sant-joan.webp\" alt=\"\" class=\"wp-image-2074\" srcset=\"https:\/\/campingterraalta.com\/wp-content\/uploads\/roques-de-benet-vistes-desde-horta-de-sant-joan.webp 1024w, https:\/\/campingterraalta.com\/wp-content\/uploads\/roques-de-benet-vistes-desde-horta-de-sant-joan-768x510.webp 768w, https:\/\/campingterraalta.com\/wp-content\/uploads\/roques-de-benet-vistes-desde-horta-de-sant-joan-512x340.webp 512w, https:\/\/campingterraalta.com\/wp-content\/uploads\/roques-de-benet-vistes-desde-horta-de-sant-joan-256x170.webp 256w\" sizes=\"auto, (max-width: 1024px) 100vw, 1024px\" \/><\/a><\/figure>\n\n\n\n<figure class=\"wp-block-image size-medium\"><a href=\"https:\/\/campingterraalta.com\/wp-content\/uploads\/montana-de-santa-barbara-horta-de-sant-joan-terra-alta.webp\" target=\"_blank\" rel=\"noopener\" class=\"image-link\"><img loading=\"lazy\" decoding=\"async\" width=\"1024\" height=\"768\" data-id=\"2072\" src=\"https:\/\/campingterraalta.com\/wp-content\/uploads\/montana-de-santa-barbara-horta-de-sant-joan-terra-alta.webp\" alt=\"\" class=\"wp-image-2072\" srcset=\"https:\/\/campingterraalta.com\/wp-content\/uploads\/montana-de-santa-barbara-horta-de-sant-joan-terra-alta.webp 1024w, https:\/\/campingterraalta.com\/wp-content\/uploads\/montana-de-santa-barbara-horta-de-sant-joan-terra-alta-768x576.webp 768w, https:\/\/campingterraalta.com\/wp-content\/uploads\/montana-de-santa-barbara-horta-de-sant-joan-terra-alta-512x384.webp 512w, https:\/\/campingterraalta.com\/wp-content\/uploads\/montana-de-santa-barbara-horta-de-sant-joan-terra-alta-256x192.webp 256w\" sizes=\"auto, (max-width: 1024px) 100vw, 1024px\" \/><\/a><\/figure>\n\n\n\n<figure class=\"wp-block-image size-medium\"><a href=\"https:\/\/campingterraalta.com\/wp-content\/uploads\/muntanya-de-santa-barbara-amb-el-convent-de-sant-salvador.webp\" target=\"_blank\" rel=\"noopener\" class=\"image-link\"><img loading=\"lazy\" decoding=\"async\" width=\"1024\" height=\"685\" data-id=\"2070\" src=\"https:\/\/campingterraalta.com\/wp-content\/uploads\/muntanya-de-santa-barbara-amb-el-convent-de-sant-salvador.webp\" alt=\"\" class=\"wp-image-2070\" srcset=\"https:\/\/campingterraalta.com\/wp-content\/uploads\/muntanya-de-santa-barbara-amb-el-convent-de-sant-salvador.webp 1024w, https:\/\/campingterraalta.com\/wp-content\/uploads\/muntanya-de-santa-barbara-amb-el-convent-de-sant-salvador-768x514.webp 768w, https:\/\/campingterraalta.com\/wp-content\/uploads\/muntanya-de-santa-barbara-amb-el-convent-de-sant-salvador-512x343.webp 512w, https:\/\/campingterraalta.com\/wp-content\/uploads\/muntanya-de-santa-barbara-amb-el-convent-de-sant-salvador-256x171.webp 256w\" sizes=\"auto, (max-width: 1024px) 100vw, 1024px\" \/><\/a><\/figure>\n\n\n\n<figure class=\"wp-block-image size-medium\"><a href=\"https:\/\/campingterraalta.com\/wp-content\/uploads\/toll-del-vidre.webp\" target=\"_blank\" rel=\"noopener\" class=\"image-link\"><img loading=\"lazy\" decoding=\"async\" width=\"1024\" height=\"768\" data-id=\"2068\" src=\"https:\/\/campingterraalta.com\/wp-content\/uploads\/toll-del-vidre.webp\" alt=\"\" class=\"wp-image-2068\" srcset=\"https:\/\/campingterraalta.com\/wp-content\/uploads\/toll-del-vidre.webp 1024w, https:\/\/campingterraalta.com\/wp-content\/uploads\/toll-del-vidre-768x576.webp 768w, https:\/\/campingterraalta.com\/wp-content\/uploads\/toll-del-vidre-512x384.webp 512w, https:\/\/campingterraalta.com\/wp-content\/uploads\/toll-del-vidre-256x192.webp 256w\" sizes=\"auto, (max-width: 1024px) 100vw, 1024px\" \/><\/a><\/figure>\n\n\n\n<figure class=\"wp-block-image size-medium\"><a href=\"https:\/\/campingterraalta.com\/wp-content\/uploads\/imatge-de-la-parella-daguiles-marcenques-al-niu-12-04-2023.webp\" target=\"_blank\" rel=\"noopener\" class=\"image-link\"><img loading=\"lazy\" decoding=\"async\" width=\"1024\" height=\"576\" data-id=\"2066\" src=\"https:\/\/campingterraalta.com\/wp-content\/uploads\/imatge-de-la-parella-daguiles-marcenques-al-niu-12-04-2023.webp\" alt=\"\" class=\"wp-image-2066\" srcset=\"https:\/\/campingterraalta.com\/wp-content\/uploads\/imatge-de-la-parella-daguiles-marcenques-al-niu-12-04-2023.webp 1024w, https:\/\/campingterraalta.com\/wp-content\/uploads\/imatge-de-la-parella-daguiles-marcenques-al-niu-12-04-2023-768x432.webp 768w, https:\/\/campingterraalta.com\/wp-content\/uploads\/imatge-de-la-parella-daguiles-marcenques-al-niu-12-04-2023-512x288.webp 512w, https:\/\/campingterraalta.com\/wp-content\/uploads\/imatge-de-la-parella-daguiles-marcenques-al-niu-12-04-2023-256x144.webp 256w\" sizes=\"auto, (max-width: 1024px) 100vw, 1024px\" \/><\/a><\/figure>\n\n\n\n<figure class=\"wp-block-image size-medium\"><a href=\"https:\/\/campingterraalta.com\/wp-content\/uploads\/els-ports-4.webp\" target=\"_blank\" rel=\"noopener\" class=\"image-link\"><img loading=\"lazy\" decoding=\"async\" width=\"1024\" height=\"648\" data-id=\"2064\" src=\"https:\/\/campingterraalta.com\/wp-content\/uploads\/els-ports-4.webp\" alt=\"\" class=\"wp-image-2064\" srcset=\"https:\/\/campingterraalta.com\/wp-content\/uploads\/els-ports-4.webp 1024w, https:\/\/campingterraalta.com\/wp-content\/uploads\/els-ports-4-768x486.webp 768w, https:\/\/campingterraalta.com\/wp-content\/uploads\/els-ports-4-512x324.webp 512w, https:\/\/campingterraalta.com\/wp-content\/uploads\/els-ports-4-256x162.webp 256w\" sizes=\"auto, (max-width: 1024px) 100vw, 1024px\" \/><\/a><\/figure>\n<\/figure>\n<\/div>\n\n\n\n<div class=\"wp-block-group alignfull half-background-left is-layout-constrained wp-block-group-is-layout-constrained\" style=\"margin-bottom:100px\">\n<div class=\"wp-block-columns alignwide are-vertically-aligned-center slider-columns section-z-index is-layout-flex wp-container-core-columns-is-layout-28f84493 wp-block-columns-is-layout-flex\">\n<div class=\"wp-block-column is-vertically-aligned-center is-layout-flow wp-block-column-is-layout-flow\" style=\"padding-top:100px;padding-bottom:100px;flex-basis:60%\">\n<div class=\"wp-image-slider animation--init--once slider-column has-text-align-left aspect-ratio-16_9\">\n\n                                        \n                    <script>\n                        'use strict';\n\n                        document.addEventListener('DOMContentLoaded', function () {\n\n                            (function() {\n                                const blockSlide = new Splide( '#slide_58', {\n                                    type : 'loop',\n                                    perPage: 1,\n                                                                        \n                                    breakpoints: {\n                                        800: {\n                                            perPage: 1,\n                                                                                    },\n                                        450: {\n                                            perPage: 1,\n                                            \n                                        },\n                                    },\n                                    pagination: false,\n                                    arrows: true,\n                                    gap: 'var(--wp--style--block-gap)',\n                                    i18n: {\n                                        slideLabel: '%s\/%s',\n                                    }\n                                } );\n                                \n\n                                \n                                blockSlide.mount();\n\n                                                                \n                                \n                            })();\n                        })\n                    <\/script>\n\n                    <div class=\"slider-container\"><div class=\"splide galeria-slider galeria-columnas-1\" id=\"slide_58\"><div class=\"splide__track\"><div class=\"splide__list\"><div id=\"thumb-1845\" class=\"splide__slide\"><div class=\"image-wrapper\"><img loading=\"lazy\" decoding=\"async\" width=\"1536\" height=\"1028\" src=\"https:\/\/campingterraalta.com\/wp-content\/uploads\/via-verda-riu-ebre-bicicleta-1536x1028.webp\" class=\"attachment-gallery-large size-gallery-large\" alt=\"\" srcset=\"https:\/\/campingterraalta.com\/wp-content\/uploads\/via-verda-riu-ebre-bicicleta-1536x1028.webp 1536w, https:\/\/campingterraalta.com\/wp-content\/uploads\/via-verda-riu-ebre-bicicleta-1024x686.webp 1024w, https:\/\/campingterraalta.com\/wp-content\/uploads\/via-verda-riu-ebre-bicicleta-768x514.webp 768w, https:\/\/campingterraalta.com\/wp-content\/uploads\/via-verda-riu-ebre-bicicleta-512x343.webp 512w, https:\/\/campingterraalta.com\/wp-content\/uploads\/via-verda-riu-ebre-bicicleta-256x171.webp 256w, https:\/\/campingterraalta.com\/wp-content\/uploads\/via-verda-riu-ebre-bicicleta.webp 1900w\" sizes=\"auto, (max-width: 1536px) 100vw, 1536px\" \/><\/div><\/div><div id=\"thumb-1846\" class=\"splide__slide\"><div class=\"image-wrapper\"><img loading=\"lazy\" decoding=\"async\" width=\"1536\" height=\"597\" src=\"https:\/\/campingterraalta.com\/wp-content\/uploads\/via-verda-baix-ebre-terra-alta-1536x597.webp\" class=\"attachment-gallery-large size-gallery-large\" alt=\"\" srcset=\"https:\/\/campingterraalta.com\/wp-content\/uploads\/via-verda-baix-ebre-terra-alta-1536x597.webp 1536w, https:\/\/campingterraalta.com\/wp-content\/uploads\/via-verda-baix-ebre-terra-alta-1024x398.webp 1024w, https:\/\/campingterraalta.com\/wp-content\/uploads\/via-verda-baix-ebre-terra-alta-768x298.webp 768w, https:\/\/campingterraalta.com\/wp-content\/uploads\/via-verda-baix-ebre-terra-alta-512x199.webp 512w, https:\/\/campingterraalta.com\/wp-content\/uploads\/via-verda-baix-ebre-terra-alta-256x99.webp 256w, https:\/\/campingterraalta.com\/wp-content\/uploads\/via-verda-baix-ebre-terra-alta.webp 1879w\" sizes=\"auto, (max-width: 1536px) 100vw, 1536px\" \/><\/div><\/div><div id=\"thumb-1847\" class=\"splide__slide\"><div class=\"image-wrapper\"><img loading=\"lazy\" decoding=\"async\" width=\"1536\" height=\"1029\" src=\"https:\/\/campingterraalta.com\/wp-content\/uploads\/tunel-via-verda-scaled-1-1536x1029.webp\" class=\"attachment-gallery-large size-gallery-large\" alt=\"\" srcset=\"https:\/\/campingterraalta.com\/wp-content\/uploads\/tunel-via-verda-scaled-1-1536x1029.webp 1536w, https:\/\/campingterraalta.com\/wp-content\/uploads\/tunel-via-verda-scaled-1-1024x686.webp 1024w, https:\/\/campingterraalta.com\/wp-content\/uploads\/tunel-via-verda-scaled-1-768x514.webp 768w, https:\/\/campingterraalta.com\/wp-content\/uploads\/tunel-via-verda-scaled-1-512x343.webp 512w, https:\/\/campingterraalta.com\/wp-content\/uploads\/tunel-via-verda-scaled-1-256x171.webp 256w, https:\/\/campingterraalta.com\/wp-content\/uploads\/tunel-via-verda-scaled-1.webp 1920w\" sizes=\"auto, (max-width: 1536px) 100vw, 1536px\" \/><\/div><\/div><\/div><\/div><\/div><\/div>\n                    \n<\/div><\/div>\n\n\n\n<div class=\"wp-block-column is-vertically-aligned-center is-layout-flow wp-block-column-is-layout-flow\" style=\"flex-basis:40%\">\n<h2 class=\"wp-block-heading has-text-align-left\">V\u00eda Verde<\/h2>\n\n\n\n<p class=\"animation--init--once slide-left has-theme-grey-color has-text-color has-link-color wp-elements-760ec66ce6811a612ca5b1c013e3a8b1\">La V\u00eda Verde de la Terra Alta es un recorrido espectacular que sigue el antiguo trazado ferroviario entre La Puebla de H\u00edjar y Tortosa. Con paisajes impresionantes, t\u00faneles y viaductos, atraviesa la sierra de P\u00e0ndols y el Parque Natural de Els Ports, ofreciendo una experiencia \u00fanica para los amantes del senderismo y el ciclismo.<\/p>\n\n\n\n<div class=\"wp-block-buttons animation--init--once slide-left is-layout-flex wp-block-buttons-is-layout-flex\">\n<div class=\"wp-block-button opener-element open-mdl-via-verda\"><a class=\"wp-block-button__link has-theme-secondary-background-color has-background wp-element-button\"><strong>Saber m\u00e1s<\/strong><\/a><\/div>\n<\/div>\n<\/div>\n<\/div>\n<\/div>\n\n\n\n<div class=\"wp-block-group alignwide potential-modal-target mdl-via-verda is-layout-constrained wp-block-group-is-layout-constrained\">\n<p class=\"has-h-3-font-size\">V\u00eda Verde<\/p>\n\n\n\n<p>La V\u00eda Verde de la Terra Alta es un recorrido espectacular que sigue el antiguo trazado ferroviario entre La Puebla de H\u00edjar y Tortosa. Con paisajes impresionantes, t\u00faneles y viaductos, atraviesa la sierra de P\u00e0ndols y el Parque Natural de Els Ports, ofreciendo una experiencia \u00fanica para los amantes del senderismo y el ciclismo.<\/p>\n\n\n\n<p>La V\u00eda Verde de la Terra Alta recorre 24 km entre las estaciones de Arnes y la del Pinell de Brai y el Camping Terra Alta se sit\u00faa en el equidistante punto del km 12 de este recorrido. La mayor\u00eda de usuarios del Camping se mueven por estos 12 kil\u00f3metros arriba o abajo de la Via Verda ya que recoge paisajes muy variados en poca distancia. Es fascinante la tranquilidad y el poco esfuerzo con los que este tramo de Via Verda nos aproxima al Valle del R\u00edo Canaletes y al interior de unas sierras, que geol\u00f3gicamente forman parte de Els Ports.<\/p>\n\n\n\n<p>El dise\u00f1o de este tramo hace que los desniveles se salven de forma muy tranquila y con el habitual recurso de los t\u00faneles, haciendo que este tramo sea conocido como la V\u00eda Verde de los t\u00faneles. Alguno de los t\u00faneles no se encuentra bien iluminado, simplemente hay que tenerlo en cuenta e ir preparado con linternas para dejarse seducir por el silencio que hay en el interior de las monta\u00f1as.<\/p>\n\n\n\n<p>Para familias con ni\u00f1os este tramo es ideal ya que se pueden realizar peque\u00f1as excursiones en torno al Camping con la tranquilidad que da este camino sin tr\u00e1fico motorizado. Adem\u00e1s, la proximidad a la Fontcalda posibilita una excursi\u00f3n de poco rato que nos permitir\u00e1 tomar el ba\u00f1o y una cerveza, todo sea dicho. La situaci\u00f3n del Camping es ideal ya que no es necesario desplazarse en coche al punto de partida de la excursi\u00f3n, sino que desde el propio Camping y mediante un camino de tierra de unos 50m nos plantamos en la V\u00eda Verde para decidir si tiramos arriba o abajo.<\/p>\n\n\n\n<figure class=\"wp-block-gallery has-nested-images columns-default is-cropped galeria-hotel galeria-3 wp-block-gallery-3 is-layout-flex wp-block-gallery-is-layout-flex\">\n<figure class=\"wp-block-image size-medium\"><a href=\"https:\/\/campingterraalta.com\/wp-content\/uploads\/via-verda-bot-scaled-1.webp\" target=\"_blank\" rel=\"noopener\" class=\"image-link\"><img loading=\"lazy\" decoding=\"async\" width=\"1024\" height=\"576\" data-id=\"1602\" src=\"https:\/\/campingterraalta.com\/wp-content\/uploads\/via-verda-bot-scaled-1-1024x576.webp\" alt=\"\" class=\"wp-image-1602\" srcset=\"https:\/\/campingterraalta.com\/wp-content\/uploads\/via-verda-bot-scaled-1-1024x576.webp 1024w, https:\/\/campingterraalta.com\/wp-content\/uploads\/via-verda-bot-scaled-1-768x432.webp 768w, https:\/\/campingterraalta.com\/wp-content\/uploads\/via-verda-bot-scaled-1-1536x864.webp 1536w, https:\/\/campingterraalta.com\/wp-content\/uploads\/via-verda-bot-scaled-1-512x288.webp 512w, https:\/\/campingterraalta.com\/wp-content\/uploads\/via-verda-bot-scaled-1-256x144.webp 256w, https:\/\/campingterraalta.com\/wp-content\/uploads\/via-verda-bot-scaled-1.webp 1920w\" sizes=\"auto, (max-width: 1024px) 100vw, 1024px\" \/><\/a><\/figure>\n\n\n\n<figure class=\"wp-block-image size-medium\"><a href=\"https:\/\/campingterraalta.com\/wp-content\/uploads\/via-verda-riu-ebre-bicicleta.webp\" target=\"_blank\" rel=\"noopener\" class=\"image-link\"><img loading=\"lazy\" decoding=\"async\" width=\"1024\" height=\"686\" data-id=\"1604\" src=\"https:\/\/campingterraalta.com\/wp-content\/uploads\/via-verda-riu-ebre-bicicleta-1024x686.webp\" alt=\"\" class=\"wp-image-1604\" srcset=\"https:\/\/campingterraalta.com\/wp-content\/uploads\/via-verda-riu-ebre-bicicleta-1024x686.webp 1024w, https:\/\/campingterraalta.com\/wp-content\/uploads\/via-verda-riu-ebre-bicicleta-768x514.webp 768w, https:\/\/campingterraalta.com\/wp-content\/uploads\/via-verda-riu-ebre-bicicleta-1536x1028.webp 1536w, https:\/\/campingterraalta.com\/wp-content\/uploads\/via-verda-riu-ebre-bicicleta-512x343.webp 512w, https:\/\/campingterraalta.com\/wp-content\/uploads\/via-verda-riu-ebre-bicicleta-256x171.webp 256w, https:\/\/campingterraalta.com\/wp-content\/uploads\/via-verda-riu-ebre-bicicleta.webp 1900w\" sizes=\"auto, (max-width: 1024px) 100vw, 1024px\" \/><\/a><\/figure>\n\n\n\n<figure class=\"wp-block-image size-medium\"><a href=\"https:\/\/campingterraalta.com\/wp-content\/uploads\/via-verda-baix-ebre-terra-alta.webp\" target=\"_blank\" rel=\"noopener\" class=\"image-link\"><img loading=\"lazy\" decoding=\"async\" width=\"1024\" height=\"398\" data-id=\"1605\" src=\"https:\/\/campingterraalta.com\/wp-content\/uploads\/via-verda-baix-ebre-terra-alta-1024x398.webp\" alt=\"\" class=\"wp-image-1605\" srcset=\"https:\/\/campingterraalta.com\/wp-content\/uploads\/via-verda-baix-ebre-terra-alta-1024x398.webp 1024w, https:\/\/campingterraalta.com\/wp-content\/uploads\/via-verda-baix-ebre-terra-alta-768x298.webp 768w, https:\/\/campingterraalta.com\/wp-content\/uploads\/via-verda-baix-ebre-terra-alta-1536x597.webp 1536w, https:\/\/campingterraalta.com\/wp-content\/uploads\/via-verda-baix-ebre-terra-alta-512x199.webp 512w, https:\/\/campingterraalta.com\/wp-content\/uploads\/via-verda-baix-ebre-terra-alta-256x99.webp 256w, https:\/\/campingterraalta.com\/wp-content\/uploads\/via-verda-baix-ebre-terra-alta.webp 1879w\" sizes=\"auto, (max-width: 1024px) 100vw, 1024px\" \/><\/a><\/figure>\n<\/figure>\n<\/div>\n\n\n\n<div class=\"wp-block-group alignfull half-background-right mobile-reverse is-layout-constrained wp-block-group-is-layout-constrained\" style=\"margin-bottom:100px\">\n<div class=\"wp-block-columns alignwide are-vertically-aligned-center slider-columns section-z-index is-layout-flex wp-container-core-columns-is-layout-28f84493 wp-block-columns-is-layout-flex\">\n<div class=\"wp-block-column is-vertically-aligned-center is-layout-flow wp-block-column-is-layout-flow\" style=\"flex-basis:40%\">\n<h2 class=\"wp-block-heading has-text-align-left\">Historia<\/h2>\n\n\n\n<p class=\"animation--init--once slide-left has-theme-grey-color has-text-color has-link-color wp-elements-2dc564a3f445ed379286547c17aee25a\">La Terra Alta es una comarca con una historia rica y fascinante. Situada en la provincia de Tarragona, Catalu\u00f1a, ha sido testigo de diversos eventos hist\u00f3ricos que han marcado su identidad.<\/p>\n\n\n\n<div class=\"wp-block-buttons animation--init--once slide-left is-layout-flex wp-block-buttons-is-layout-flex\">\n<div class=\"wp-block-button opener-element open-mdl-historia\"><a class=\"wp-block-button__link has-theme-secondary-background-color has-background wp-element-button\"><strong>Saber m\u00e1s<\/strong><\/a><\/div>\n<\/div>\n<\/div>\n\n\n\n<div class=\"wp-block-column is-vertically-aligned-center is-layout-flow wp-block-column-is-layout-flow\" style=\"padding-top:100px;padding-bottom:100px;flex-basis:60%\">\n<div class=\"wp-image-slider animation--init--once slider-column has-text-align-left aspect-ratio-16_9\">\n\n                                        \n                    <script>\n                        'use strict';\n\n                        document.addEventListener('DOMContentLoaded', function () {\n\n                            (function() {\n                                const blockSlide = new Splide( '#slide_777', {\n                                    type : 'loop',\n                                    perPage: 1,\n                                                                        \n                                    breakpoints: {\n                                        800: {\n                                            perPage: 1,\n                                                                                    },\n                                        450: {\n                                            perPage: 1,\n                                            \n                                        },\n                                    },\n                                    pagination: false,\n                                    arrows: true,\n                                    gap: 'var(--wp--style--block-gap)',\n                                    i18n: {\n                                        slideLabel: '%s\/%s',\n                                    }\n                                } );\n                                \n\n                                \n                                blockSlide.mount();\n\n                                                                \n                                \n                            })();\n                        })\n                    <\/script>\n\n                    <div class=\"slider-container\"><div class=\"splide galeria-slider galeria-columnas-1\" id=\"slide_777\"><div class=\"splide__track\"><div class=\"splide__list\"><div id=\"thumb-2045\" class=\"splide__slide\"><div class=\"image-wrapper\"><img loading=\"lazy\" decoding=\"async\" width=\"1024\" height=\"768\" src=\"https:\/\/campingterraalta.com\/wp-content\/uploads\/e07-ruines-del-poble-vell-des-del-carrer-del-forn-amb-sant-pere-al-fons.webp\" class=\"attachment-gallery-large size-gallery-large\" alt=\"\" srcset=\"https:\/\/campingterraalta.com\/wp-content\/uploads\/e07-ruines-del-poble-vell-des-del-carrer-del-forn-amb-sant-pere-al-fons.webp 1024w, https:\/\/campingterraalta.com\/wp-content\/uploads\/e07-ruines-del-poble-vell-des-del-carrer-del-forn-amb-sant-pere-al-fons-768x576.webp 768w, https:\/\/campingterraalta.com\/wp-content\/uploads\/e07-ruines-del-poble-vell-des-del-carrer-del-forn-amb-sant-pere-al-fons-512x384.webp 512w, https:\/\/campingterraalta.com\/wp-content\/uploads\/e07-ruines-del-poble-vell-des-del-carrer-del-forn-amb-sant-pere-al-fons-256x192.webp 256w\" sizes=\"auto, (max-width: 1024px) 100vw, 1024px\" \/><\/div><\/div><div id=\"thumb-2047\" class=\"splide__slide\"><div class=\"image-wrapper\"><img loading=\"lazy\" decoding=\"async\" width=\"1024\" height=\"768\" src=\"https:\/\/campingterraalta.com\/wp-content\/uploads\/estacio-de-bot.webp\" class=\"attachment-gallery-large size-gallery-large\" alt=\"\" srcset=\"https:\/\/campingterraalta.com\/wp-content\/uploads\/estacio-de-bot.webp 1024w, https:\/\/campingterraalta.com\/wp-content\/uploads\/estacio-de-bot-768x576.webp 768w, https:\/\/campingterraalta.com\/wp-content\/uploads\/estacio-de-bot-512x384.webp 512w, https:\/\/campingterraalta.com\/wp-content\/uploads\/estacio-de-bot-256x192.webp 256w\" sizes=\"auto, (max-width: 1024px) 100vw, 1024px\" \/><\/div><\/div><div id=\"thumb-2031\" class=\"splide__slide\"><div class=\"image-wrapper\"><img loading=\"lazy\" decoding=\"async\" width=\"1536\" height=\"691\" src=\"https:\/\/campingterraalta.com\/wp-content\/uploads\/historia-1536x691.webp\" class=\"attachment-gallery-large size-gallery-large\" alt=\"\" srcset=\"https:\/\/campingterraalta.com\/wp-content\/uploads\/historia-1536x691.webp 1536w, https:\/\/campingterraalta.com\/wp-content\/uploads\/historia-1024x461.webp 1024w, https:\/\/campingterraalta.com\/wp-content\/uploads\/historia-768x346.webp 768w, https:\/\/campingterraalta.com\/wp-content\/uploads\/historia-512x230.webp 512w, https:\/\/campingterraalta.com\/wp-content\/uploads\/historia-256x115.webp 256w, https:\/\/campingterraalta.com\/wp-content\/uploads\/historia.webp 1920w\" sizes=\"auto, (max-width: 1536px) 100vw, 1536px\" \/><\/div><\/div><\/div><\/div><\/div><\/div>\n                    \n<\/div><\/div>\n<\/div>\n<\/div>\n\n\n\n<div class=\"wp-block-group alignwide potential-modal-target mdl-historia is-layout-constrained wp-block-group-is-layout-constrained\">\n<p class=\"has-h-3-font-size\">Historia<\/p>\n\n\n\n<p>La Terra Alta es una comarca con una historia rica y fascinante. Situada en la provincia de Tarragona, Catalu\u00f1a, ha sido testigo de varios eventos hist\u00f3ricos que han marcado su identidad.<\/p>\n\n\n\n<p>Uno de los episodios m\u00e1s destacados es la Batalla del Ebro, que tuvo lugar durante la Guerra Civil Espa\u00f1ola. Esta batalla fue una de las m\u00e1s decisivas del conflicto y dej\u00f3 una impronta profunda en la comarca. Hoy en d\u00eda, se pueden visitar varios espacios de memoria que recuerdan este per\u00edodo.<\/p>\n\n\n\n<p>Adem\u00e1s, la Terra Alta es conocida por su tradici\u00f3n vin\u00edcola, con la denominaci\u00f3n de origen Terra Alta, que ha dado lugar a bodegas modernistas emblem\u00e1ticas, como la Catedral del Vino de Gandesa y la del Pinell de Brai. Estas construcciones, dise\u00f1adas por el arquitecto C\u00e8sar Martinell, son un testimonio de la importancia de la viticultura en la comarca.<\/p>\n\n\n\n<p>Geogr\u00e1ficamente, la Terra Alta se caracteriza por sus sierras y paisajes monta\u00f1osos, que han influido en su historia y desarrollo. La comarca ha mantenido su propia identidad, con pueblos que conservan su patrimonio arquitect\u00f3nico y cultural.<\/p>\n\n\n\n<figure class=\"wp-block-gallery has-nested-images columns-default is-cropped galeria-hotel galeria-3 wp-block-gallery-4 is-layout-flex wp-block-gallery-is-layout-flex\">\n<figure class=\"wp-block-image size-medium\"><a href=\"https:\/\/campingterraalta.com\/wp-content\/uploads\/e07-ruines-del-poble-vell-des-del-carrer-del-forn-amb-sant-pere-al-fons.webp\" target=\"_blank\" rel=\"noopener\" class=\"image-link\"><img loading=\"lazy\" decoding=\"async\" width=\"1024\" height=\"768\" data-id=\"2044\" src=\"https:\/\/campingterraalta.com\/wp-content\/uploads\/e07-ruines-del-poble-vell-des-del-carrer-del-forn-amb-sant-pere-al-fons.webp\" alt=\"\" class=\"wp-image-2044\" srcset=\"https:\/\/campingterraalta.com\/wp-content\/uploads\/e07-ruines-del-poble-vell-des-del-carrer-del-forn-amb-sant-pere-al-fons.webp 1024w, https:\/\/campingterraalta.com\/wp-content\/uploads\/e07-ruines-del-poble-vell-des-del-carrer-del-forn-amb-sant-pere-al-fons-768x576.webp 768w, https:\/\/campingterraalta.com\/wp-content\/uploads\/e07-ruines-del-poble-vell-des-del-carrer-del-forn-amb-sant-pere-al-fons-512x384.webp 512w, https:\/\/campingterraalta.com\/wp-content\/uploads\/e07-ruines-del-poble-vell-des-del-carrer-del-forn-amb-sant-pere-al-fons-256x192.webp 256w\" sizes=\"auto, (max-width: 1024px) 100vw, 1024px\" \/><\/a><\/figure>\n\n\n\n<figure class=\"wp-block-image size-medium\"><a href=\"https:\/\/campingterraalta.com\/wp-content\/uploads\/estacio-de-bot.webp\" target=\"_blank\" rel=\"noopener\" class=\"image-link\"><img loading=\"lazy\" decoding=\"async\" width=\"1024\" height=\"768\" data-id=\"2046\" src=\"https:\/\/campingterraalta.com\/wp-content\/uploads\/estacio-de-bot.webp\" alt=\"\" class=\"wp-image-2046\" srcset=\"https:\/\/campingterraalta.com\/wp-content\/uploads\/estacio-de-bot.webp 1024w, https:\/\/campingterraalta.com\/wp-content\/uploads\/estacio-de-bot-768x576.webp 768w, https:\/\/campingterraalta.com\/wp-content\/uploads\/estacio-de-bot-512x384.webp 512w, https:\/\/campingterraalta.com\/wp-content\/uploads\/estacio-de-bot-256x192.webp 256w\" sizes=\"auto, (max-width: 1024px) 100vw, 1024px\" \/><\/a><\/figure>\n\n\n\n<figure class=\"wp-block-image size-medium\"><a href=\"https:\/\/campingterraalta.com\/wp-content\/uploads\/historia.webp\" target=\"_blank\" rel=\"noopener\" class=\"image-link\"><img loading=\"lazy\" decoding=\"async\" width=\"1024\" height=\"461\" data-id=\"2030\" src=\"https:\/\/campingterraalta.com\/wp-content\/uploads\/historia-1024x461.webp\" alt=\"\" class=\"wp-image-2030\" srcset=\"https:\/\/campingterraalta.com\/wp-content\/uploads\/historia-1024x461.webp 1024w, https:\/\/campingterraalta.com\/wp-content\/uploads\/historia-768x346.webp 768w, https:\/\/campingterraalta.com\/wp-content\/uploads\/historia-1536x691.webp 1536w, https:\/\/campingterraalta.com\/wp-content\/uploads\/historia-512x230.webp 512w, https:\/\/campingterraalta.com\/wp-content\/uploads\/historia-256x115.webp 256w, https:\/\/campingterraalta.com\/wp-content\/uploads\/historia.webp 1920w\" sizes=\"auto, (max-width: 1024px) 100vw, 1024px\" \/><\/a><\/figure>\n<\/figure>\n<\/div>\n<\/div>\n","protected":false},"excerpt":{"rendered":"<p>TERRA ALTA Un entorno natural \u00fanico El Camping Terra Alta se encuentra rodeado de paisajes espectaculares, entre monta\u00f1as, vi\u00f1edos y rutas naturales que invitan a&#8230;<\/p>\n","protected":false},"author":2,"featured_media":1829,"parent":0,"menu_order":5,"comment_status":"closed","ping_status":"closed","template":"","meta":{"_acf_changed":false,"inline_featured_image":false,"footnotes":""},"class_list":["post-2144","page","type-page","status-publish","has-post-thumbnail","hentry"],"acf":[],"yoast_head":"<!-- This site is optimized with the Yoast SEO plugin v26.1.1 - https:\/\/yoast.com\/wordpress\/plugins\/seo\/ -->\n<title>Entorno de Camping Terra Alta: Naturaleza y Paisajes \u00danicos<\/title>\n<meta name=\"description\" content=\"Descubre el entorno natural de Camping Terra Alta, con paisajes espectaculares, rutas de senderismo y actividades al aire libre para toda la familia.\" \/>\n<meta name=\"robots\" content=\"index, follow, max-snippet:-1, max-image-preview:large, max-video-preview:-1\" \/>\n<link rel=\"canonical\" href=\"https:\/\/campingterraalta.com\/es\/entorno\/\" \/>\n<meta property=\"og:locale\" content=\"es_ES\" \/>\n<meta property=\"og:type\" content=\"article\" \/>\n<meta property=\"og:title\" content=\"Entorno de Camping Terra Alta: Naturaleza y Paisajes \u00danicos\" \/>\n<meta property=\"og:description\" content=\"Descubre el entorno natural de Camping Terra Alta, con paisajes espectaculares, rutas de senderismo y actividades al aire libre para toda la familia.\" \/>\n<meta property=\"og:url\" content=\"https:\/\/campingterraalta.com\/es\/entorno\/\" \/>\n<meta property=\"og:site_name\" content=\"Camping Terra Alta\" \/>\n<meta property=\"article:modified_time\" content=\"2025-12-03T08:05:09+00:00\" \/>\n<meta property=\"og:image\" content=\"https:\/\/campingterraalta.com\/wp-content\/uploads\/20241023-082319.webp\" \/>\n\t<meta property=\"og:image:width\" content=\"1920\" \/>\n\t<meta property=\"og:image:height\" content=\"864\" \/>\n\t<meta property=\"og:image:type\" content=\"image\/webp\" \/>\n<meta name=\"twitter:card\" content=\"summary_large_image\" \/>\n<meta name=\"twitter:label1\" content=\"Tiempo de lectura\" \/>\n\t<meta name=\"twitter:data1\" content=\"17 minutos\" \/>\n<!-- \/ Yoast SEO plugin. -->","yoast_head_json":{"title":"Entorno de Camping Terra Alta: Naturaleza y Paisajes \u00danicos","description":"Descubre el entorno natural de Camping Terra Alta, con paisajes espectaculares, rutas de senderismo y actividades al aire libre para toda la familia.","robots":{"index":"index","follow":"follow","max-snippet":"max-snippet:-1","max-image-preview":"max-image-preview:large","max-video-preview":"max-video-preview:-1"},"canonical":"https:\/\/campingterraalta.com\/es\/entorno\/","og_locale":"es_ES","og_type":"article","og_title":"Entorno de Camping Terra Alta: Naturaleza y Paisajes \u00danicos","og_description":"Descubre el entorno natural de Camping Terra Alta, con paisajes espectaculares, rutas de senderismo y actividades al aire libre para toda la familia.","og_url":"https:\/\/campingterraalta.com\/es\/entorno\/","og_site_name":"Camping Terra Alta","article_modified_time":"2025-12-03T08:05:09+00:00","og_image":[{"width":1920,"height":864,"url":"https:\/\/campingterraalta.com\/wp-content\/uploads\/20241023-082319.webp","type":"image\/webp"}],"twitter_card":"summary_large_image","twitter_misc":{"Tiempo de lectura":"17 minutos"},"schema":{"@context":"https:\/\/schema.org","@graph":[{"@type":"WebPage","@id":"https:\/\/campingterraalta.com\/es\/entorno\/","url":"https:\/\/campingterraalta.com\/es\/entorno\/","name":"Entorno de Camping Terra Alta: Naturaleza y Paisajes \u00danicos","isPartOf":{"@id":"https:\/\/campingterraalta.com\/es\/#website"},"primaryImageOfPage":{"@id":"https:\/\/campingterraalta.com\/es\/entorno\/#primaryimage"},"image":{"@id":"https:\/\/campingterraalta.com\/es\/entorno\/#primaryimage"},"thumbnailUrl":"https:\/\/campingterraalta.com\/wp-content\/uploads\/20241023-082319.webp","datePublished":"2023-05-16T15:32:37+00:00","dateModified":"2025-12-03T08:05:09+00:00","description":"Descubre el entorno natural de Camping Terra Alta, con paisajes espectaculares, rutas de senderismo y actividades al aire libre para toda la familia.","breadcrumb":{"@id":"https:\/\/campingterraalta.com\/es\/entorno\/#breadcrumb"},"inLanguage":"es","potentialAction":[{"@type":"ReadAction","target":["https:\/\/campingterraalta.com\/es\/entorno\/"]}]},{"@type":"ImageObject","inLanguage":"es","@id":"https:\/\/campingterraalta.com\/es\/entorno\/#primaryimage","url":"https:\/\/campingterraalta.com\/wp-content\/uploads\/20241023-082319.webp","contentUrl":"https:\/\/campingterraalta.com\/wp-content\/uploads\/20241023-082319.webp","width":1920,"height":864},{"@type":"BreadcrumbList","@id":"https:\/\/campingterraalta.com\/es\/entorno\/#breadcrumb","itemListElement":[{"@type":"ListItem","position":1,"name":"Portada","item":"https:\/\/campingterraalta.com\/es\/"},{"@type":"ListItem","position":2,"name":"Entorno"}]},{"@type":"WebSite","@id":"https:\/\/campingterraalta.com\/es\/#website","url":"https:\/\/campingterraalta.com\/es\/","name":"Camping Terra Alta","description":"El Camping Terra Alta lleva, desde el 2012, ofreciendo un trato familiar con todas las instalaciones para que pod\u00e1is disfrutar de vuestra estancia con caravana, tienda, autocaravana o en nuestros bungalows.","publisher":{"@id":"https:\/\/campingterraalta.com\/es\/#organization"},"potentialAction":[{"@type":"SearchAction","target":{"@type":"EntryPoint","urlTemplate":"https:\/\/campingterraalta.com\/es\/?s={search_term_string}"},"query-input":{"@type":"PropertyValueSpecification","valueRequired":true,"valueName":"search_term_string"}}],"inLanguage":"es"},{"@type":"Organization","@id":"https:\/\/campingterraalta.com\/es\/#organization","name":"Camping Terra Alta","url":"https:\/\/campingterraalta.com\/es\/","logo":{"@type":"ImageObject","inLanguage":"es","@id":"https:\/\/campingterraalta.com\/es\/#\/schema\/logo\/image\/","url":"https:\/\/campingterraalta.com\/wp-content\/uploads\/logo-terraalta-nobg.webp","contentUrl":"https:\/\/campingterraalta.com\/wp-content\/uploads\/logo-terraalta-nobg.webp","width":190,"height":111,"caption":"Camping Terra Alta"},"image":{"@id":"https:\/\/campingterraalta.com\/es\/#\/schema\/logo\/image\/"}}]}},"_links":{"self":[{"href":"https:\/\/campingterraalta.com\/es\/wp-json\/wp\/v2\/pages\/2144","targetHints":{"allow":["GET"]}}],"collection":[{"href":"https:\/\/campingterraalta.com\/es\/wp-json\/wp\/v2\/pages"}],"about":[{"href":"https:\/\/campingterraalta.com\/es\/wp-json\/wp\/v2\/types\/page"}],"author":[{"embeddable":true,"href":"https:\/\/campingterraalta.com\/es\/wp-json\/wp\/v2\/users\/2"}],"replies":[{"embeddable":true,"href":"https:\/\/campingterraalta.com\/es\/wp-json\/wp\/v2\/comments?post=2144"}],"version-history":[{"count":7,"href":"https:\/\/campingterraalta.com\/es\/wp-json\/wp\/v2\/pages\/2144\/revisions"}],"predecessor-version":[{"id":2698,"href":"https:\/\/campingterraalta.com\/es\/wp-json\/wp\/v2\/pages\/2144\/revisions\/2698"}],"wp:featuredmedia":[{"embeddable":true,"href":"https:\/\/campingterraalta.com\/es\/wp-json\/wp\/v2\/media\/1829"}],"wp:attachment":[{"href":"https:\/\/campingterraalta.com\/es\/wp-json\/wp\/v2\/media?parent=2144"}],"curies":[{"name":"wp","href":"https:\/\/api.w.org\/{rel}","templated":true}]}}