{"id":2141,"date":"2023-05-16T17:32:37","date_gmt":"2023-05-16T15:32:37","guid":{"rendered":"https:\/\/campingterraalta.com\/installacions-i-serveis\/"},"modified":"2025-12-03T09:03:01","modified_gmt":"2025-12-03T08:03:01","slug":"instalaciones-y-servicios","status":"publish","type":"page","link":"https:\/\/campingterraalta.com\/es\/instalaciones-y-servicios\/","title":{"rendered":"Instalaciones y servicios"},"content":{"rendered":"\n<div class=\"wp-block-cover alignfull has-parallax header-top has-animation oh\" style=\"margin-top:0px;margin-bottom:0px\"><span aria-hidden=\"true\" class=\"wp-block-cover__background has-theme-black-background-color has-background-dim-30 has-background-dim\"><\/span><div class=\"wp-block-cover__image-background wp-image-1837 has-parallax\" style=\"background-position:50% 50%;background-image:url(https:\/\/campingterraalta.com\/wp-content\/uploads\/portadabar-piscina.webp);\"><\/div><div class=\"wp-block-cover__inner-container is-layout-constrained wp-block-cover-is-layout-constrained\">\n<div class=\"wp-block-group animation--init--once animation--top is-content-justification-center is-layout-constrained wp-container-core-group-is-layout-b772f419 wp-block-group-is-layout-constrained\">\n<p class=\"has-text-align-left titre-top animation--init--once animation--top has-h-1-font-size\"><sup>El Camping <\/sup>Instalaciones y servicios<\/p>\n\n\n\n<div class=\"wp-block-group alignfull breadcrumbs-top is-layout-constrained wp-block-group-is-layout-constrained\" style=\"margin-top:0px;margin-bottom:0px\">\n<div class=\"wp-block-group is-layout-constrained wp-block-group-is-layout-constrained\">\n<span><span><a href=\"https:\/\/campingterraalta.com\/es\/\">Portada<\/a><\/span><\/span>\n<\/div>\n<\/div>\n<\/div>\n\n\n\n<div class=\"wp-block-group booking-container is-layout-constrained wp-container-core-group-is-layout-eb8a64c5 wp-block-group-is-layout-constrained\"><script>\n            document.addEventListener('DOMContentLoaded', function () {\n\n                var widget = new MasterWidget('widgetBookingContainer5315', {\n                    lang: 'es',idProperty: '352',class: 'widget_columns',dropdown: true,\n                    url: 'https:\/\/booking.campingterraalta.com'\n                });\n\n\n            });\n\n            <\/script><div id=\"widgetBookingContainer5315\"> <\/div>\n\n\n\n<a class=\"boton-reservar\" href=\"https:\/\/booking.campingterraalta.com\/search?lang=es\" target=\"_blank\" rel=\"noopener\">Reservar<\/a>\n<\/div>\n<\/div><\/div>\n\n\n\n<div class=\"wp-block-group alignfull intro-page has-theme-red-color has-theme-pearl-background-color has-text-color has-background has-link-color wp-elements-51d403e34929d61ca9556c7ee057152d is-layout-constrained wp-block-group-is-layout-constrained\" style=\"margin-top:0px;margin-bottom:0px;padding-top:100px;padding-bottom:100px\">\n<div class=\"wp-block-columns alignwide are-vertically-aligned-center has-theme-red-color has-text-color has-link-color wp-elements-99d80e7294fc5d5f01ed3154ea40349c is-layout-flex wp-container-core-columns-is-layout-28f84493 wp-block-columns-is-layout-flex\">\n<div class=\"wp-block-column is-vertically-aligned-center has-theme-red-color has-text-color has-link-color wp-elements-afc271983faadd48d7610dbc80e9e096 is-layout-flow wp-block-column-is-layout-flow\">\n<div class=\"wp-block-group alignwide block-petit has-animation has-theme-red-color has-text-color has-link-color wp-elements-a724148348e38e1aab385e9ad08335c4 is-layout-constrained wp-block-group-is-layout-constrained\">\n<h1 class=\"wp-block-heading has-text-align-center animation--init--once animation--bottom has-theme-red-color has-text-color has-link-color has-h-2-font-size wp-elements-d6cab5fd4817f267c792536c71637625\" style=\"margin-bottom:40px\"><sup>Instalaciones y servicios <\/sup><strong> El mejor equipamiento\u2028<\/strong><br>en su alojamiento en la Terra Alta<\/h1>\n\n\n\n<p class=\"has-text-align-center has-theme-black-color has-text-color has-link-color wp-elements-a09c8af7aaf42d89f08685e23bc1a4f0\">Disponemos de zona de recreo con piscina y columpios, bar-restaurante, zona de servicios totalmente equipada, zona de cambio de aguas de autocaravanas, taller de autorreparaci\u00f3n de bicis, servicio de alquiler de bicicletas, acceso directo a la Via Verda, as\u00ed como de servicio de recepci\u00f3n e informaci\u00f3n sobre la zona.<\/p>\n\n\n\n<hr class=\"wp-block-separator alignwide has-text-color has-theme-green-color has-alpha-channel-opacity has-theme-green-background-color has-background\" style=\"margin-top:70px;margin-bottom:70px\"\/>\n\n\n\n<div class=\"wp-block-group alignwide row-icons-grid is-layout-constrained wp-block-group-is-layout-constrained\" style=\"margin-top:var(--wp--preset--spacing--80);margin-bottom:var(--wp--preset--spacing--80)\">\n<div class=\"wp-block-group alignwide icons-allotjaments is-content-justification-space-between is-nowrap is-layout-flex wp-container-core-group-is-layout-35c7b0f0 wp-block-group-is-layout-flex\" style=\"margin-bottom:50px\">\n<figure class=\"wp-block-image size-large animation--init--once slide-up delay-1\"><img loading=\"lazy\" decoding=\"async\" width=\"25\" height=\"25\" src=\"https:\/\/campingterraalta.com\/wp-content\/uploads\/restaurant.svg\" alt=\"\" class=\"wp-image-1120\"\/><figcaption class=\"wp-element-caption\">Bar-Restaurante<\/figcaption><\/figure>\n\n\n\n<figure class=\"wp-block-image size-large animation--init--once slide-up delay-2\"><img loading=\"lazy\" decoding=\"async\" width=\"25\" height=\"25\" src=\"https:\/\/campingterraalta.com\/wp-content\/uploads\/piscina.svg\" alt=\"\" class=\"wp-image-1119\"\/><figcaption class=\"wp-element-caption\">Piscina descubierta<\/figcaption><\/figure>\n\n\n\n<figure class=\"wp-block-image size-large animation--init--once slide-up delay-2\"><img loading=\"lazy\" decoding=\"async\" width=\"16\" height=\"16\" src=\"https:\/\/campingterraalta.com\/wp-content\/uploads\/frame.svg\" alt=\"\" class=\"wp-image-1368\"\/><figcaption class=\"wp-element-caption\">WIFI<\/figcaption><\/figure>\n<\/div>\n\n\n\n<div class=\"wp-block-group alignwide icons-allotjaments is-content-justification-space-between is-nowrap is-layout-flex wp-container-core-group-is-layout-35c7b0f0 wp-block-group-is-layout-flex\" style=\"margin-bottom:50px\">\n<figure class=\"wp-block-image size-large animation--init--once slide-up delay-3\"><img loading=\"lazy\" decoding=\"async\" width=\"25\" height=\"25\" src=\"https:\/\/campingterraalta.com\/wp-content\/uploads\/lavabo.svg\" alt=\"\" class=\"wp-image-1224\"\/><figcaption class=\"wp-element-caption\">Sanitarios y duchas<\/figcaption><\/figure>\n\n\n\n<figure class=\"wp-block-image size-large animation--init--once slide-up delay-3\"><img loading=\"lazy\" decoding=\"async\" width=\"24\" height=\"24\" src=\"https:\/\/campingterraalta.com\/wp-content\/uploads\/lavadora.svg\" alt=\"\" class=\"wp-image-1370\"\/><figcaption class=\"wp-element-caption\">Sala de lavadoras<\/figcaption><\/figure>\n\n\n\n<figure class=\"wp-block-image size-large animation--init--once slide-up delay-3\"><img loading=\"lazy\" decoding=\"async\" width=\"24\" height=\"24\" src=\"https:\/\/campingterraalta.com\/wp-content\/uploads\/plato.svg\" alt=\"\" class=\"wp-image-1369\"\/><figcaption class=\"wp-element-caption\">Sala de lavar la vajilla<\/figcaption><\/figure>\n<\/div>\n\n\n\n<div class=\"wp-block-group alignwide icons-allotjaments is-content-justification-space-between is-nowrap is-layout-flex wp-container-core-group-is-layout-cb46ffcb wp-block-group-is-layout-flex\">\n<figure class=\"wp-block-image size-large animation--init--once slide-up delay-3\"><img loading=\"lazy\" decoding=\"async\" width=\"25\" height=\"25\" src=\"https:\/\/campingterraalta.com\/wp-content\/uploads\/serevis.svg\" alt=\"\" class=\"wp-image-1121\"\/><figcaption class=\"wp-element-caption\">WC qu\u00edmico<\/figcaption><\/figure>\n\n\n\n<figure class=\"wp-block-image size-large animation--init--once slide-up delay-2\"><img loading=\"lazy\" decoding=\"async\" width=\"25\" height=\"25\" src=\"https:\/\/campingterraalta.com\/wp-content\/uploads\/vaciado-aguas-1.svg\" alt=\"\" class=\"wp-image-1128\"\/><figcaption class=\"wp-element-caption\">Area de autocaravanas<\/figcaption><\/figure>\n\n\n\n<figure class=\"wp-block-image size-large animation--init--once slide-up delay-1\"><img loading=\"lazy\" decoding=\"async\" width=\"25\" height=\"25\" src=\"https:\/\/campingterraalta.com\/wp-content\/uploads\/taller.svg\" alt=\"\" class=\"wp-image-1122\"\/><figcaption class=\"wp-element-caption\">Auto taller de bicicletas<\/figcaption><\/figure>\n<\/div>\n\n\n\n<div class=\"wp-block-group alignwide icons-allotjaments is-vertical is-content-justification-left is-nowrap is-layout-flex wp-container-core-group-is-layout-2e9ab6cb wp-block-group-is-layout-flex\" style=\"padding-top:25px;padding-bottom:25px\">\n<figure class=\"wp-block-image size-large animation--init--once slide-up delay-3\"><img loading=\"lazy\" decoding=\"async\" width=\"25\" height=\"24\" src=\"https:\/\/campingterraalta.com\/wp-content\/uploads\/ducha-perro.svg\" alt=\"\" class=\"wp-image-1117\"\/><figcaption class=\"wp-element-caption\">Lavadero de animales de compa\u00f1\u00eda<\/figcaption><\/figure>\n<\/div>\n<\/div>\n<\/div>\n<\/div>\n<\/div>\n<\/div>\n\n\n\n<div class=\"wp-block-group alignwide is-layout-constrained wp-block-group-is-layout-constrained\">\n<div class=\"wp-block-group alignwide is-layout-constrained wp-block-group-is-layout-constrained\" style=\"margin-top:100px;margin-bottom:50px\">\n<div class=\"wp-block-columns alignwide are-vertically-aligned-center slider-columns section-z-index is-layout-flex wp-container-core-columns-is-layout-e524df8a wp-block-columns-is-layout-flex\">\n<div class=\"wp-block-column is-vertically-aligned-center is-layout-flow wp-block-column-is-layout-flow\" style=\"padding-top:0px;padding-bottom:0px;flex-basis:50%\">\n<div class=\"wp-image-slider animation--init--once slider-column has-text-align-left aspect-ratio-4_3\">\n\n                                        \n                    <script>\n                        'use strict';\n\n                        document.addEventListener('DOMContentLoaded', function () {\n\n                            (function() {\n                                const blockSlide = new Splide( '#slide_614', {\n                                    type : 'slide',\n                                    perPage: 1,\n                                                                        \n                                    breakpoints: {\n                                        800: {\n                                            perPage: 1,\n                                                                                    },\n                                        450: {\n                                            perPage: 1,\n                                            \n                                        },\n                                    },\n                                    pagination: false,\n                                    arrows: false,\n                                    gap: 'var(--wp--style--block-gap)',\n                                    i18n: {\n                                        slideLabel: '%s\/%s',\n                                    }\n                                } );\n                                \n\n                                \n                                blockSlide.mount();\n\n                                                                \n                                \n                            })();\n                        })\n                    <\/script>\n\n                    <div class=\"slider-container\"><div class=\"splide galeria-slider galeria-columnas-1\" id=\"slide_614\"><div class=\"splide__track\"><div class=\"splide__list\"><div id=\"thumb-2495\" class=\"splide__slide\"><div class=\"image-wrapper\"><img loading=\"lazy\" decoding=\"async\" width=\"1536\" height=\"1024\" src=\"https:\/\/campingterraalta.com\/wp-content\/uploads\/bar-1536x1024.webp\" class=\"attachment-gallery-large size-gallery-large\" alt=\"\" srcset=\"https:\/\/campingterraalta.com\/wp-content\/uploads\/bar-1536x1024.webp 1536w, https:\/\/campingterraalta.com\/wp-content\/uploads\/bar-1024x683.webp 1024w, https:\/\/campingterraalta.com\/wp-content\/uploads\/bar-768x512.webp 768w, https:\/\/campingterraalta.com\/wp-content\/uploads\/bar-512x341.webp 512w, https:\/\/campingterraalta.com\/wp-content\/uploads\/bar-256x171.webp 256w, https:\/\/campingterraalta.com\/wp-content\/uploads\/bar.webp 1920w\" sizes=\"auto, (max-width: 1536px) 100vw, 1536px\" \/><\/div><\/div><\/div><\/div><\/div><\/div>\n                    \n<\/div><\/div>\n\n\n\n<div class=\"wp-block-column is-vertically-aligned-center is-layout-flow wp-block-column-is-layout-flow\" style=\"flex-basis:50%\">\n<h2 class=\"wp-block-heading has-text-align-left has-h-3-font-size\">Restaurante Terra Alta<\/h2>\n\n\n\n<p><strong>Tel\u00e9fono:<\/strong> <strong><a href=\"tel:+34 652 87 58 32\">652 87 58 32<\/a><\/strong><\/p>\n\n\n\n<p>Situado en la entrada del Camping, el Restaurante Camping Terra Alta ofrece cocina casera y carnes a la brasa. Est\u00e1 abierto tanto a los clientes del camping como tambi\u00e9n a los visitantes que pasan por la zona, disponemos de parking para los clientes del restaurante en la entrada del camping.<\/p>\n\n\n\n<h3 class=\"wp-block-heading has-text-font-size\"><strong>Reservas, almuerzos en grupo y desayunos.<\/strong><\/h3>\n<\/div>\n<\/div>\n<\/div>\n\n\n\n<div class=\"wp-block-group alignwide mobile-reverse is-layout-constrained wp-block-group-is-layout-constrained\" style=\"padding-top:50px;padding-bottom:50px\">\n<div class=\"wp-block-columns alignwide are-vertically-aligned-center slider-columns section-z-index is-layout-flex wp-container-core-columns-is-layout-e524df8a wp-block-columns-is-layout-flex\">\n<div class=\"wp-block-column is-vertically-aligned-center is-layout-flow wp-block-column-is-layout-flow\" style=\"flex-basis:50%\">\n<h2 class=\"wp-block-heading has-text-align-left has-h-3-font-size\">Piscina Terra Alta<\/h2>\n\n\n\n<p class=\"animation--init--once slide-left has-theme-grey-color has-text-color has-link-color wp-elements-46366e6af239db322fcf9f8bad83d9df\">La piscina del Camping Terra Alta desbordante de 16 x 8 metros consta de dos partes separadas de diferentes profundidades, una para los m\u00e1s peque\u00f1os. Hemos querido rodearla de c\u00e9sped para que se pueda tomar el Sol de la Tierra Alta, pero al mismo tiempo podr\u00e1 estar a la sombra de un olivo.<\/p>\n<\/div>\n\n\n\n<div class=\"wp-block-column is-vertically-aligned-center is-layout-flow wp-block-column-is-layout-flow\" style=\"padding-top:0px;padding-bottom:0px;flex-basis:50%\">\n<div class=\"wp-image-slider animation--init--once slider-column has-text-align-left aspect-ratio-4_3\">\n\n                                        \n                    <script>\n                        'use strict';\n\n                        document.addEventListener('DOMContentLoaded', function () {\n\n                            (function() {\n                                const blockSlide = new Splide( '#slide_735', {\n                                    type : 'loop',\n                                    perPage: 1,\n                                                                        \n                                    breakpoints: {\n                                        800: {\n                                            perPage: 1,\n                                                                                    },\n                                        450: {\n                                            perPage: 1,\n                                            \n                                        },\n                                    },\n                                    pagination: false,\n                                    arrows: true,\n                                    gap: 'var(--wp--style--block-gap)',\n                                    i18n: {\n                                        slideLabel: '%s\/%s',\n                                    }\n                                } );\n                                \n\n                                \n                                blockSlide.mount();\n\n                                                                \n                                \n                            })();\n                        })\n                    <\/script>\n\n                    <div class=\"slider-container\"><div class=\"splide galeria-slider galeria-columnas-1\" id=\"slide_735\"><div class=\"splide__track\"><div class=\"splide__list\"><div id=\"thumb-1837\" class=\"splide__slide\"><div class=\"image-wrapper\"><img loading=\"lazy\" decoding=\"async\" width=\"1536\" height=\"1152\" src=\"https:\/\/campingterraalta.com\/wp-content\/uploads\/portadabar-piscina-1536x1152.webp\" class=\"attachment-gallery-large size-gallery-large\" alt=\"\" srcset=\"https:\/\/campingterraalta.com\/wp-content\/uploads\/portadabar-piscina-1536x1152.webp 1536w, https:\/\/campingterraalta.com\/wp-content\/uploads\/portadabar-piscina-1024x768.webp 1024w, https:\/\/campingterraalta.com\/wp-content\/uploads\/portadabar-piscina-768x576.webp 768w, https:\/\/campingterraalta.com\/wp-content\/uploads\/portadabar-piscina-512x384.webp 512w, https:\/\/campingterraalta.com\/wp-content\/uploads\/portadabar-piscina-256x192.webp 256w, https:\/\/campingterraalta.com\/wp-content\/uploads\/portadabar-piscina.webp 1920w\" sizes=\"auto, (max-width: 1536px) 100vw, 1536px\" \/><\/div><\/div><\/div><\/div><\/div><\/div>\n                    \n<\/div><\/div>\n<\/div>\n<\/div>\n\n\n\n<div class=\"wp-block-group alignwide is-layout-constrained wp-block-group-is-layout-constrained\" style=\"padding-top:50px;padding-bottom:50px\">\n<div class=\"wp-block-columns alignwide are-vertically-aligned-center slider-columns section-z-index is-layout-flex wp-container-core-columns-is-layout-e524df8a wp-block-columns-is-layout-flex\">\n<div class=\"wp-block-column is-vertically-aligned-center is-layout-flow wp-block-column-is-layout-flow\" style=\"padding-top:0px;padding-bottom:0px;flex-basis:50%\">\n<div class=\"wp-image-slider animation--init--once slider-column has-text-align-left aspect-ratio-4_3\">\n\n                                        \n                    <script>\n                        'use strict';\n\n                        document.addEventListener('DOMContentLoaded', function () {\n\n                            (function() {\n                                const blockSlide = new Splide( '#slide_529', {\n                                    type : 'slide',\n                                    perPage: 1,\n                                                                        \n                                    breakpoints: {\n                                        800: {\n                                            perPage: 1,\n                                                                                    },\n                                        450: {\n                                            perPage: 1,\n                                            \n                                        },\n                                    },\n                                    pagination: false,\n                                    arrows: false,\n                                    gap: 'var(--wp--style--block-gap)',\n                                    i18n: {\n                                        slideLabel: '%s\/%s',\n                                    }\n                                } );\n                                \n\n                                \n                                blockSlide.mount();\n\n                                                                \n                                \n                            })();\n                        })\n                    <\/script>\n\n                    <div class=\"slider-container\"><div class=\"splide galeria-slider galeria-columnas-1\" id=\"slide_529\"><div class=\"splide__track\"><div class=\"splide__list\"><div id=\"thumb-1835\" class=\"splide__slide\"><div class=\"image-wrapper\"><img loading=\"lazy\" decoding=\"async\" width=\"1536\" height=\"1024\" src=\"https:\/\/campingterraalta.com\/wp-content\/uploads\/lloguer-bicis-1536x1024.webp\" class=\"attachment-gallery-large size-gallery-large\" alt=\"\" srcset=\"https:\/\/campingterraalta.com\/wp-content\/uploads\/lloguer-bicis-1536x1024.webp 1536w, https:\/\/campingterraalta.com\/wp-content\/uploads\/lloguer-bicis-1024x683.webp 1024w, https:\/\/campingterraalta.com\/wp-content\/uploads\/lloguer-bicis-768x512.webp 768w, https:\/\/campingterraalta.com\/wp-content\/uploads\/lloguer-bicis-512x341.webp 512w, https:\/\/campingterraalta.com\/wp-content\/uploads\/lloguer-bicis-256x171.webp 256w, https:\/\/campingterraalta.com\/wp-content\/uploads\/lloguer-bicis.webp 1920w\" sizes=\"auto, (max-width: 1536px) 100vw, 1536px\" \/><\/div><\/div><\/div><\/div><\/div><\/div>\n                    \n<\/div><\/div>\n\n\n\n<div class=\"wp-block-column is-vertically-aligned-center is-layout-flow wp-block-column-is-layout-flow\" style=\"flex-basis:50%\">\n<h2 class=\"wp-block-heading has-text-align-left has-h-3-font-size\">Alquiler de bicicletas<\/h2>\n\n\n\n<p>Puede alquilar sus bicicletas en la Recepci\u00f3n del camping para poder disfrutar de la V\u00eda Verde.<\/p>\n\n\n\n<p>Trabajamos con Ferran, de <a href=\"http:\/\/www.estaciodexerta.cat\">www.estaciodexerta.cat<\/a>, para poder ofrecer la posibilidad de recogida en varios puntos de la V\u00eda Verde.<\/p>\n<\/div>\n<\/div>\n<\/div>\n<\/div>\n","protected":false},"excerpt":{"rendered":"<p>Instalaciones y servicios El mejor equipamiento\u2028en su alojamiento en la Terra Alta Disponemos de zona de recreo con piscina y columpios, bar-restaurante, zona de servicios&#8230;<\/p>\n","protected":false},"author":2,"featured_media":1837,"parent":0,"menu_order":4,"comment_status":"closed","ping_status":"closed","template":"","meta":{"_acf_changed":false,"inline_featured_image":false,"footnotes":""},"class_list":["post-2141","page","type-page","status-publish","has-post-thumbnail","hentry"],"acf":[],"yoast_head":"<!-- This site is optimized with the Yoast SEO plugin v26.1.1 - https:\/\/yoast.com\/wordpress\/plugins\/seo\/ -->\n<title>Instalaciones y Servicios en Camping Terra Alta<\/title>\n<meta name=\"description\" content=\"Descubre todas las instalaciones y servicios de Camping Terra Alta: piscina, restaurante, zonas infantiles y mucho m\u00e1s para una estancia c\u00f3moda y completa.\" \/>\n<meta name=\"robots\" content=\"index, follow, max-snippet:-1, max-image-preview:large, max-video-preview:-1\" \/>\n<link rel=\"canonical\" href=\"https:\/\/campingterraalta.com\/es\/instalaciones-y-servicios\/\" \/>\n<meta property=\"og:locale\" content=\"es_ES\" \/>\n<meta property=\"og:type\" content=\"article\" \/>\n<meta property=\"og:title\" content=\"Instalaciones y Servicios en Camping Terra Alta\" \/>\n<meta property=\"og:description\" content=\"Descubre todas las instalaciones y servicios de Camping Terra Alta: piscina, restaurante, zonas infantiles y mucho m\u00e1s para una estancia c\u00f3moda y completa.\" \/>\n<meta property=\"og:url\" content=\"https:\/\/campingterraalta.com\/es\/instalaciones-y-servicios\/\" \/>\n<meta property=\"og:site_name\" content=\"Camping Terra Alta\" \/>\n<meta property=\"article:modified_time\" content=\"2025-12-03T08:03:01+00:00\" \/>\n<meta property=\"og:image\" content=\"https:\/\/campingterraalta.com\/wp-content\/uploads\/portadabar-piscina.webp\" \/>\n\t<meta property=\"og:image:width\" content=\"1920\" \/>\n\t<meta property=\"og:image:height\" content=\"1440\" \/>\n\t<meta property=\"og:image:type\" content=\"image\/webp\" \/>\n<meta name=\"twitter:card\" content=\"summary_large_image\" \/>\n<meta name=\"twitter:label1\" content=\"Tiempo de lectura\" \/>\n\t<meta name=\"twitter:data1\" content=\"7 minutos\" \/>\n<!-- \/ Yoast SEO plugin. -->","yoast_head_json":{"title":"Instalaciones y Servicios en Camping Terra Alta","description":"Descubre todas las instalaciones y servicios de Camping Terra Alta: piscina, restaurante, zonas infantiles y mucho m\u00e1s para una estancia c\u00f3moda y completa.","robots":{"index":"index","follow":"follow","max-snippet":"max-snippet:-1","max-image-preview":"max-image-preview:large","max-video-preview":"max-video-preview:-1"},"canonical":"https:\/\/campingterraalta.com\/es\/instalaciones-y-servicios\/","og_locale":"es_ES","og_type":"article","og_title":"Instalaciones y Servicios en Camping Terra Alta","og_description":"Descubre todas las instalaciones y servicios de Camping Terra Alta: piscina, restaurante, zonas infantiles y mucho m\u00e1s para una estancia c\u00f3moda y completa.","og_url":"https:\/\/campingterraalta.com\/es\/instalaciones-y-servicios\/","og_site_name":"Camping Terra Alta","article_modified_time":"2025-12-03T08:03:01+00:00","og_image":[{"width":1920,"height":1440,"url":"https:\/\/campingterraalta.com\/wp-content\/uploads\/portadabar-piscina.webp","type":"image\/webp"}],"twitter_card":"summary_large_image","twitter_misc":{"Tiempo de lectura":"7 minutos"},"schema":{"@context":"https:\/\/schema.org","@graph":[{"@type":"WebPage","@id":"https:\/\/campingterraalta.com\/es\/instalaciones-y-servicios\/","url":"https:\/\/campingterraalta.com\/es\/instalaciones-y-servicios\/","name":"Instalaciones y Servicios en Camping Terra Alta","isPartOf":{"@id":"https:\/\/campingterraalta.com\/es\/#website"},"primaryImageOfPage":{"@id":"https:\/\/campingterraalta.com\/es\/instalaciones-y-servicios\/#primaryimage"},"image":{"@id":"https:\/\/campingterraalta.com\/es\/instalaciones-y-servicios\/#primaryimage"},"thumbnailUrl":"https:\/\/campingterraalta.com\/wp-content\/uploads\/portadabar-piscina.webp","datePublished":"2023-05-16T15:32:37+00:00","dateModified":"2025-12-03T08:03:01+00:00","description":"Descubre todas las instalaciones y servicios de Camping Terra Alta: piscina, restaurante, zonas infantiles y mucho m\u00e1s para una estancia c\u00f3moda y completa.","breadcrumb":{"@id":"https:\/\/campingterraalta.com\/es\/instalaciones-y-servicios\/#breadcrumb"},"inLanguage":"es","potentialAction":[{"@type":"ReadAction","target":["https:\/\/campingterraalta.com\/es\/instalaciones-y-servicios\/"]}]},{"@type":"ImageObject","inLanguage":"es","@id":"https:\/\/campingterraalta.com\/es\/instalaciones-y-servicios\/#primaryimage","url":"https:\/\/campingterraalta.com\/wp-content\/uploads\/portadabar-piscina.webp","contentUrl":"https:\/\/campingterraalta.com\/wp-content\/uploads\/portadabar-piscina.webp","width":1920,"height":1440},{"@type":"BreadcrumbList","@id":"https:\/\/campingterraalta.com\/es\/instalaciones-y-servicios\/#breadcrumb","itemListElement":[{"@type":"ListItem","position":1,"name":"Portada","item":"https:\/\/campingterraalta.com\/es\/"},{"@type":"ListItem","position":2,"name":"Instalaciones y servicios"}]},{"@type":"WebSite","@id":"https:\/\/campingterraalta.com\/es\/#website","url":"https:\/\/campingterraalta.com\/es\/","name":"Camping Terra Alta","description":"El Camping Terra Alta lleva, desde el 2012, ofreciendo un trato familiar con todas las instalaciones para que pod\u00e1is disfrutar de vuestra estancia con caravana, tienda, autocaravana o en nuestros bungalows.","publisher":{"@id":"https:\/\/campingterraalta.com\/es\/#organization"},"potentialAction":[{"@type":"SearchAction","target":{"@type":"EntryPoint","urlTemplate":"https:\/\/campingterraalta.com\/es\/?s={search_term_string}"},"query-input":{"@type":"PropertyValueSpecification","valueRequired":true,"valueName":"search_term_string"}}],"inLanguage":"es"},{"@type":"Organization","@id":"https:\/\/campingterraalta.com\/es\/#organization","name":"Camping Terra Alta","url":"https:\/\/campingterraalta.com\/es\/","logo":{"@type":"ImageObject","inLanguage":"es","@id":"https:\/\/campingterraalta.com\/es\/#\/schema\/logo\/image\/","url":"https:\/\/campingterraalta.com\/wp-content\/uploads\/logo-terraalta-nobg.webp","contentUrl":"https:\/\/campingterraalta.com\/wp-content\/uploads\/logo-terraalta-nobg.webp","width":190,"height":111,"caption":"Camping Terra Alta"},"image":{"@id":"https:\/\/campingterraalta.com\/es\/#\/schema\/logo\/image\/"}}]}},"_links":{"self":[{"href":"https:\/\/campingterraalta.com\/es\/wp-json\/wp\/v2\/pages\/2141","targetHints":{"allow":["GET"]}}],"collection":[{"href":"https:\/\/campingterraalta.com\/es\/wp-json\/wp\/v2\/pages"}],"about":[{"href":"https:\/\/campingterraalta.com\/es\/wp-json\/wp\/v2\/types\/page"}],"author":[{"embeddable":true,"href":"https:\/\/campingterraalta.com\/es\/wp-json\/wp\/v2\/users\/2"}],"replies":[{"embeddable":true,"href":"https:\/\/campingterraalta.com\/es\/wp-json\/wp\/v2\/comments?post=2141"}],"version-history":[{"count":9,"href":"https:\/\/campingterraalta.com\/es\/wp-json\/wp\/v2\/pages\/2141\/revisions"}],"predecessor-version":[{"id":2697,"href":"https:\/\/campingterraalta.com\/es\/wp-json\/wp\/v2\/pages\/2141\/revisions\/2697"}],"wp:featuredmedia":[{"embeddable":true,"href":"https:\/\/campingterraalta.com\/es\/wp-json\/wp\/v2\/media\/1837"}],"wp:attachment":[{"href":"https:\/\/campingterraalta.com\/es\/wp-json\/wp\/v2\/media?parent=2141"}],"curies":[{"name":"wp","href":"https:\/\/api.w.org\/{rel}","templated":true}]}}