{"id":2128,"date":"2025-04-02T14:52:35","date_gmt":"2025-04-02T12:52:35","guid":{"rendered":"https:\/\/campingterraalta.com\/parcelles\/"},"modified":"2025-12-02T18:00:40","modified_gmt":"2025-12-02T17:00:40","slug":"parcelas","status":"publish","type":"page","link":"https:\/\/campingterraalta.com\/es\/parcelas\/","title":{"rendered":"Parcelas"},"content":{"rendered":"\n<div class=\"wp-block-cover alignfull has-parallax header-top has-animation oh\" style=\"margin-top:0px;margin-bottom:0px\"><span aria-hidden=\"true\" class=\"wp-block-cover__background has-theme-black-background-color has-background-dim-30 has-background-dim\"><\/span><div role=\"img\" class=\"wp-block-cover__image-background wp-image-1263 has-parallax\" style=\"background-position:50% 50%;background-image:url(https:\/\/campingterraalta.com\/wp-content\/uploads\/p4.webp)\"><\/div><div class=\"wp-block-cover__inner-container is-layout-constrained wp-block-cover-is-layout-constrained\">\n<div class=\"wp-block-group animation--init--once animation--top is-content-justification-center is-layout-constrained wp-container-core-group-is-layout-b772f419 wp-block-group-is-layout-constrained\">\n<p class=\"has-text-align-left titre-top animation--init--once animation--top has-h-1-font-size\">Parcelas<\/p>\n\n\n\n<div class=\"wp-block-group alignfull breadcrumbs-top is-layout-constrained wp-block-group-is-layout-constrained\" style=\"margin-top:0px;margin-bottom:0px\">\n<div class=\"wp-block-group is-layout-constrained wp-block-group-is-layout-constrained\">\n<span><span><a href=\"https:\/\/campingterraalta.com\/es\/\">Portada<\/a><\/span><\/span>\n<\/div>\n<\/div>\n<\/div>\n\n\n\n<div class=\"wp-block-group booking-container is-layout-constrained wp-container-core-group-is-layout-eb8a64c5 wp-block-group-is-layout-constrained\"><script>\n            document.addEventListener('DOMContentLoaded', function () {\n\n                var widget = new MasterWidget('widgetBookingContainer1144', {\n                    lang: 'es',idProperty: '352',class: 'widget_columns',dropdown: true,\n                    url: 'https:\/\/booking.campingterraalta.com'\n                });\n\n\n            });\n\n            <\/script><div id=\"widgetBookingContainer1144\"> <\/div>\n\n\n\n<a class=\"boton-reservar\" href=\"https:\/\/booking.campingterraalta.com\/search?lang=es\" target=\"_blank\" rel=\"noopener\">Reservar<\/a>\n<\/div>\n<\/div><\/div>\n\n\n\n<div class=\"wp-block-group alignfull intro-page has-theme-red-color has-theme-white-background-color has-text-color has-background has-link-color wp-elements-3b45ef27be22063fc3093d536b05f792 is-layout-constrained wp-block-group-is-layout-constrained\" style=\"margin-top:0px;margin-bottom:0px;padding-top:100px;padding-bottom:0px\">\n<div class=\"wp-block-columns alignwide are-vertically-aligned-center has-theme-red-color has-text-color has-link-color wp-elements-cf319fa66c1a2d8e49abb5a09a3d7da0 is-layout-flex wp-container-core-columns-is-layout-28f84493 wp-block-columns-is-layout-flex\">\n<div class=\"wp-block-column is-vertically-aligned-center has-theme-red-color has-text-color has-link-color wp-elements-155f5defa7e561e5bb2dd553955ab992 is-layout-flow wp-block-column-is-layout-flow\">\n<div class=\"wp-block-group alignwide block-location-icons has-animation has-theme-red-color has-text-color has-link-color wp-elements-ca331c57022721294e93a6ccf244576f is-layout-constrained wp-block-group-is-layout-constrained\">\n<h1 class=\"wp-block-heading has-text-align-center animation--init--once animation--bottom has-theme-red-color has-text-color has-link-color has-h-2-font-size wp-elements-abd8d5f46ee599f2c0f88e4a5be9fe46\" style=\"margin-bottom:40px\"><sup>ALOJAMIENTO <\/sup> Parcelas<\/h1>\n\n\n\n<div class=\"wp-block-group alignwide locations-icons is-layout-constrained wp-block-group-is-layout-constrained\">\n<div class=\"wp-block-group alignwide is-content-justification-center is-nowrap is-layout-flex wp-container-core-group-is-layout-489be5c0 wp-block-group-is-layout-flex\" style=\"margin-bottom:0px\">\n<figure class=\"wp-block-image size-large animation--init--once slide-up delay-1\"><img loading=\"lazy\" decoding=\"async\" width=\"24\" height=\"24\" src=\"https:\/\/campingterraalta.com\/wp-content\/uploads\/capacidad.svg\" alt=\"\" class=\"wp-image-1179\"\/><figcaption class=\"wp-element-caption\">5 personas<\/figcaption><\/figure>\n\n\n\n<figure class=\"wp-block-image size-large animation--init--once slide-up delay-2\"><img loading=\"lazy\" decoding=\"async\" width=\"25\" height=\"24\" src=\"https:\/\/campingterraalta.com\/wp-content\/uploads\/medidas.svg\" alt=\"\" class=\"wp-image-1180\"\/><figcaption class=\"wp-element-caption\">100 m2<\/figcaption><\/figure>\n<\/div>\n<\/div>\n<\/div>\n<\/div>\n<\/div>\n<\/div>\n\n\n\n<div class=\"wp-block-group alignwide is-layout-constrained wp-block-group-is-layout-constrained\" style=\"margin-top:50px;margin-bottom:50px\">\n<div class=\"wp-block-columns alignwide slider-columns section-z-index is-layout-flex wp-container-core-columns-is-layout-e524df8a wp-block-columns-is-layout-flex\">\n<div class=\"wp-block-column is-vertically-aligned-center is-layout-flow wp-block-column-is-layout-flow\" style=\"flex-basis:100%\">\n<p>El Camping Terra Alta a pie de la v\u00eda verde de la Terra Alta, est\u00e1 distribuido en terrazas con vistas a la Aguja de Bot y en parcelas de aproximadamente 100 m2.<\/p>\n\n\n\n<p>Admitiendo caravanas y autocaravanas de hasta 10m de longitud y 3,5m de altura sin ning\u00fan problema (otras longitudes o alturas, consultar).<\/p>\n\n\n\n<p>En la construcci\u00f3n del Camping Terra Alta hemos evitado, en todo momento, la afectaci\u00f3n a las terrazas de olivos existentes en la finca. As\u00ed, le podemos ofrecer la posibilidad de vivir durante unos d\u00edas, bajo un olivo centenario que, adem\u00e1s de una sombra fresca, le crear\u00e1 un ambiente de paz y tranquilidad donde disfrutar de sus vacaciones.<\/p>\n\n\n\n<p>De todas formas tambi\u00e9n contamos con parcelas m\u00e1s soleadas donde hemos plantado olmos.<\/p>\n<\/div>\n<\/div>\n<\/div>\n\n\n\n<div class=\"wp-block-group alignwide mobile-reverse is-layout-constrained wp-block-group-is-layout-constrained\" style=\"padding-top:50px;padding-bottom:50px\">\n<div class=\"wp-block-columns alignwide are-vertically-aligned-center slider-columns section-z-index is-layout-flex wp-container-core-columns-is-layout-e524df8a wp-block-columns-is-layout-flex\">\n<div class=\"wp-block-column is-vertically-aligned-center is-layout-flow wp-block-column-is-layout-flow\" style=\"padding-top:0px;padding-bottom:0px;flex-basis:100%\">\n<div class=\"wp-image-slider animation--init--once slider-column has-text-align-left aspect-ratio-16_9\">\n\n                                        \n                    <script>\n                        'use strict';\n\n                        document.addEventListener('DOMContentLoaded', function () {\n\n                            (function() {\n                                const blockSlide = new Splide( '#slide_827', {\n                                    type : 'loop',\n                                    perPage: 1,\n                                                                        \n                                    breakpoints: {\n                                        800: {\n                                            perPage: 1,\n                                                                                    },\n                                        450: {\n                                            perPage: 1,\n                                            \n                                        },\n                                    },\n                                    pagination: false,\n                                    arrows: true,\n                                    gap: 'var(--wp--style--block-gap)',\n                                    i18n: {\n                                        slideLabel: '%s\/%s',\n                                    }\n                                } );\n                                \n\n                                \n                                blockSlide.mount();\n\n                                                                \n                                \n                            })();\n                        })\n                    <\/script>\n\n                    <div class=\"slider-container\"><div class=\"splide galeria-slider galeria-columnas-1\" id=\"slide_827\"><div class=\"splide__track\"><div class=\"splide__list\"><div id=\"thumb-1801\" class=\"splide__slide\"><div class=\"image-wrapper\"><img loading=\"lazy\" decoding=\"async\" width=\"1536\" height=\"1024\" src=\"https:\/\/campingterraalta.com\/wp-content\/uploads\/p2-1536x1024.webp\" class=\"attachment-gallery-large size-gallery-large\" alt=\"\" srcset=\"https:\/\/campingterraalta.com\/wp-content\/uploads\/p2-1536x1024.webp 1536w, https:\/\/campingterraalta.com\/wp-content\/uploads\/p2-1024x683.webp 1024w, https:\/\/campingterraalta.com\/wp-content\/uploads\/p2-768x512.webp 768w, https:\/\/campingterraalta.com\/wp-content\/uploads\/p2-512x341.webp 512w, https:\/\/campingterraalta.com\/wp-content\/uploads\/p2-256x171.webp 256w, https:\/\/campingterraalta.com\/wp-content\/uploads\/p2.webp 1920w\" sizes=\"auto, (max-width: 1536px) 100vw, 1536px\" \/><\/div><\/div><div id=\"thumb-1800\" class=\"splide__slide\"><div class=\"image-wrapper\"><img loading=\"lazy\" decoding=\"async\" width=\"1536\" height=\"1152\" src=\"https:\/\/campingterraalta.com\/wp-content\/uploads\/p1-1536x1152.webp\" class=\"attachment-gallery-large size-gallery-large\" alt=\"\" srcset=\"https:\/\/campingterraalta.com\/wp-content\/uploads\/p1-1536x1152.webp 1536w, https:\/\/campingterraalta.com\/wp-content\/uploads\/p1-1024x768.webp 1024w, https:\/\/campingterraalta.com\/wp-content\/uploads\/p1-768x576.webp 768w, https:\/\/campingterraalta.com\/wp-content\/uploads\/p1-512x384.webp 512w, https:\/\/campingterraalta.com\/wp-content\/uploads\/p1-256x192.webp 256w, https:\/\/campingterraalta.com\/wp-content\/uploads\/p1.webp 1920w\" sizes=\"auto, (max-width: 1536px) 100vw, 1536px\" \/><\/div><\/div><div id=\"thumb-1799\" class=\"splide__slide\"><div class=\"image-wrapper\"><img loading=\"lazy\" decoding=\"async\" width=\"1536\" height=\"1024\" src=\"https:\/\/campingterraalta.com\/wp-content\/uploads\/p7-1536x1024.webp\" class=\"attachment-gallery-large size-gallery-large\" alt=\"\" srcset=\"https:\/\/campingterraalta.com\/wp-content\/uploads\/p7-1536x1024.webp 1536w, https:\/\/campingterraalta.com\/wp-content\/uploads\/p7-1024x683.webp 1024w, https:\/\/campingterraalta.com\/wp-content\/uploads\/p7-768x512.webp 768w, https:\/\/campingterraalta.com\/wp-content\/uploads\/p7-512x341.webp 512w, https:\/\/campingterraalta.com\/wp-content\/uploads\/p7-256x171.webp 256w, https:\/\/campingterraalta.com\/wp-content\/uploads\/p7.webp 1920w\" sizes=\"auto, (max-width: 1536px) 100vw, 1536px\" \/><\/div><\/div><div id=\"thumb-1798\" class=\"splide__slide\"><div class=\"image-wrapper\"><img loading=\"lazy\" decoding=\"async\" width=\"1536\" height=\"1024\" src=\"https:\/\/campingterraalta.com\/wp-content\/uploads\/p4-1536x1024.webp\" class=\"attachment-gallery-large size-gallery-large\" alt=\"\" srcset=\"https:\/\/campingterraalta.com\/wp-content\/uploads\/p4-1536x1024.webp 1536w, https:\/\/campingterraalta.com\/wp-content\/uploads\/p4-1024x683.webp 1024w, https:\/\/campingterraalta.com\/wp-content\/uploads\/p4-768x512.webp 768w, https:\/\/campingterraalta.com\/wp-content\/uploads\/p4-512x341.webp 512w, https:\/\/campingterraalta.com\/wp-content\/uploads\/p4-256x171.webp 256w, https:\/\/campingterraalta.com\/wp-content\/uploads\/p4.webp 1920w\" sizes=\"auto, (max-width: 1536px) 100vw, 1536px\" \/><\/div><\/div><div id=\"thumb-1802\" class=\"splide__slide\"><div class=\"image-wrapper\"><img loading=\"lazy\" decoding=\"async\" width=\"1536\" height=\"1024\" src=\"https:\/\/campingterraalta.com\/wp-content\/uploads\/p6-1536x1024.webp\" class=\"attachment-gallery-large size-gallery-large\" alt=\"\" srcset=\"https:\/\/campingterraalta.com\/wp-content\/uploads\/p6-1536x1024.webp 1536w, https:\/\/campingterraalta.com\/wp-content\/uploads\/p6-1024x683.webp 1024w, https:\/\/campingterraalta.com\/wp-content\/uploads\/p6-768x512.webp 768w, https:\/\/campingterraalta.com\/wp-content\/uploads\/p6-512x341.webp 512w, https:\/\/campingterraalta.com\/wp-content\/uploads\/p6-256x171.webp 256w, https:\/\/campingterraalta.com\/wp-content\/uploads\/p6.webp 1920w\" sizes=\"auto, (max-width: 1536px) 100vw, 1536px\" \/><\/div><\/div><div id=\"thumb-1803\" class=\"splide__slide\"><div class=\"image-wrapper\"><img loading=\"lazy\" decoding=\"async\" width=\"1536\" height=\"1024\" src=\"https:\/\/campingterraalta.com\/wp-content\/uploads\/p3-1536x1024.webp\" class=\"attachment-gallery-large size-gallery-large\" alt=\"\" srcset=\"https:\/\/campingterraalta.com\/wp-content\/uploads\/p3-1536x1024.webp 1536w, https:\/\/campingterraalta.com\/wp-content\/uploads\/p3-1024x683.webp 1024w, https:\/\/campingterraalta.com\/wp-content\/uploads\/p3-768x512.webp 768w, https:\/\/campingterraalta.com\/wp-content\/uploads\/p3-512x341.webp 512w, https:\/\/campingterraalta.com\/wp-content\/uploads\/p3-256x171.webp 256w, https:\/\/campingterraalta.com\/wp-content\/uploads\/p3.webp 1920w\" sizes=\"auto, (max-width: 1536px) 100vw, 1536px\" \/><\/div><\/div><div id=\"thumb-1804\" class=\"splide__slide\"><div class=\"image-wrapper\"><img loading=\"lazy\" decoding=\"async\" width=\"1536\" height=\"1024\" src=\"https:\/\/campingterraalta.com\/wp-content\/uploads\/p5-1536x1024.webp\" class=\"attachment-gallery-large size-gallery-large\" alt=\"\" srcset=\"https:\/\/campingterraalta.com\/wp-content\/uploads\/p5-1536x1024.webp 1536w, https:\/\/campingterraalta.com\/wp-content\/uploads\/p5-1024x683.webp 1024w, https:\/\/campingterraalta.com\/wp-content\/uploads\/p5-768x512.webp 768w, https:\/\/campingterraalta.com\/wp-content\/uploads\/p5-512x341.webp 512w, https:\/\/campingterraalta.com\/wp-content\/uploads\/p5-256x171.webp 256w, https:\/\/campingterraalta.com\/wp-content\/uploads\/p5.webp 1920w\" sizes=\"auto, (max-width: 1536px) 100vw, 1536px\" \/><\/div><\/div><\/div><\/div><\/div><\/div>\n                    \n<\/div><\/div>\n<\/div>\n<\/div>\n\n\n\n<div class=\"wp-block-group alignfull intro-page has-theme-red-color has-theme-pearl-background-color has-text-color has-background has-link-color wp-elements-b7719792cdc9ff72b362d85c2be35525 is-layout-constrained wp-block-group-is-layout-constrained\" style=\"margin-top:0px;margin-bottom:0px;padding-top:100px;padding-bottom:50px\">\n<div class=\"wp-block-columns alignwide are-vertically-aligned-center has-theme-red-color has-text-color has-link-color wp-elements-6050e1851735c86e95acf2246274d3f3 is-layout-flex wp-container-core-columns-is-layout-28f84493 wp-block-columns-is-layout-flex\">\n<div class=\"wp-block-column is-vertically-aligned-center has-theme-red-color has-text-color has-link-color wp-elements-b941611a576c4618b2e62a511eabcc81 is-layout-flow wp-block-column-is-layout-flow\">\n<div class=\"wp-block-group alignwide block-petit has-animation has-theme-red-color has-text-color has-link-color wp-elements-d257612b5b35ea404a65818f14f6aeaa is-layout-constrained wp-block-group-is-layout-constrained\">\n<h2 class=\"wp-block-heading has-text-align-center animation--init--once animation--bottom has-theme-red-color has-text-color has-link-color wp-elements-2cfdcd25935b7711c3295fd3f545fe69\" style=\"margin-bottom:40px\"><sup>RESERVA ONLINE AL MEJOR PRECIO GARANTIZADO! <\/sup> Tarifas y disponibilidades<\/h2>\n<\/div>\n<\/div>\n<\/div>\n<\/div>\n\n\n\n<div class=\"wp-block-group alignfull intro-page has-theme-red-color has-theme-pearl-background-color has-text-color has-background has-link-color wp-elements-b02dfb1c17c32795362e42db5a0efaf4 is-layout-constrained wp-block-group-is-layout-constrained\" id=\"tarifes-disponibilitats\" style=\"margin-top:0px;margin-bottom:0px;padding-top:0px;padding-bottom:100px\"><\/div>\n\n\n\n<div class=\"wp-block-group alignfull intro-page has-theme-red-color has-theme-white-background-color has-text-color has-background has-link-color wp-elements-93d6cefb2d11a858affebf6c291cf60c is-layout-constrained wp-block-group-is-layout-constrained\" id=\"altres-allotjaments\" style=\"margin-top:0px;margin-bottom:0px;padding-top:100px;padding-bottom:100px\">\n<div class=\"wp-block-columns alignwide are-vertically-aligned-center has-theme-red-color has-text-color has-link-color wp-elements-c06ebd91e90c95aaa9baa6dcbe1c4f8c is-layout-flex wp-container-core-columns-is-layout-28f84493 wp-block-columns-is-layout-flex\">\n<div class=\"wp-block-column is-vertically-aligned-center has-theme-red-color has-text-color has-link-color wp-elements-42e1def24956508fc00bf37413723e29 is-layout-flow wp-block-column-is-layout-flow\">\n<div class=\"wp-block-group alignwide block-petit has-animation has-theme-red-color has-text-color has-link-color wp-elements-cee6ed98fe6c97155abb2dfd97e2c944 is-layout-constrained wp-block-group-is-layout-constrained\">\n<h2 class=\"wp-block-heading has-text-align-center animation--init--once animation--bottom has-theme-red-color has-text-color has-link-color wp-elements-cc3d5227ced07ba64561dbc94557574b\" style=\"margin-bottom:40px\"><sup>DESCUBRE M\u00c1S OCIONES <\/sup>Otros alojamientos<\/h2>\n<\/div>\n<\/div>\n<\/div>\n\n\n\n<div class=\"wp-block-columns alignwide are-vertically-aligned-center has-theme-red-color has-text-color has-link-color wp-elements-456aad471d84b41fc23083fd5a309cfd is-layout-flex wp-container-core-columns-is-layout-28f84493 wp-block-columns-is-layout-flex\">\n<div class=\"wp-block-column is-vertically-aligned-center has-theme-red-color has-text-color has-link-color wp-elements-ad5c1ce49b5ef1a524c8e3946b9c7f1c is-layout-flow wp-block-column-is-layout-flow\">\n<div class=\"wp-block-group alignwide block-petit has-animation has-theme-red-color has-text-color has-link-color wp-elements-82939738663702fdbfb0c6665b0d4b9e is-layout-constrained wp-block-group-is-layout-constrained\"><div class=\"wp-page-list\">\r\n \r\n                                                                <div class=\"slider-container lodgings\">\r\n                <div class=\"splide page-list\" id=\"content-gallery_7572\" style=\"\" >\r\n                    <div class=\"splide__track\">\r\n                        <div class=\"splide__list\">\r\n                                                                                                                                        <div class=\"splide__slide wp-block-group\">\r\n                                                                                                                                    <a class=\"page-list-block-container\" href=\"https:\/\/campingterraalta.com\/es\/alojamientos\/mobilhomes\/\">\r\n                                                                                            <div class=\"page-list-block-wrapper\">\r\n                                                                                                                                                            <div class=\"page-list-image\">\r\n                                                        <img loading=\"lazy\" decoding=\"async\" width=\"1600\" height=\"900\" src=\"https:\/\/campingterraalta.com\/wp-content\/uploads\/portada.webp\" class=\"attachment-full size-full wp-post-image\" alt=\"\" style=\"object-fit: cover; aspect-ratio:1\/1\" srcset=\"https:\/\/campingterraalta.com\/wp-content\/uploads\/portada.webp 1600w, https:\/\/campingterraalta.com\/wp-content\/uploads\/portada-1024x576.webp 1024w, https:\/\/campingterraalta.com\/wp-content\/uploads\/portada-768x432.webp 768w, https:\/\/campingterraalta.com\/wp-content\/uploads\/portada-1536x864.webp 1536w, https:\/\/campingterraalta.com\/wp-content\/uploads\/portada-512x288.webp 512w, https:\/\/campingterraalta.com\/wp-content\/uploads\/portada-256x144.webp 256w\" sizes=\"auto, (max-width: 1600px) 100vw, 1600px\" \/>                                                    <\/div>\r\n                                                    <div class=\"page-list-info\">\r\n                                                        <div class=\"info-wrapper\">\r\n                                                        <h3 class=\"has-h-5-font-size page-list-title\">Mobilhomes<\/h3>\r\n                                                                                                                                                                            <div class=\"icons-horizontals is-not-stacked-on-mobile\">                                                           \r\n                                                                                                                                    <div class=\"wp-block-group\">\r\n                                                                                                                                                <img decoding=\"async\" class=\"icon-page-list\" src=\"https:\/\/campingterraalta.com\/wp-content\/uploads\/capacidad.svg\" alt=\"\" \/>\r\n                                                                         <p class=\"value-page-list\">4 persones<\/p>\r\n                                                                    <\/div>\r\n                                                                                                                                    <div class=\"wp-block-group\">\r\n                                                                                                                                                <img decoding=\"async\" class=\"icon-page-list\" src=\"https:\/\/campingterraalta.com\/wp-content\/uploads\/medidas.svg\" alt=\"\" \/>\r\n                                                                         <p class=\"value-page-list\">24 m2<\/p>\r\n                                                                    <\/div>\r\n                                                                                                                                    <div class=\"wp-block-group\">\r\n                                                                                                                                                <img decoding=\"async\" class=\"icon-page-list\" src=\"https:\/\/campingterraalta.com\/wp-content\/uploads\/cama-dobke.svg\" alt=\"\" \/>\r\n                                                                         <p class=\"value-page-list\">3 llits total<\/p>\r\n                                                                    <\/div>\r\n                                                                                                                            <\/div>\r\n                                                                                                                <\/div>\r\n                                                                                                            <\/div>\r\n                                                <\/div>\r\n                                                                                        <\/a>\r\n                                                                                    <\/div>\r\n                                                                                                                                                                                                            <div class=\"splide__slide wp-block-group\">\r\n                                                                                                                                    <a class=\"page-list-block-container\" href=\"https:\/\/campingterraalta.com\/es\/alojamientos\/mobilhomes-2\/\">\r\n                                                                                            <div class=\"page-list-block-wrapper\">\r\n                                                                                                                                                            <div class=\"page-list-image\">\r\n                                                        <img loading=\"lazy\" decoding=\"async\" width=\"1600\" height=\"1204\" src=\"https:\/\/campingterraalta.com\/wp-content\/uploads\/img-20250609-wa0060.webp\" class=\"attachment-full size-full wp-post-image\" alt=\"\" style=\"object-fit: cover; aspect-ratio:1\/1\" srcset=\"https:\/\/campingterraalta.com\/wp-content\/uploads\/img-20250609-wa0060.webp 1600w, https:\/\/campingterraalta.com\/wp-content\/uploads\/img-20250609-wa0060-1024x771.webp 1024w, https:\/\/campingterraalta.com\/wp-content\/uploads\/img-20250609-wa0060-768x578.webp 768w, https:\/\/campingterraalta.com\/wp-content\/uploads\/img-20250609-wa0060-1536x1156.webp 1536w, https:\/\/campingterraalta.com\/wp-content\/uploads\/img-20250609-wa0060-512x385.webp 512w, https:\/\/campingterraalta.com\/wp-content\/uploads\/img-20250609-wa0060-256x193.webp 256w\" sizes=\"auto, (max-width: 1600px) 100vw, 1600px\" \/>                                                    <\/div>\r\n                                                    <div class=\"page-list-info\">\r\n                                                        <div class=\"info-wrapper\">\r\n                                                        <h3 class=\"has-h-5-font-size page-list-title\">Mobilhomes 2p<\/h3>\r\n                                                                                                                                                                            <div class=\"icons-horizontals is-not-stacked-on-mobile\">                                                           \r\n                                                                                                                                    <div class=\"wp-block-group\">\r\n                                                                                                                                                <img decoding=\"async\" class=\"icon-page-list\" src=\"https:\/\/campingterraalta.com\/wp-content\/uploads\/capacidad.svg\" alt=\"\" \/>\r\n                                                                         <p class=\"value-page-list\">2 persones<\/p>\r\n                                                                    <\/div>\r\n                                                                                                                                    <div class=\"wp-block-group\">\r\n                                                                                                                                                <img decoding=\"async\" class=\"icon-page-list\" src=\"https:\/\/campingterraalta.com\/wp-content\/uploads\/medidas.svg\" alt=\"\" \/>\r\n                                                                         <p class=\"value-page-list\">20 m2<\/p>\r\n                                                                    <\/div>\r\n                                                                                                                                    <div class=\"wp-block-group\">\r\n                                                                                                                                                <img decoding=\"async\" class=\"icon-page-list\" src=\"https:\/\/campingterraalta.com\/wp-content\/uploads\/cama-dobke.svg\" alt=\"\" \/>\r\n                                                                         <p class=\"value-page-list\">1 llit<\/p>\r\n                                                                    <\/div>\r\n                                                                                                                            <\/div>\r\n                                                                                                                <\/div>\r\n                                                                                                            <\/div>\r\n                                                <\/div>\r\n                                                                                        <\/a>\r\n                                                                                    <\/div>\r\n                                                                                                                                                                                                            <div class=\"splide__slide wp-block-group\">\r\n                                                                                                                                    <a class=\"page-list-block-container\" href=\"https:\/\/campingterraalta.com\/es\/alojamientos\/bungalow-agulla\/\">\r\n                                                                                            <div class=\"page-list-block-wrapper\">\r\n                                                                                                                                                            <div class=\"page-list-image\">\r\n                                                        <img loading=\"lazy\" decoding=\"async\" width=\"1920\" height=\"1280\" src=\"https:\/\/campingterraalta.com\/wp-content\/uploads\/bungalow-agulla-2.webp\" class=\"attachment-full size-full wp-post-image\" alt=\"\" style=\"object-fit: cover; aspect-ratio:1\/1\" srcset=\"https:\/\/campingterraalta.com\/wp-content\/uploads\/bungalow-agulla-2.webp 1920w, https:\/\/campingterraalta.com\/wp-content\/uploads\/bungalow-agulla-2-1024x683.webp 1024w, https:\/\/campingterraalta.com\/wp-content\/uploads\/bungalow-agulla-2-768x512.webp 768w, https:\/\/campingterraalta.com\/wp-content\/uploads\/bungalow-agulla-2-1536x1024.webp 1536w, https:\/\/campingterraalta.com\/wp-content\/uploads\/bungalow-agulla-2-512x341.webp 512w, https:\/\/campingterraalta.com\/wp-content\/uploads\/bungalow-agulla-2-256x171.webp 256w\" sizes=\"auto, (max-width: 1920px) 100vw, 1920px\" \/>                                                    <\/div>\r\n                                                    <div class=\"page-list-info\">\r\n                                                        <div class=\"info-wrapper\">\r\n                                                        <h3 class=\"has-h-5-font-size page-list-title\">Bungalow Agulla<\/h3>\r\n                                                                                                                                                                            <div class=\"icons-horizontals is-not-stacked-on-mobile\">                                                           \r\n                                                                                                                                    <div class=\"wp-block-group\">\r\n                                                                                                                                                <img decoding=\"async\" class=\"icon-page-list\" src=\"https:\/\/campingterraalta.com\/wp-content\/uploads\/capacidad.svg\" alt=\"\" \/>\r\n                                                                         <p class=\"value-page-list\">5 persones<\/p>\r\n                                                                    <\/div>\r\n                                                                                                                                    <div class=\"wp-block-group\">\r\n                                                                                                                                                <img decoding=\"async\" class=\"icon-page-list\" src=\"https:\/\/campingterraalta.com\/wp-content\/uploads\/medidas.svg\" alt=\"\" \/>\r\n                                                                         <p class=\"value-page-list\">45 m2<\/p>\r\n                                                                    <\/div>\r\n                                                                                                                                    <div class=\"wp-block-group\">\r\n                                                                                                                                                <img decoding=\"async\" class=\"icon-page-list\" src=\"https:\/\/campingterraalta.com\/wp-content\/uploads\/cama-dobke.svg\" alt=\"\" \/>\r\n                                                                         <p class=\"value-page-list\">4 llits total<\/p>\r\n                                                                    <\/div>\r\n                                                                                                                            <\/div>\r\n                                                                                                                <\/div>\r\n                                                                                                            <\/div>\r\n                                                <\/div>\r\n                                                                                        <\/a>\r\n                                                                                    <\/div>\r\n                                                                                                                                                                                                            <div class=\"splide__slide wp-block-group\">\r\n                                                                                                                                    <a class=\"page-list-block-container\" href=\"https:\/\/campingterraalta.com\/es\/alojamientos\/bungalow-plana\/\">\r\n                                                                                            <div class=\"page-list-block-wrapper\">\r\n                                                                                                                                                            <div class=\"page-list-image\">\r\n                                                        <img loading=\"lazy\" decoding=\"async\" width=\"1920\" height=\"1280\" src=\"https:\/\/campingterraalta.com\/wp-content\/uploads\/portada-3.webp\" class=\"attachment-full size-full wp-post-image\" alt=\"\" style=\"object-fit: cover; aspect-ratio:1\/1\" srcset=\"https:\/\/campingterraalta.com\/wp-content\/uploads\/portada-3.webp 1920w, https:\/\/campingterraalta.com\/wp-content\/uploads\/portada-3-1024x683.webp 1024w, https:\/\/campingterraalta.com\/wp-content\/uploads\/portada-3-768x512.webp 768w, https:\/\/campingterraalta.com\/wp-content\/uploads\/portada-3-1536x1024.webp 1536w, https:\/\/campingterraalta.com\/wp-content\/uploads\/portada-3-512x341.webp 512w, https:\/\/campingterraalta.com\/wp-content\/uploads\/portada-3-256x171.webp 256w\" sizes=\"auto, (max-width: 1920px) 100vw, 1920px\" \/>                                                    <\/div>\r\n                                                    <div class=\"page-list-info\">\r\n                                                        <div class=\"info-wrapper\">\r\n                                                        <h3 class=\"has-h-5-font-size page-list-title\">Bungalow Plana<\/h3>\r\n                                                                                                                                                                            <div class=\"icons-horizontals is-not-stacked-on-mobile\">                                                           \r\n                                                                                                                                    <div class=\"wp-block-group\">\r\n                                                                                                                                                <img decoding=\"async\" class=\"icon-page-list\" src=\"https:\/\/campingterraalta.com\/wp-content\/uploads\/capacidad.svg\" alt=\"\" \/>\r\n                                                                         <p class=\"value-page-list\">2 persones<\/p>\r\n                                                                    <\/div>\r\n                                                                                                                                    <div class=\"wp-block-group\">\r\n                                                                                                                                                <img decoding=\"async\" class=\"icon-page-list\" src=\"https:\/\/campingterraalta.com\/wp-content\/uploads\/medidas.svg\" alt=\"\" \/>\r\n                                                                         <p class=\"value-page-list\">30 m2<\/p>\r\n                                                                    <\/div>\r\n                                                                                                                                    <div class=\"wp-block-group\">\r\n                                                                                                                                                <img decoding=\"async\" class=\"icon-page-list\" src=\"https:\/\/campingterraalta.com\/wp-content\/uploads\/cama-dobke.svg\" alt=\"\" \/>\r\n                                                                         <p class=\"value-page-list\">1 llit total<\/p>\r\n                                                                    <\/div>\r\n                                                                                                                            <\/div>\r\n                                                                                                                <\/div>\r\n                                                                                                            <\/div>\r\n                                                <\/div>\r\n                                                                                        <\/a>\r\n                                                                                    <\/div>\r\n                                                                                                                                                                                                            <div class=\"splide__slide wp-block-group\">\r\n                                                                                                                                    <a class=\"page-list-block-container\" href=\"https:\/\/campingterraalta.com\/es\/alojamientos\/caseta-de-fusta\/\">\r\n                                                                                            <div class=\"page-list-block-wrapper\">\r\n                                                                                                                                                            <div class=\"page-list-image\">\r\n                                                        <img loading=\"lazy\" decoding=\"async\" width=\"1920\" height=\"1280\" src=\"https:\/\/campingterraalta.com\/wp-content\/uploads\/portada-4.webp\" class=\"attachment-full size-full wp-post-image\" alt=\"\" style=\"object-fit: cover; aspect-ratio:1\/1\" srcset=\"https:\/\/campingterraalta.com\/wp-content\/uploads\/portada-4.webp 1920w, https:\/\/campingterraalta.com\/wp-content\/uploads\/portada-4-1024x683.webp 1024w, https:\/\/campingterraalta.com\/wp-content\/uploads\/portada-4-768x512.webp 768w, https:\/\/campingterraalta.com\/wp-content\/uploads\/portada-4-1536x1024.webp 1536w, https:\/\/campingterraalta.com\/wp-content\/uploads\/portada-4-512x341.webp 512w, https:\/\/campingterraalta.com\/wp-content\/uploads\/portada-4-256x171.webp 256w\" sizes=\"auto, (max-width: 1920px) 100vw, 1920px\" \/>                                                    <\/div>\r\n                                                    <div class=\"page-list-info\">\r\n                                                        <div class=\"info-wrapper\">\r\n                                                        <h3 class=\"has-h-5-font-size page-list-title\">Caba\u00f1a de madera<\/h3>\r\n                                                                                                                                                                            <div class=\"icons-horizontals is-not-stacked-on-mobile\">                                                           \r\n                                                                                                                                    <div class=\"wp-block-group\">\r\n                                                                                                                                                <img decoding=\"async\" class=\"icon-page-list\" src=\"https:\/\/campingterraalta.com\/wp-content\/uploads\/capacidad.svg\" alt=\"\" \/>\r\n                                                                         <p class=\"value-page-list\">4 persones<\/p>\r\n                                                                    <\/div>\r\n                                                                                                                                    <div class=\"wp-block-group\">\r\n                                                                                                                                                <img decoding=\"async\" class=\"icon-page-list\" src=\"https:\/\/campingterraalta.com\/wp-content\/uploads\/medidas.svg\" alt=\"\" \/>\r\n                                                                         <p class=\"value-page-list\">28 m2<\/p>\r\n                                                                    <\/div>\r\n                                                                                                                                    <div class=\"wp-block-group\">\r\n                                                                                                                                                <img decoding=\"async\" class=\"icon-page-list\" src=\"https:\/\/campingterraalta.com\/wp-content\/uploads\/cama-dobke.svg\" alt=\"\" \/>\r\n                                                                         <p class=\"value-page-list\">3 llits total<\/p>\r\n                                                                    <\/div>\r\n                                                                                                                            <\/div>\r\n                                                                                                                <\/div>\r\n                                                                                                            <\/div>\r\n                                                <\/div>\r\n                                                                                        <\/a>\r\n                                                                                    <\/div>\r\n                                                                                                                                                                                                            <div class=\"splide__slide wp-block-group\">\r\n                                                                                                                                    <a class=\"page-list-block-container\" href=\"https:\/\/campingterraalta.com\/es\/alojamientos\/bungalow-migdia\/\">\r\n                                                                                            <div class=\"page-list-block-wrapper\">\r\n                                                                                                                                                            <div class=\"page-list-image\">\r\n                                                        <img loading=\"lazy\" decoding=\"async\" width=\"1920\" height=\"1280\" src=\"https:\/\/campingterraalta.com\/wp-content\/uploads\/bm1.webp\" class=\"attachment-full size-full wp-post-image\" alt=\"\" style=\"object-fit: cover; aspect-ratio:1\/1\" srcset=\"https:\/\/campingterraalta.com\/wp-content\/uploads\/bm1.webp 1920w, https:\/\/campingterraalta.com\/wp-content\/uploads\/bm1-1024x683.webp 1024w, https:\/\/campingterraalta.com\/wp-content\/uploads\/bm1-768x512.webp 768w, https:\/\/campingterraalta.com\/wp-content\/uploads\/bm1-1536x1024.webp 1536w, https:\/\/campingterraalta.com\/wp-content\/uploads\/bm1-512x341.webp 512w, https:\/\/campingterraalta.com\/wp-content\/uploads\/bm1-256x171.webp 256w\" sizes=\"auto, (max-width: 1920px) 100vw, 1920px\" \/>                                                    <\/div>\r\n                                                    <div class=\"page-list-info\">\r\n                                                        <div class=\"info-wrapper\">\r\n                                                        <h3 class=\"has-h-5-font-size page-list-title\">Bungalow Migdia<\/h3>\r\n                                                                                                                                                                            <div class=\"icons-horizontals is-not-stacked-on-mobile\">                                                           \r\n                                                                                                                                    <div class=\"wp-block-group\">\r\n                                                                                                                                                <img decoding=\"async\" class=\"icon-page-list\" src=\"https:\/\/campingterraalta.com\/wp-content\/uploads\/capacidad.svg\" alt=\"\" \/>\r\n                                                                         <p class=\"value-page-list\">2 persones<\/p>\r\n                                                                    <\/div>\r\n                                                                                                                                    <div class=\"wp-block-group\">\r\n                                                                                                                                                <img decoding=\"async\" class=\"icon-page-list\" src=\"https:\/\/campingterraalta.com\/wp-content\/uploads\/medidas.svg\" alt=\"\" \/>\r\n                                                                         <p class=\"value-page-list\">30 m2<\/p>\r\n                                                                    <\/div>\r\n                                                                                                                                    <div class=\"wp-block-group\">\r\n                                                                                                                                                <img decoding=\"async\" class=\"icon-page-list\" src=\"https:\/\/campingterraalta.com\/wp-content\/uploads\/cama-dobke.svg\" alt=\"\" \/>\r\n                                                                         <p class=\"value-page-list\">1 llit total<\/p>\r\n                                                                    <\/div>\r\n                                                                                                                            <\/div>\r\n                                                                                                                <\/div>\r\n                                                                                                            <\/div>\r\n                                                <\/div>\r\n                                                                                        <\/a>\r\n                                                                                    <\/div>\r\n                                                                                                                                                                                                            <div class=\"splide__slide wp-block-group\">\r\n                                                                                                                                    <a class=\"page-list-block-container\" href=\"https:\/\/campingterraalta.com\/es\/alojamientos\/cau-bungalow\/\">\r\n                                                                                            <div class=\"page-list-block-wrapper\">\r\n                                                                                                                                                            <div class=\"page-list-image\">\r\n                                                        <img loading=\"lazy\" decoding=\"async\" width=\"1920\" height=\"1280\" src=\"https:\/\/campingterraalta.com\/wp-content\/uploads\/portada-2.webp\" class=\"attachment-full size-full wp-post-image\" alt=\"\" style=\"object-fit: cover; aspect-ratio:1\/1\" srcset=\"https:\/\/campingterraalta.com\/wp-content\/uploads\/portada-2.webp 1920w, https:\/\/campingterraalta.com\/wp-content\/uploads\/portada-2-1024x683.webp 1024w, https:\/\/campingterraalta.com\/wp-content\/uploads\/portada-2-768x512.webp 768w, https:\/\/campingterraalta.com\/wp-content\/uploads\/portada-2-1536x1024.webp 1536w, https:\/\/campingterraalta.com\/wp-content\/uploads\/portada-2-512x341.webp 512w, https:\/\/campingterraalta.com\/wp-content\/uploads\/portada-2-256x171.webp 256w\" sizes=\"auto, (max-width: 1920px) 100vw, 1920px\" \/>                                                    <\/div>\r\n                                                    <div class=\"page-list-info\">\r\n                                                        <div class=\"info-wrapper\">\r\n                                                        <h3 class=\"has-h-5-font-size page-list-title\">Cau Bungalow<\/h3>\r\n                                                                                                                                                                            <div class=\"icons-horizontals is-not-stacked-on-mobile\">                                                           \r\n                                                                                                                                    <div class=\"wp-block-group\">\r\n                                                                                                                                                <img decoding=\"async\" class=\"icon-page-list\" src=\"https:\/\/campingterraalta.com\/wp-content\/uploads\/capacidad.svg\" alt=\"\" \/>\r\n                                                                         <p class=\"value-page-list\">2 persones<\/p>\r\n                                                                    <\/div>\r\n                                                                                                                                    <div class=\"wp-block-group\">\r\n                                                                                                                                                <img decoding=\"async\" class=\"icon-page-list\" src=\"https:\/\/campingterraalta.com\/wp-content\/uploads\/medidas.svg\" alt=\"\" \/>\r\n                                                                         <p class=\"value-page-list\">10 m2<\/p>\r\n                                                                    <\/div>\r\n                                                                                                                                    <div class=\"wp-block-group\">\r\n                                                                                                                                                <img decoding=\"async\" class=\"icon-page-list\" src=\"https:\/\/campingterraalta.com\/wp-content\/uploads\/cama-dobke.svg\" alt=\"\" \/>\r\n                                                                         <p class=\"value-page-list\">1 llit total<\/p>\r\n                                                                    <\/div>\r\n                                                                                                                            <\/div>\r\n                                                                                                                <\/div>\r\n                                                                                                            <\/div>\r\n                                                <\/div>\r\n                                                                                        <\/a>\r\n                                                                                    <\/div>\r\n                                                                                                                                                                                                            <div class=\"splide__slide wp-block-group\">\r\n                                                                                                                                    <a class=\"page-list-block-container\" href=\"https:\/\/campingterraalta.com\/es\/alojamientos\/cau-habitacio\/\">\r\n                                                                                            <div class=\"page-list-block-wrapper\">\r\n                                                                                                                                                            <div class=\"page-list-image\">\r\n                                                        <img loading=\"lazy\" decoding=\"async\" width=\"1920\" height=\"1280\" src=\"https:\/\/campingterraalta.com\/wp-content\/uploads\/portada-1.webp\" class=\"attachment-full size-full wp-post-image\" alt=\"\" style=\"object-fit: cover; aspect-ratio:1\/1\" srcset=\"https:\/\/campingterraalta.com\/wp-content\/uploads\/portada-1.webp 1920w, https:\/\/campingterraalta.com\/wp-content\/uploads\/portada-1-1024x683.webp 1024w, https:\/\/campingterraalta.com\/wp-content\/uploads\/portada-1-768x512.webp 768w, https:\/\/campingterraalta.com\/wp-content\/uploads\/portada-1-1536x1024.webp 1536w, https:\/\/campingterraalta.com\/wp-content\/uploads\/portada-1-512x341.webp 512w, https:\/\/campingterraalta.com\/wp-content\/uploads\/portada-1-256x171.webp 256w\" sizes=\"auto, (max-width: 1920px) 100vw, 1920px\" \/>                                                    <\/div>\r\n                                                    <div class=\"page-list-info\">\r\n                                                        <div class=\"info-wrapper\">\r\n                                                        <h3 class=\"has-h-5-font-size page-list-title\">Cau Habitaci\u00f3n<\/h3>\r\n                                                                                                                                                                            <div class=\"icons-horizontals is-not-stacked-on-mobile\">                                                           \r\n                                                                                                                                    <div class=\"wp-block-group\">\r\n                                                                                                                                                <img decoding=\"async\" class=\"icon-page-list\" src=\"https:\/\/campingterraalta.com\/wp-content\/uploads\/capacidad.svg\" alt=\"\" \/>\r\n                                                                         <p class=\"value-page-list\">2 persones<\/p>\r\n                                                                    <\/div>\r\n                                                                                                                                    <div class=\"wp-block-group\">\r\n                                                                                                                                                <img decoding=\"async\" class=\"icon-page-list\" src=\"https:\/\/campingterraalta.com\/wp-content\/uploads\/medidas.svg\" alt=\"\" \/>\r\n                                                                         <p class=\"value-page-list\">7 m2<\/p>\r\n                                                                    <\/div>\r\n                                                                                                                                    <div class=\"wp-block-group\">\r\n                                                                                                                                                <img decoding=\"async\" class=\"icon-page-list\" src=\"https:\/\/campingterraalta.com\/wp-content\/uploads\/cama-dobke.svg\" alt=\"\" \/>\r\n                                                                         <p class=\"value-page-list\">2 llits total<\/p>\r\n                                                                    <\/div>\r\n                                                                                                                            <\/div>\r\n                                                                                                                <\/div>\r\n                                                                                                            <\/div>\r\n                                                <\/div>\r\n                                                                                        <\/a>\r\n                                                                                    <\/div>\r\n                                                                                                                        <\/div>\r\n                    <\/div>\r\n                <\/div>\r\n            <\/div>\r\n                                    <script>\r\n                document.addEventListener('DOMContentLoaded', function () {\r\n                    (function() {\r\n                        const blockSlide = new Splide( '#content-gallery_7572', {\r\n                            type : 'slide',\r\n                            perPage: 2,\r\n                                                        breakpoints: {\r\n                                999: {\r\n                                    perPage: 2,\r\n                                                                    },\r\n                                450: {\r\n                                    perPage: 1,\r\n                                     \r\n                                },\r\n                            },\r\n                            pagination: true,\r\n                            arrows: false,\r\n                            gap: 'var(--wp--style--block-gap)',\r\n                            i18n: {\r\n                                slideLabel: '%s \/ %s',\r\n                            },\r\n                        } );\r\n                        \r\n                        blockSlide.mount();\r\n                        \r\n                                            })();\r\n                })\r\n            <\/script>\r\n             \r\n     \r\n<\/div><\/div>\n<\/div>\n<\/div>\n<\/div>\n","protected":false},"excerpt":{"rendered":"<p>ALOJAMIENTO Parcelas El Camping Terra Alta a pie de la v\u00eda verde de la Terra Alta, est\u00e1 distribuido en terrazas con vistas a la Aguja&#8230;<\/p>\n","protected":false},"author":2,"featured_media":1798,"parent":0,"menu_order":3,"comment_status":"closed","ping_status":"closed","template":"","meta":{"_acf_changed":false,"inline_featured_image":false,"footnotes":""},"class_list":["post-2128","page","type-page","status-publish","has-post-thumbnail","hentry"],"acf":[],"yoast_head":"<!-- This site is optimized with the Yoast SEO plugin v26.1.1 - https:\/\/yoast.com\/wordpress\/plugins\/seo\/ -->\n<title>Parcelas en Camping Terra Alta: Espacio para Tiendas y Caravanas<\/title>\n<meta name=\"description\" content=\"Reserva tu parcela en Camping Terra Alta y disfruta de un espacio amplio para tiendas, caravanas o autocaravanas en plena naturaleza de la Terra Alta.\" \/>\n<meta name=\"robots\" content=\"index, follow, max-snippet:-1, max-image-preview:large, max-video-preview:-1\" \/>\n<link rel=\"canonical\" href=\"https:\/\/campingterraalta.com\/es\/parcelas\/\" \/>\n<meta property=\"og:locale\" content=\"es_ES\" \/>\n<meta property=\"og:type\" content=\"article\" \/>\n<meta property=\"og:title\" content=\"Parcelas en Camping Terra Alta: Espacio para Tiendas y Caravanas\" \/>\n<meta property=\"og:description\" content=\"Reserva tu parcela en Camping Terra Alta y disfruta de un espacio amplio para tiendas, caravanas o autocaravanas en plena naturaleza de la Terra Alta.\" \/>\n<meta property=\"og:url\" content=\"https:\/\/campingterraalta.com\/es\/parcelas\/\" \/>\n<meta property=\"og:site_name\" content=\"Camping Terra Alta\" \/>\n<meta property=\"article:modified_time\" content=\"2025-12-02T17:00:40+00:00\" \/>\n<meta property=\"og:image\" content=\"https:\/\/campingterraalta.com\/wp-content\/uploads\/p4.webp\" \/>\n\t<meta property=\"og:image:width\" content=\"1920\" \/>\n\t<meta property=\"og:image:height\" content=\"1280\" \/>\n\t<meta property=\"og:image:type\" content=\"image\/webp\" \/>\n<meta name=\"twitter:card\" content=\"summary_large_image\" \/>\n<meta name=\"twitter:label1\" content=\"Tiempo de lectura\" \/>\n\t<meta name=\"twitter:data1\" content=\"4 minutos\" \/>\n<!-- \/ Yoast SEO plugin. -->","yoast_head_json":{"title":"Parcelas en Camping Terra Alta: Espacio para Tiendas y Caravanas","description":"Reserva tu parcela en Camping Terra Alta y disfruta de un espacio amplio para tiendas, caravanas o autocaravanas en plena naturaleza de la Terra Alta.","robots":{"index":"index","follow":"follow","max-snippet":"max-snippet:-1","max-image-preview":"max-image-preview:large","max-video-preview":"max-video-preview:-1"},"canonical":"https:\/\/campingterraalta.com\/es\/parcelas\/","og_locale":"es_ES","og_type":"article","og_title":"Parcelas en Camping Terra Alta: Espacio para Tiendas y Caravanas","og_description":"Reserva tu parcela en Camping Terra Alta y disfruta de un espacio amplio para tiendas, caravanas o autocaravanas en plena naturaleza de la Terra Alta.","og_url":"https:\/\/campingterraalta.com\/es\/parcelas\/","og_site_name":"Camping Terra Alta","article_modified_time":"2025-12-02T17:00:40+00:00","og_image":[{"width":1920,"height":1280,"url":"https:\/\/campingterraalta.com\/wp-content\/uploads\/p4.webp","type":"image\/webp"}],"twitter_card":"summary_large_image","twitter_misc":{"Tiempo de lectura":"4 minutos"},"schema":{"@context":"https:\/\/schema.org","@graph":[{"@type":"WebPage","@id":"https:\/\/campingterraalta.com\/es\/parcelas\/","url":"https:\/\/campingterraalta.com\/es\/parcelas\/","name":"Parcelas en Camping Terra Alta: Espacio para Tiendas y Caravanas","isPartOf":{"@id":"https:\/\/campingterraalta.com\/es\/#website"},"primaryImageOfPage":{"@id":"https:\/\/campingterraalta.com\/es\/parcelas\/#primaryimage"},"image":{"@id":"https:\/\/campingterraalta.com\/es\/parcelas\/#primaryimage"},"thumbnailUrl":"https:\/\/campingterraalta.com\/wp-content\/uploads\/p4.webp","datePublished":"2025-04-02T12:52:35+00:00","dateModified":"2025-12-02T17:00:40+00:00","description":"Reserva tu parcela en Camping Terra Alta y disfruta de un espacio amplio para tiendas, caravanas o autocaravanas en plena naturaleza de la Terra Alta.","breadcrumb":{"@id":"https:\/\/campingterraalta.com\/es\/parcelas\/#breadcrumb"},"inLanguage":"es","potentialAction":[{"@type":"ReadAction","target":["https:\/\/campingterraalta.com\/es\/parcelas\/"]}]},{"@type":"ImageObject","inLanguage":"es","@id":"https:\/\/campingterraalta.com\/es\/parcelas\/#primaryimage","url":"https:\/\/campingterraalta.com\/wp-content\/uploads\/p4.webp","contentUrl":"https:\/\/campingterraalta.com\/wp-content\/uploads\/p4.webp","width":1920,"height":1280},{"@type":"BreadcrumbList","@id":"https:\/\/campingterraalta.com\/es\/parcelas\/#breadcrumb","itemListElement":[{"@type":"ListItem","position":1,"name":"Portada","item":"https:\/\/campingterraalta.com\/es\/"},{"@type":"ListItem","position":2,"name":"Parcelas"}]},{"@type":"WebSite","@id":"https:\/\/campingterraalta.com\/es\/#website","url":"https:\/\/campingterraalta.com\/es\/","name":"Camping Terra Alta","description":"El Camping Terra Alta lleva, desde el 2012, ofreciendo un trato familiar con todas las instalaciones para que pod\u00e1is disfrutar de vuestra estancia con caravana, tienda, autocaravana o en nuestros bungalows.","publisher":{"@id":"https:\/\/campingterraalta.com\/es\/#organization"},"potentialAction":[{"@type":"SearchAction","target":{"@type":"EntryPoint","urlTemplate":"https:\/\/campingterraalta.com\/es\/?s={search_term_string}"},"query-input":{"@type":"PropertyValueSpecification","valueRequired":true,"valueName":"search_term_string"}}],"inLanguage":"es"},{"@type":"Organization","@id":"https:\/\/campingterraalta.com\/es\/#organization","name":"Camping Terra Alta","url":"https:\/\/campingterraalta.com\/es\/","logo":{"@type":"ImageObject","inLanguage":"es","@id":"https:\/\/campingterraalta.com\/es\/#\/schema\/logo\/image\/","url":"https:\/\/campingterraalta.com\/wp-content\/uploads\/logo-terraalta-nobg.webp","contentUrl":"https:\/\/campingterraalta.com\/wp-content\/uploads\/logo-terraalta-nobg.webp","width":190,"height":111,"caption":"Camping Terra Alta"},"image":{"@id":"https:\/\/campingterraalta.com\/es\/#\/schema\/logo\/image\/"}}]}},"_links":{"self":[{"href":"https:\/\/campingterraalta.com\/es\/wp-json\/wp\/v2\/pages\/2128","targetHints":{"allow":["GET"]}}],"collection":[{"href":"https:\/\/campingterraalta.com\/es\/wp-json\/wp\/v2\/pages"}],"about":[{"href":"https:\/\/campingterraalta.com\/es\/wp-json\/wp\/v2\/types\/page"}],"author":[{"embeddable":true,"href":"https:\/\/campingterraalta.com\/es\/wp-json\/wp\/v2\/users\/2"}],"replies":[{"embeddable":true,"href":"https:\/\/campingterraalta.com\/es\/wp-json\/wp\/v2\/comments?post=2128"}],"version-history":[{"count":3,"href":"https:\/\/campingterraalta.com\/es\/wp-json\/wp\/v2\/pages\/2128\/revisions"}],"predecessor-version":[{"id":2596,"href":"https:\/\/campingterraalta.com\/es\/wp-json\/wp\/v2\/pages\/2128\/revisions\/2596"}],"wp:featuredmedia":[{"embeddable":true,"href":"https:\/\/campingterraalta.com\/es\/wp-json\/wp\/v2\/media\/1798"}],"wp:attachment":[{"href":"https:\/\/campingterraalta.com\/es\/wp-json\/wp\/v2\/media?parent=2128"}],"curies":[{"name":"wp","href":"https:\/\/api.w.org\/{rel}","templated":true}]}}