{"id":2097,"date":"2023-05-16T17:32:37","date_gmt":"2023-05-16T15:32:37","guid":{"rendered":"https:\/\/campingterraalta.com\/allotjaments\/"},"modified":"2025-12-02T17:47:08","modified_gmt":"2025-12-02T16:47:08","slug":"alojamientos","status":"publish","type":"page","link":"https:\/\/campingterraalta.com\/es\/alojamientos\/","title":{"rendered":"Alojamientos"},"content":{"rendered":"\n<div class=\"wp-block-cover alignfull has-parallax header-top has-animation oh\" style=\"margin-top:0px;margin-bottom:0px\"><span aria-hidden=\"true\" class=\"wp-block-cover__background has-theme-black-background-color has-background-dim-30 has-background-dim\"><\/span><div class=\"wp-block-cover__image-background wp-image-1805 has-parallax\" style=\"background-position:50% 50%;background-image:url(https:\/\/campingterraalta.com\/wp-content\/uploads\/portada.webp);\"><\/div><div class=\"wp-block-cover__inner-container is-layout-constrained wp-block-cover-is-layout-constrained\">\n<div class=\"wp-block-group animation--init--once animation--top is-content-justification-center is-layout-constrained wp-container-core-group-is-layout-b772f419 wp-block-group-is-layout-constrained\">\n<p class=\"has-text-align-left titre-top animation--init--once animation--top has-h-1-font-size\"><sup>El Camping<\/sup>Alojamientos<\/p>\n\n\n\n<div class=\"wp-block-group alignfull breadcrumbs-top is-layout-constrained wp-block-group-is-layout-constrained\" style=\"margin-top:0px;margin-bottom:0px\">\n<div class=\"wp-block-group is-layout-constrained wp-block-group-is-layout-constrained\">\n<span><span><a href=\"https:\/\/campingterraalta.com\/es\/\">Portada<\/a><\/span><\/span>\n<\/div>\n<\/div>\n<\/div>\n\n\n\n<div class=\"wp-block-group booking-container is-layout-constrained wp-container-core-group-is-layout-eb8a64c5 wp-block-group-is-layout-constrained\"><script>\n            document.addEventListener('DOMContentLoaded', function () {\n\n                var widget = new MasterWidget('widgetBookingContainer4242', {\n                    lang: 'es',idProperty: '352',class: 'widget_columns',dropdown: true,\n                    url: 'https:\/\/booking.campingterraalta.com'\n                });\n\n\n            });\n\n            <\/script><div id=\"widgetBookingContainer4242\"> <\/div>\n\n\n\n<a class=\"boton-reservar\" href=\"https:\/\/booking.campingterraalta.com\/search?lang=es\" target=\"_blank\" rel=\"noopener\">Reservar<\/a>\n<\/div>\n<\/div><\/div>\n\n\n\n<div class=\"wp-block-group alignfull intro-page has-theme-red-color has-theme-white-background-color has-text-color has-background has-link-color wp-elements-a78c6669f2ce27f725de01155d2ae6be is-layout-constrained wp-block-group-is-layout-constrained\" style=\"margin-top:0px;margin-bottom:0px;padding-top:100px;padding-bottom:100px\">\n<div class=\"wp-block-group alignwide block-petit has-animation has-theme-red-color has-text-color has-link-color wp-elements-524d472a3a88dd9aad7ab2515e009742 is-layout-constrained wp-block-group-is-layout-constrained\">\n<h1 class=\"wp-block-heading has-text-align-center animation--init--once animation--bottom has-theme-red-color has-text-color has-link-color has-h-2-font-size wp-elements-75a71d509f8c8831f57c76339f58c6a9\" style=\"margin-bottom:40px\"><sup>Elige entre todos <\/sup> Nuestros alojamientos<\/h1>\n\n\n\n<p class=\"has-text-align-center has-theme-black-color has-text-color has-link-color wp-elements-da6b73e11500cdb6d849fdda5380be36\">D\u00e9jate seducir por la tranquilidad de estas tierras en la terraza m\u00e1s alta del Camping Terra Alta donde se sit\u00faan los bungalows.<\/p>\n<\/div>\n<\/div>\n\n\n\n<div class=\"wp-block-columns alignwide is-layout-flex wp-container-core-columns-is-layout-616b8f11 wp-block-columns-is-layout-flex\" style=\"padding-bottom:100px\">\n<div class=\"wp-block-column is-layout-flow wp-block-column-is-layout-flow\"><div class=\"wp-page-list\">\r\n \r\n                                                                <div class=\"slider-container lodgings\">\r\n                <div class=\"page-list-grid page-list\" id=\"content-gallery_6341\" style=\" --wp--style--block-desktop-column:2;--wp--style--block-tablet-column:2;--wp--style--block-mobile-column:1;\" >\r\n                    <div class=\"splide__track\">\r\n                        <div class=\"splide__list\">\r\n                                                                                                                                        <div class=\"splide__slide wp-block-group\">\r\n                                                                                                                                    <a class=\"page-list-block-container\" href=\"https:\/\/campingterraalta.com\/es\/alojamientos\/mobilhomes\/\">\r\n                                                                                            <div class=\"page-list-block-wrapper\">\r\n                                                                                                                                                            <div class=\"page-list-image\">\r\n                                                        <img loading=\"lazy\" decoding=\"async\" width=\"1600\" height=\"900\" src=\"https:\/\/campingterraalta.com\/wp-content\/uploads\/portada.webp\" class=\"attachment-large size-large wp-post-image\" alt=\"\" style=\"object-fit: cover; aspect-ratio:4\/3\" srcset=\"https:\/\/campingterraalta.com\/wp-content\/uploads\/portada.webp 1600w, https:\/\/campingterraalta.com\/wp-content\/uploads\/portada-1024x576.webp 1024w, https:\/\/campingterraalta.com\/wp-content\/uploads\/portada-768x432.webp 768w, https:\/\/campingterraalta.com\/wp-content\/uploads\/portada-1536x864.webp 1536w, https:\/\/campingterraalta.com\/wp-content\/uploads\/portada-512x288.webp 512w, https:\/\/campingterraalta.com\/wp-content\/uploads\/portada-256x144.webp 256w\" sizes=\"auto, (max-width: 1600px) 100vw, 1600px\" \/>                                                    <\/div>\r\n                                                    <div class=\"page-list-info\">\r\n                                                        <div class=\"info-wrapper\">\r\n                                                        <h3 class=\"has-h-5-font-size page-list-title\">Mobilhomes<\/h3>\r\n                                                                                                                                                                            <div class=\"icons-horizontals is-not-stacked-on-mobile\">                                                           \r\n                                                                                                                                    <div class=\"wp-block-group\">\r\n                                                                                                                                                <img decoding=\"async\" class=\"icon-page-list\" src=\"https:\/\/campingterraalta.com\/wp-content\/uploads\/capacidad.svg\" alt=\"\" \/>\r\n                                                                         <p class=\"value-page-list\">4 persones<\/p>\r\n                                                                    <\/div>\r\n                                                                                                                                    <div class=\"wp-block-group\">\r\n                                                                                                                                                <img decoding=\"async\" class=\"icon-page-list\" src=\"https:\/\/campingterraalta.com\/wp-content\/uploads\/medidas.svg\" alt=\"\" \/>\r\n                                                                         <p class=\"value-page-list\">24 m2<\/p>\r\n                                                                    <\/div>\r\n                                                                                                                                    <div class=\"wp-block-group\">\r\n                                                                                                                                                <img decoding=\"async\" class=\"icon-page-list\" src=\"https:\/\/campingterraalta.com\/wp-content\/uploads\/cama-dobke.svg\" alt=\"\" \/>\r\n                                                                         <p class=\"value-page-list\">3 llits total<\/p>\r\n                                                                    <\/div>\r\n                                                                                                                            <\/div>\r\n                                                                                                                <\/div>\r\n                                                                                                            <\/div>\r\n                                                <\/div>\r\n                                                                                        <\/a>\r\n                                                                                    <\/div>\r\n                                                                                                                                                                                                            <div class=\"splide__slide wp-block-group\">\r\n                                                                                                                                    <a class=\"page-list-block-container\" href=\"https:\/\/campingterraalta.com\/es\/alojamientos\/bungalow-agulla\/\">\r\n                                                                                            <div class=\"page-list-block-wrapper\">\r\n                                                                                                                                                            <div class=\"page-list-image\">\r\n                                                        <img loading=\"lazy\" decoding=\"async\" width=\"1920\" height=\"1280\" src=\"https:\/\/campingterraalta.com\/wp-content\/uploads\/bungalow-agulla-2.webp\" class=\"attachment-large size-large wp-post-image\" alt=\"\" style=\"object-fit: cover; aspect-ratio:4\/3\" srcset=\"https:\/\/campingterraalta.com\/wp-content\/uploads\/bungalow-agulla-2.webp 1920w, https:\/\/campingterraalta.com\/wp-content\/uploads\/bungalow-agulla-2-1024x683.webp 1024w, https:\/\/campingterraalta.com\/wp-content\/uploads\/bungalow-agulla-2-768x512.webp 768w, https:\/\/campingterraalta.com\/wp-content\/uploads\/bungalow-agulla-2-1536x1024.webp 1536w, https:\/\/campingterraalta.com\/wp-content\/uploads\/bungalow-agulla-2-512x341.webp 512w, https:\/\/campingterraalta.com\/wp-content\/uploads\/bungalow-agulla-2-256x171.webp 256w\" sizes=\"auto, (max-width: 1920px) 100vw, 1920px\" \/>                                                    <\/div>\r\n                                                    <div class=\"page-list-info\">\r\n                                                        <div class=\"info-wrapper\">\r\n                                                        <h3 class=\"has-h-5-font-size page-list-title\">Bungalow Agulla<\/h3>\r\n                                                                                                                                                                            <div class=\"icons-horizontals is-not-stacked-on-mobile\">                                                           \r\n                                                                                                                                    <div class=\"wp-block-group\">\r\n                                                                                                                                                <img decoding=\"async\" class=\"icon-page-list\" src=\"https:\/\/campingterraalta.com\/wp-content\/uploads\/capacidad.svg\" alt=\"\" \/>\r\n                                                                         <p class=\"value-page-list\">5 persones<\/p>\r\n                                                                    <\/div>\r\n                                                                                                                                    <div class=\"wp-block-group\">\r\n                                                                                                                                                <img decoding=\"async\" class=\"icon-page-list\" src=\"https:\/\/campingterraalta.com\/wp-content\/uploads\/medidas.svg\" alt=\"\" \/>\r\n                                                                         <p class=\"value-page-list\">45 m2<\/p>\r\n                                                                    <\/div>\r\n                                                                                                                                    <div class=\"wp-block-group\">\r\n                                                                                                                                                <img decoding=\"async\" class=\"icon-page-list\" src=\"https:\/\/campingterraalta.com\/wp-content\/uploads\/cama-dobke.svg\" alt=\"\" \/>\r\n                                                                         <p class=\"value-page-list\">4 llits total<\/p>\r\n                                                                    <\/div>\r\n                                                                                                                            <\/div>\r\n                                                                                                                <\/div>\r\n                                                                                                            <\/div>\r\n                                                <\/div>\r\n                                                                                        <\/a>\r\n                                                                                    <\/div>\r\n                                                                                                                                                                                                            <div class=\"splide__slide wp-block-group\">\r\n                                                                                                                                    <a class=\"page-list-block-container\" href=\"https:\/\/campingterraalta.com\/es\/alojamientos\/bungalow-plana\/\">\r\n                                                                                            <div class=\"page-list-block-wrapper\">\r\n                                                                                                                                                            <div class=\"page-list-image\">\r\n                                                        <img loading=\"lazy\" decoding=\"async\" width=\"1920\" height=\"1280\" src=\"https:\/\/campingterraalta.com\/wp-content\/uploads\/portada-3.webp\" class=\"attachment-large size-large wp-post-image\" alt=\"\" style=\"object-fit: cover; aspect-ratio:4\/3\" srcset=\"https:\/\/campingterraalta.com\/wp-content\/uploads\/portada-3.webp 1920w, https:\/\/campingterraalta.com\/wp-content\/uploads\/portada-3-1024x683.webp 1024w, https:\/\/campingterraalta.com\/wp-content\/uploads\/portada-3-768x512.webp 768w, https:\/\/campingterraalta.com\/wp-content\/uploads\/portada-3-1536x1024.webp 1536w, https:\/\/campingterraalta.com\/wp-content\/uploads\/portada-3-512x341.webp 512w, https:\/\/campingterraalta.com\/wp-content\/uploads\/portada-3-256x171.webp 256w\" sizes=\"auto, (max-width: 1920px) 100vw, 1920px\" \/>                                                    <\/div>\r\n                                                    <div class=\"page-list-info\">\r\n                                                        <div class=\"info-wrapper\">\r\n                                                        <h3 class=\"has-h-5-font-size page-list-title\">Bungalow Plana<\/h3>\r\n                                                                                                                                                                            <div class=\"icons-horizontals is-not-stacked-on-mobile\">                                                           \r\n                                                                                                                                    <div class=\"wp-block-group\">\r\n                                                                                                                                                <img decoding=\"async\" class=\"icon-page-list\" src=\"https:\/\/campingterraalta.com\/wp-content\/uploads\/capacidad.svg\" alt=\"\" \/>\r\n                                                                         <p class=\"value-page-list\">2 persones<\/p>\r\n                                                                    <\/div>\r\n                                                                                                                                    <div class=\"wp-block-group\">\r\n                                                                                                                                                <img decoding=\"async\" class=\"icon-page-list\" src=\"https:\/\/campingterraalta.com\/wp-content\/uploads\/medidas.svg\" alt=\"\" \/>\r\n                                                                         <p class=\"value-page-list\">30 m2<\/p>\r\n                                                                    <\/div>\r\n                                                                                                                                    <div class=\"wp-block-group\">\r\n                                                                                                                                                <img decoding=\"async\" class=\"icon-page-list\" src=\"https:\/\/campingterraalta.com\/wp-content\/uploads\/cama-dobke.svg\" alt=\"\" \/>\r\n                                                                         <p class=\"value-page-list\">1 llit total<\/p>\r\n                                                                    <\/div>\r\n                                                                                                                            <\/div>\r\n                                                                                                                <\/div>\r\n                                                                                                            <\/div>\r\n                                                <\/div>\r\n                                                                                        <\/a>\r\n                                                                                    <\/div>\r\n                                                                                                                                                                                                            <div class=\"splide__slide wp-block-group\">\r\n                                                                                                                                    <a class=\"page-list-block-container\" href=\"https:\/\/campingterraalta.com\/es\/alojamientos\/caseta-de-fusta\/\">\r\n                                                                                            <div class=\"page-list-block-wrapper\">\r\n                                                                                                                                                            <div class=\"page-list-image\">\r\n                                                        <img loading=\"lazy\" decoding=\"async\" width=\"1920\" height=\"1280\" src=\"https:\/\/campingterraalta.com\/wp-content\/uploads\/portada-4.webp\" class=\"attachment-large size-large wp-post-image\" alt=\"\" style=\"object-fit: cover; aspect-ratio:4\/3\" srcset=\"https:\/\/campingterraalta.com\/wp-content\/uploads\/portada-4.webp 1920w, https:\/\/campingterraalta.com\/wp-content\/uploads\/portada-4-1024x683.webp 1024w, https:\/\/campingterraalta.com\/wp-content\/uploads\/portada-4-768x512.webp 768w, https:\/\/campingterraalta.com\/wp-content\/uploads\/portada-4-1536x1024.webp 1536w, https:\/\/campingterraalta.com\/wp-content\/uploads\/portada-4-512x341.webp 512w, https:\/\/campingterraalta.com\/wp-content\/uploads\/portada-4-256x171.webp 256w\" sizes=\"auto, (max-width: 1920px) 100vw, 1920px\" \/>                                                    <\/div>\r\n                                                    <div class=\"page-list-info\">\r\n                                                        <div class=\"info-wrapper\">\r\n                                                        <h3 class=\"has-h-5-font-size page-list-title\">Caba\u00f1a de madera<\/h3>\r\n                                                                                                                                                                            <div class=\"icons-horizontals is-not-stacked-on-mobile\">                                                           \r\n                                                                                                                                    <div class=\"wp-block-group\">\r\n                                                                                                                                                <img decoding=\"async\" class=\"icon-page-list\" src=\"https:\/\/campingterraalta.com\/wp-content\/uploads\/capacidad.svg\" alt=\"\" \/>\r\n                                                                         <p class=\"value-page-list\">4 persones<\/p>\r\n                                                                    <\/div>\r\n                                                                                                                                    <div class=\"wp-block-group\">\r\n                                                                                                                                                <img decoding=\"async\" class=\"icon-page-list\" src=\"https:\/\/campingterraalta.com\/wp-content\/uploads\/medidas.svg\" alt=\"\" \/>\r\n                                                                         <p class=\"value-page-list\">28 m2<\/p>\r\n                                                                    <\/div>\r\n                                                                                                                                    <div class=\"wp-block-group\">\r\n                                                                                                                                                <img decoding=\"async\" class=\"icon-page-list\" src=\"https:\/\/campingterraalta.com\/wp-content\/uploads\/cama-dobke.svg\" alt=\"\" \/>\r\n                                                                         <p class=\"value-page-list\">3 llits total<\/p>\r\n                                                                    <\/div>\r\n                                                                                                                            <\/div>\r\n                                                                                                                <\/div>\r\n                                                                                                            <\/div>\r\n                                                <\/div>\r\n                                                                                        <\/a>\r\n                                                                                    <\/div>\r\n                                                                                                                                                                                                            <div class=\"splide__slide wp-block-group\">\r\n                                                                                                                                    <a class=\"page-list-block-container\" href=\"https:\/\/campingterraalta.com\/es\/alojamientos\/bungalow-migdia\/\">\r\n                                                                                            <div class=\"page-list-block-wrapper\">\r\n                                                                                                                                                            <div class=\"page-list-image\">\r\n                                                        <img loading=\"lazy\" decoding=\"async\" width=\"1920\" height=\"1280\" src=\"https:\/\/campingterraalta.com\/wp-content\/uploads\/bm1.webp\" class=\"attachment-large size-large wp-post-image\" alt=\"\" style=\"object-fit: cover; aspect-ratio:4\/3\" srcset=\"https:\/\/campingterraalta.com\/wp-content\/uploads\/bm1.webp 1920w, https:\/\/campingterraalta.com\/wp-content\/uploads\/bm1-1024x683.webp 1024w, https:\/\/campingterraalta.com\/wp-content\/uploads\/bm1-768x512.webp 768w, https:\/\/campingterraalta.com\/wp-content\/uploads\/bm1-1536x1024.webp 1536w, https:\/\/campingterraalta.com\/wp-content\/uploads\/bm1-512x341.webp 512w, https:\/\/campingterraalta.com\/wp-content\/uploads\/bm1-256x171.webp 256w\" sizes=\"auto, (max-width: 1920px) 100vw, 1920px\" \/>                                                    <\/div>\r\n                                                    <div class=\"page-list-info\">\r\n                                                        <div class=\"info-wrapper\">\r\n                                                        <h3 class=\"has-h-5-font-size page-list-title\">Bungalow Migdia<\/h3>\r\n                                                                                                                                                                            <div class=\"icons-horizontals is-not-stacked-on-mobile\">                                                           \r\n                                                                                                                                    <div class=\"wp-block-group\">\r\n                                                                                                                                                <img decoding=\"async\" class=\"icon-page-list\" src=\"https:\/\/campingterraalta.com\/wp-content\/uploads\/capacidad.svg\" alt=\"\" \/>\r\n                                                                         <p class=\"value-page-list\">2 persones<\/p>\r\n                                                                    <\/div>\r\n                                                                                                                                    <div class=\"wp-block-group\">\r\n                                                                                                                                                <img decoding=\"async\" class=\"icon-page-list\" src=\"https:\/\/campingterraalta.com\/wp-content\/uploads\/medidas.svg\" alt=\"\" \/>\r\n                                                                         <p class=\"value-page-list\">30 m2<\/p>\r\n                                                                    <\/div>\r\n                                                                                                                                    <div class=\"wp-block-group\">\r\n                                                                                                                                                <img decoding=\"async\" class=\"icon-page-list\" src=\"https:\/\/campingterraalta.com\/wp-content\/uploads\/cama-dobke.svg\" alt=\"\" \/>\r\n                                                                         <p class=\"value-page-list\">1 llit total<\/p>\r\n                                                                    <\/div>\r\n                                                                                                                            <\/div>\r\n                                                                                                                <\/div>\r\n                                                                                                            <\/div>\r\n                                                <\/div>\r\n                                                                                        <\/a>\r\n                                                                                    <\/div>\r\n                                                                                                                                                                                                            <div class=\"splide__slide wp-block-group\">\r\n                                                                                                                                    <a class=\"page-list-block-container\" href=\"https:\/\/campingterraalta.com\/es\/alojamientos\/cau-bungalow\/\">\r\n                                                                                            <div class=\"page-list-block-wrapper\">\r\n                                                                                                                                                            <div class=\"page-list-image\">\r\n                                                        <img loading=\"lazy\" decoding=\"async\" width=\"1920\" height=\"1280\" src=\"https:\/\/campingterraalta.com\/wp-content\/uploads\/portada-2.webp\" class=\"attachment-large size-large wp-post-image\" alt=\"\" style=\"object-fit: cover; aspect-ratio:4\/3\" srcset=\"https:\/\/campingterraalta.com\/wp-content\/uploads\/portada-2.webp 1920w, https:\/\/campingterraalta.com\/wp-content\/uploads\/portada-2-1024x683.webp 1024w, https:\/\/campingterraalta.com\/wp-content\/uploads\/portada-2-768x512.webp 768w, https:\/\/campingterraalta.com\/wp-content\/uploads\/portada-2-1536x1024.webp 1536w, https:\/\/campingterraalta.com\/wp-content\/uploads\/portada-2-512x341.webp 512w, https:\/\/campingterraalta.com\/wp-content\/uploads\/portada-2-256x171.webp 256w\" sizes=\"auto, (max-width: 1920px) 100vw, 1920px\" \/>                                                    <\/div>\r\n                                                    <div class=\"page-list-info\">\r\n                                                        <div class=\"info-wrapper\">\r\n                                                        <h3 class=\"has-h-5-font-size page-list-title\">Cau Bungalow<\/h3>\r\n                                                                                                                                                                            <div class=\"icons-horizontals is-not-stacked-on-mobile\">                                                           \r\n                                                                                                                                    <div class=\"wp-block-group\">\r\n                                                                                                                                                <img decoding=\"async\" class=\"icon-page-list\" src=\"https:\/\/campingterraalta.com\/wp-content\/uploads\/capacidad.svg\" alt=\"\" \/>\r\n                                                                         <p class=\"value-page-list\">2 persones<\/p>\r\n                                                                    <\/div>\r\n                                                                                                                                    <div class=\"wp-block-group\">\r\n                                                                                                                                                <img decoding=\"async\" class=\"icon-page-list\" src=\"https:\/\/campingterraalta.com\/wp-content\/uploads\/medidas.svg\" alt=\"\" \/>\r\n                                                                         <p class=\"value-page-list\">10 m2<\/p>\r\n                                                                    <\/div>\r\n                                                                                                                                    <div class=\"wp-block-group\">\r\n                                                                                                                                                <img decoding=\"async\" class=\"icon-page-list\" src=\"https:\/\/campingterraalta.com\/wp-content\/uploads\/cama-dobke.svg\" alt=\"\" \/>\r\n                                                                         <p class=\"value-page-list\">1 llit total<\/p>\r\n                                                                    <\/div>\r\n                                                                                                                            <\/div>\r\n                                                                                                                <\/div>\r\n                                                                                                            <\/div>\r\n                                                <\/div>\r\n                                                                                        <\/a>\r\n                                                                                    <\/div>\r\n                                                                                                                                                                                                            <div class=\"splide__slide wp-block-group\">\r\n                                                                                                                                    <a class=\"page-list-block-container\" href=\"https:\/\/campingterraalta.com\/es\/alojamientos\/cau-habitacio\/\">\r\n                                                                                            <div class=\"page-list-block-wrapper\">\r\n                                                                                                                                                            <div class=\"page-list-image\">\r\n                                                        <img loading=\"lazy\" decoding=\"async\" width=\"1920\" height=\"1280\" src=\"https:\/\/campingterraalta.com\/wp-content\/uploads\/portada-1.webp\" class=\"attachment-large size-large wp-post-image\" alt=\"\" style=\"object-fit: cover; aspect-ratio:4\/3\" srcset=\"https:\/\/campingterraalta.com\/wp-content\/uploads\/portada-1.webp 1920w, https:\/\/campingterraalta.com\/wp-content\/uploads\/portada-1-1024x683.webp 1024w, https:\/\/campingterraalta.com\/wp-content\/uploads\/portada-1-768x512.webp 768w, https:\/\/campingterraalta.com\/wp-content\/uploads\/portada-1-1536x1024.webp 1536w, https:\/\/campingterraalta.com\/wp-content\/uploads\/portada-1-512x341.webp 512w, https:\/\/campingterraalta.com\/wp-content\/uploads\/portada-1-256x171.webp 256w\" sizes=\"auto, (max-width: 1920px) 100vw, 1920px\" \/>                                                    <\/div>\r\n                                                    <div class=\"page-list-info\">\r\n                                                        <div class=\"info-wrapper\">\r\n                                                        <h3 class=\"has-h-5-font-size page-list-title\">Cau Habitaci\u00f3n<\/h3>\r\n                                                                                                                                                                            <div class=\"icons-horizontals is-not-stacked-on-mobile\">                                                           \r\n                                                                                                                                    <div class=\"wp-block-group\">\r\n                                                                                                                                                <img decoding=\"async\" class=\"icon-page-list\" src=\"https:\/\/campingterraalta.com\/wp-content\/uploads\/capacidad.svg\" alt=\"\" \/>\r\n                                                                         <p class=\"value-page-list\">2 persones<\/p>\r\n                                                                    <\/div>\r\n                                                                                                                                    <div class=\"wp-block-group\">\r\n                                                                                                                                                <img decoding=\"async\" class=\"icon-page-list\" src=\"https:\/\/campingterraalta.com\/wp-content\/uploads\/medidas.svg\" alt=\"\" \/>\r\n                                                                         <p class=\"value-page-list\">7 m2<\/p>\r\n                                                                    <\/div>\r\n                                                                                                                                    <div class=\"wp-block-group\">\r\n                                                                                                                                                <img decoding=\"async\" class=\"icon-page-list\" src=\"https:\/\/campingterraalta.com\/wp-content\/uploads\/cama-dobke.svg\" alt=\"\" \/>\r\n                                                                         <p class=\"value-page-list\">2 llits total<\/p>\r\n                                                                    <\/div>\r\n                                                                                                                            <\/div>\r\n                                                                                                                <\/div>\r\n                                                                                                            <\/div>\r\n                                                <\/div>\r\n                                                                                        <\/a>\r\n                                                                                    <\/div>\r\n                                                                                                                        <\/div>\r\n                    <\/div>\r\n                <\/div>\r\n            <\/div>\r\n             \r\n     \r\n<\/div><\/div>\n<\/div>\n","protected":false},"excerpt":{"rendered":"<p>Elige entre todos Nuestros alojamientos D\u00e9jate seducir por la tranquilidad de estas tierras en la terraza m\u00e1s alta del Camping Terra Alta donde se sit\u00faan&#8230;<\/p>\n","protected":false},"author":2,"featured_media":1805,"parent":0,"menu_order":2,"comment_status":"closed","ping_status":"closed","template":"","meta":{"_acf_changed":false,"inline_featured_image":false,"footnotes":""},"class_list":["post-2097","page","type-page","status-publish","has-post-thumbnail","hentry"],"acf":[],"yoast_head":"<!-- This site is optimized with the Yoast SEO plugin v26.1.1 - https:\/\/yoast.com\/wordpress\/plugins\/seo\/ -->\n<title>Alojamientos en Camping Terra Alta: Bungalows y Mobilhomes<\/title>\n<meta name=\"description\" content=\"Descubre nuestra variedad de alojamientos en Camping Terra Alta. Elige entre bungalows, mobilhomes y m\u00e1s opciones para una estancia c\u00f3moda e inolvidable en plena naturaleza.\" \/>\n<meta name=\"robots\" content=\"index, follow, max-snippet:-1, max-image-preview:large, max-video-preview:-1\" \/>\n<link rel=\"canonical\" href=\"https:\/\/campingterraalta.com\/es\/alojamientos\/\" \/>\n<meta property=\"og:locale\" content=\"es_ES\" \/>\n<meta property=\"og:type\" content=\"article\" \/>\n<meta property=\"og:title\" content=\"Alojamientos en Camping Terra Alta: Bungalows y Mobilhomes\" \/>\n<meta property=\"og:description\" content=\"Descubre nuestra variedad de alojamientos en Camping Terra Alta. Elige entre bungalows, mobilhomes y m\u00e1s opciones para una estancia c\u00f3moda e inolvidable en plena naturaleza.\" \/>\n<meta property=\"og:url\" content=\"https:\/\/campingterraalta.com\/es\/alojamientos\/\" \/>\n<meta property=\"og:site_name\" content=\"Camping Terra Alta\" \/>\n<meta property=\"article:modified_time\" content=\"2025-12-02T16:47:08+00:00\" \/>\n<meta property=\"og:image\" content=\"https:\/\/campingterraalta.com\/wp-content\/uploads\/portada.webp\" \/>\n\t<meta property=\"og:image:width\" content=\"1600\" \/>\n\t<meta property=\"og:image:height\" content=\"900\" \/>\n\t<meta property=\"og:image:type\" content=\"image\/webp\" \/>\n<meta name=\"twitter:card\" content=\"summary_large_image\" \/>\n<meta name=\"twitter:label1\" content=\"Tiempo de lectura\" \/>\n\t<meta name=\"twitter:data1\" content=\"1 minuto\" \/>\n<!-- \/ Yoast SEO plugin. -->","yoast_head_json":{"title":"Alojamientos en Camping Terra Alta: Bungalows y Mobilhomes","description":"Descubre nuestra variedad de alojamientos en Camping Terra Alta. Elige entre bungalows, mobilhomes y m\u00e1s opciones para una estancia c\u00f3moda e inolvidable en plena naturaleza.","robots":{"index":"index","follow":"follow","max-snippet":"max-snippet:-1","max-image-preview":"max-image-preview:large","max-video-preview":"max-video-preview:-1"},"canonical":"https:\/\/campingterraalta.com\/es\/alojamientos\/","og_locale":"es_ES","og_type":"article","og_title":"Alojamientos en Camping Terra Alta: Bungalows y Mobilhomes","og_description":"Descubre nuestra variedad de alojamientos en Camping Terra Alta. Elige entre bungalows, mobilhomes y m\u00e1s opciones para una estancia c\u00f3moda e inolvidable en plena naturaleza.","og_url":"https:\/\/campingterraalta.com\/es\/alojamientos\/","og_site_name":"Camping Terra Alta","article_modified_time":"2025-12-02T16:47:08+00:00","og_image":[{"width":1600,"height":900,"url":"https:\/\/campingterraalta.com\/wp-content\/uploads\/portada.webp","type":"image\/webp"}],"twitter_card":"summary_large_image","twitter_misc":{"Tiempo de lectura":"1 minuto"},"schema":{"@context":"https:\/\/schema.org","@graph":[{"@type":"WebPage","@id":"https:\/\/campingterraalta.com\/es\/alojamientos\/","url":"https:\/\/campingterraalta.com\/es\/alojamientos\/","name":"Alojamientos en Camping Terra Alta: Bungalows y Mobilhomes","isPartOf":{"@id":"https:\/\/campingterraalta.com\/es\/#website"},"primaryImageOfPage":{"@id":"https:\/\/campingterraalta.com\/es\/alojamientos\/#primaryimage"},"image":{"@id":"https:\/\/campingterraalta.com\/es\/alojamientos\/#primaryimage"},"thumbnailUrl":"https:\/\/campingterraalta.com\/wp-content\/uploads\/portada.webp","datePublished":"2023-05-16T15:32:37+00:00","dateModified":"2025-12-02T16:47:08+00:00","description":"Descubre nuestra variedad de alojamientos en Camping Terra Alta. Elige entre bungalows, mobilhomes y m\u00e1s opciones para una estancia c\u00f3moda e inolvidable en plena naturaleza.","breadcrumb":{"@id":"https:\/\/campingterraalta.com\/es\/alojamientos\/#breadcrumb"},"inLanguage":"es","potentialAction":[{"@type":"ReadAction","target":["https:\/\/campingterraalta.com\/es\/alojamientos\/"]}]},{"@type":"ImageObject","inLanguage":"es","@id":"https:\/\/campingterraalta.com\/es\/alojamientos\/#primaryimage","url":"https:\/\/campingterraalta.com\/wp-content\/uploads\/portada.webp","contentUrl":"https:\/\/campingterraalta.com\/wp-content\/uploads\/portada.webp","width":1600,"height":900},{"@type":"BreadcrumbList","@id":"https:\/\/campingterraalta.com\/es\/alojamientos\/#breadcrumb","itemListElement":[{"@type":"ListItem","position":1,"name":"Portada","item":"https:\/\/campingterraalta.com\/es\/"},{"@type":"ListItem","position":2,"name":"Alojamientos"}]},{"@type":"WebSite","@id":"https:\/\/campingterraalta.com\/es\/#website","url":"https:\/\/campingterraalta.com\/es\/","name":"Camping Terra Alta","description":"El Camping Terra Alta lleva, desde el 2012, ofreciendo un trato familiar con todas las instalaciones para que pod\u00e1is disfrutar de vuestra estancia con caravana, tienda, autocaravana o en nuestros bungalows.","publisher":{"@id":"https:\/\/campingterraalta.com\/es\/#organization"},"potentialAction":[{"@type":"SearchAction","target":{"@type":"EntryPoint","urlTemplate":"https:\/\/campingterraalta.com\/es\/?s={search_term_string}"},"query-input":{"@type":"PropertyValueSpecification","valueRequired":true,"valueName":"search_term_string"}}],"inLanguage":"es"},{"@type":"Organization","@id":"https:\/\/campingterraalta.com\/es\/#organization","name":"Camping Terra Alta","url":"https:\/\/campingterraalta.com\/es\/","logo":{"@type":"ImageObject","inLanguage":"es","@id":"https:\/\/campingterraalta.com\/es\/#\/schema\/logo\/image\/","url":"https:\/\/campingterraalta.com\/wp-content\/uploads\/logo-terraalta-nobg.webp","contentUrl":"https:\/\/campingterraalta.com\/wp-content\/uploads\/logo-terraalta-nobg.webp","width":190,"height":111,"caption":"Camping Terra Alta"},"image":{"@id":"https:\/\/campingterraalta.com\/es\/#\/schema\/logo\/image\/"}}]}},"_links":{"self":[{"href":"https:\/\/campingterraalta.com\/es\/wp-json\/wp\/v2\/pages\/2097","targetHints":{"allow":["GET"]}}],"collection":[{"href":"https:\/\/campingterraalta.com\/es\/wp-json\/wp\/v2\/pages"}],"about":[{"href":"https:\/\/campingterraalta.com\/es\/wp-json\/wp\/v2\/types\/page"}],"author":[{"embeddable":true,"href":"https:\/\/campingterraalta.com\/es\/wp-json\/wp\/v2\/users\/2"}],"replies":[{"embeddable":true,"href":"https:\/\/campingterraalta.com\/es\/wp-json\/wp\/v2\/comments?post=2097"}],"version-history":[{"count":5,"href":"https:\/\/campingterraalta.com\/es\/wp-json\/wp\/v2\/pages\/2097\/revisions"}],"predecessor-version":[{"id":2696,"href":"https:\/\/campingterraalta.com\/es\/wp-json\/wp\/v2\/pages\/2097\/revisions\/2696"}],"wp:featuredmedia":[{"embeddable":true,"href":"https:\/\/campingterraalta.com\/es\/wp-json\/wp\/v2\/media\/1805"}],"wp:attachment":[{"href":"https:\/\/campingterraalta.com\/es\/wp-json\/wp\/v2\/media?parent=2097"}],"curies":[{"name":"wp","href":"https:\/\/api.w.org\/{rel}","templated":true}]}}