{"id":2122,"date":"2025-04-03T11:32:12","date_gmt":"2025-04-03T09:32:12","guid":{"rendered":"https:\/\/campingterraalta.com\/allotjaments\/cau-habitacio\/"},"modified":"2025-12-02T17:21:57","modified_gmt":"2025-12-02T16:21:57","slug":"cau-habitacio","status":"publish","type":"page","link":"https:\/\/campingterraalta.com\/en\/accommodations\/cau-habitacio\/","title":{"rendered":"Cau Habitaci\u00f3"},"content":{"rendered":"\n<div class=\"wp-block-cover alignfull has-parallax header-top has-animation oh\" style=\"margin-top:0px;margin-bottom:0px\"><span aria-hidden=\"true\" class=\"wp-block-cover__background has-theme-black-background-color has-background-dim-30 has-background-dim\"><\/span><div role=\"img\" class=\"wp-block-cover__image-background wp-image-1294 has-parallax\" style=\"background-position:50% 50%;background-image:url(https:\/\/campingterraalta.com\/wp-content\/uploads\/portada-1.webp)\"><\/div><div class=\"wp-block-cover__inner-container is-layout-constrained wp-block-cover-is-layout-constrained\">\n<div class=\"wp-block-group animation--init--once animation--top is-content-justification-center is-layout-constrained wp-container-core-group-is-layout-b772f419 wp-block-group-is-layout-constrained\">\n<p class=\"has-text-align-left titre-top animation--init--once animation--top has-h-1-font-size\">Cau Habitaci\u00f3<\/p>\n\n\n\n<div class=\"wp-block-group alignfull breadcrumbs-top is-layout-constrained wp-block-group-is-layout-constrained\" style=\"margin-top:0px;margin-bottom:0px\">\n<div class=\"wp-block-group is-layout-constrained wp-block-group-is-layout-constrained\">\n<span><span><a href=\"https:\/\/campingterraalta.com\/en\/\">Portada<\/a><\/span><\/span>\n<\/div>\n<\/div>\n<\/div>\n\n\n\n<div class=\"wp-block-group booking-container is-layout-constrained wp-container-core-group-is-layout-eb8a64c5 wp-block-group-is-layout-constrained\"><script>\n            document.addEventListener('DOMContentLoaded', function () {\n\n                var widget = new MasterWidget('widgetBookingContainer5775', {\n                    lang: 'en',idProperty: '352',class: 'widget_columns',dropdown: true,\n                    url: 'https:\/\/booking.campingterraalta.com'\n                });\n\n\n            });\n\n            <\/script><div id=\"widgetBookingContainer5775\"> <\/div>\n\n\n\n<a class=\"boton-reservar\" href=\"https:\/\/booking.campingterraalta.com\/search?lang=en\" target=\"_blank\" rel=\"noopener\">Book<\/a>\n<\/div>\n<\/div><\/div>\n\n\n\n<div class=\"wp-block-group alignfull intro-page has-theme-red-color has-theme-white-background-color has-text-color has-background has-link-color wp-elements-57df63610502381cb846ef34dca486b7 is-layout-constrained wp-block-group-is-layout-constrained\" style=\"margin-top:0px;margin-bottom:0px;padding-top:100px;padding-bottom:0px\">\n<div class=\"wp-block-columns alignwide are-vertically-aligned-center has-theme-red-color has-text-color has-link-color wp-elements-726779967f5d01d6645805189ebc4661 is-layout-flex wp-container-core-columns-is-layout-28f84493 wp-block-columns-is-layout-flex\">\n<div class=\"wp-block-column is-vertically-aligned-center has-theme-red-color has-text-color has-link-color wp-elements-927eb2dfecc56ae337fcbda8a1596d87 is-layout-flow wp-block-column-is-layout-flow\">\n<div class=\"wp-block-group alignwide block-location-icons has-animation has-theme-red-color has-text-color has-link-color wp-elements-f98f41f352e7dda71180a05fc3737ef1 is-layout-constrained wp-block-group-is-layout-constrained\">\n<h1 class=\"wp-block-heading has-text-align-center animation--init--once animation--bottom has-theme-red-color has-text-color has-link-color has-h-2-font-size wp-elements-c7fa052a9ddfbdbeda8fcd2e3fe0dc38\" style=\"margin-bottom:40px\"><sup><sup>ACCOMMODATION <\/sup><\/sup> Cau Habitaci\u00f3<\/h1>\n\n\n\n<div class=\"wp-block-group alignwide locations-icons is-layout-constrained wp-block-group-is-layout-constrained\">\n<div class=\"wp-block-group alignwide is-content-justification-space-between is-nowrap is-layout-flex wp-container-core-group-is-layout-273df991 wp-block-group-is-layout-flex\" style=\"margin-bottom:0px\">\n<figure class=\"wp-block-image size-large animation--init--once slide-up delay-1\"><img loading=\"lazy\" decoding=\"async\" width=\"24\" height=\"24\" src=\"https:\/\/campingterraalta.com\/wp-content\/uploads\/capacidad.svg\" alt=\"\" class=\"wp-image-1179\"\/><figcaption class=\"wp-element-caption\">2 people<\/figcaption><\/figure>\n\n\n\n<figure class=\"wp-block-image size-large animation--init--once slide-up delay-1\"><img loading=\"lazy\" decoding=\"async\" width=\"25\" height=\"24\" src=\"https:\/\/campingterraalta.com\/wp-content\/uploads\/cama-individual.svg\" alt=\"\" class=\"wp-image-1232\"\/><figcaption class=\"wp-element-caption\">2 single beds<\/figcaption><\/figure>\n\n\n\n<figure class=\"wp-block-image size-large animation--init--once slide-up delay-2\"><img loading=\"lazy\" decoding=\"async\" width=\"25\" height=\"24\" src=\"https:\/\/campingterraalta.com\/wp-content\/uploads\/medidas.svg\" alt=\"\" class=\"wp-image-1180\"\/><figcaption class=\"wp-element-caption\">7 m2<\/figcaption><\/figure>\n\n\n\n<figure class=\"wp-block-image size-large is-resized animation--init--once slide-up delay-2\"><img loading=\"lazy\" decoding=\"async\" width=\"25\" height=\"24\" src=\"https:\/\/campingterraalta.com\/wp-content\/uploads\/perros-no.svg\" alt=\"\" class=\"wp-image-1181\" style=\"width:41px;height:auto\"\/><figcaption class=\"wp-element-caption\">No pets<\/figcaption><\/figure>\n<\/div>\n<\/div>\n<\/div>\n<\/div>\n<\/div>\n<\/div>\n\n\n\n<div class=\"wp-block-group alignwide is-layout-constrained wp-block-group-is-layout-constrained\" style=\"margin-top:50px;margin-bottom:50px\">\n<div class=\"wp-block-columns alignwide slider-columns section-z-index is-layout-flex wp-container-core-columns-is-layout-e524df8a wp-block-columns-is-layout-flex\">\n<div class=\"wp-block-column is-vertically-aligned-center is-layout-flow wp-block-column-is-layout-flow\" style=\"flex-basis:100%\">\n<p class=\"has-text-align-center\">El forat m\u00e9s menut del nostre c\u00e0mping, \u00e9s la tenda de campanya m\u00e9s c\u00f2moda que haur\u00e0s vist mai. Dos llits individuals, una tauleta, un armariet i una nevera.<\/p>\n\n\n\n<p class=\"has-text-align-center\">Un espai on poder dormir amb comoditat.<\/p>\n<\/div>\n<\/div>\n<\/div>\n\n\n\n<div class=\"wp-block-group alignwide mobile-reverse is-layout-constrained wp-block-group-is-layout-constrained\" style=\"padding-top:50px;padding-bottom:50px\">\n<div class=\"wp-block-columns alignwide are-vertically-aligned-center slider-columns section-z-index is-layout-flex wp-container-core-columns-is-layout-e524df8a wp-block-columns-is-layout-flex\">\n<div class=\"wp-block-column is-vertically-aligned-center is-layout-flow wp-block-column-is-layout-flow\" style=\"padding-top:0px;padding-bottom:0px;flex-basis:100%\">\n<div class=\"wp-image-slider animation--init--once slider-column has-text-align-left aspect-ratio-16_9\">\n\n                                        \n                    <script>\n                        'use strict';\n\n                        document.addEventListener('DOMContentLoaded', function () {\n\n                            (function() {\n                                const blockSlide = new Splide( '#slide_373', {\n                                    type : 'loop',\n                                    perPage: 1,\n                                                                        \n                                    breakpoints: {\n                                        800: {\n                                            perPage: 1,\n                                                                                    },\n                                        450: {\n                                            perPage: 1,\n                                            \n                                        },\n                                    },\n                                    pagination: false,\n                                    arrows: true,\n                                    gap: 'var(--wp--style--block-gap)',\n                                    i18n: {\n                                        slideLabel: '%s\/%s',\n                                    }\n                                } );\n                                \n\n                                \n                                blockSlide.mount();\n\n                                                                \n                                \n                            })();\n                        })\n                    <\/script>\n\n                    <div class=\"slider-container\"><div class=\"splide galeria-slider galeria-columnas-1\" id=\"slide_373\"><div class=\"splide__track\"><div class=\"splide__list\"><div id=\"thumb-2124\" class=\"splide__slide\"><div class=\"image-wrapper\"><img loading=\"lazy\" decoding=\"async\" width=\"1536\" height=\"1024\" src=\"https:\/\/campingterraalta.com\/wp-content\/uploads\/portada-1-1536x1024.webp\" class=\"attachment-gallery-large size-gallery-large\" alt=\"\" srcset=\"https:\/\/campingterraalta.com\/wp-content\/uploads\/portada-1-1536x1024.webp 1536w, https:\/\/campingterraalta.com\/wp-content\/uploads\/portada-1-1024x683.webp 1024w, https:\/\/campingterraalta.com\/wp-content\/uploads\/portada-1-768x512.webp 768w, https:\/\/campingterraalta.com\/wp-content\/uploads\/portada-1-512x341.webp 512w, https:\/\/campingterraalta.com\/wp-content\/uploads\/portada-1-256x171.webp 256w, https:\/\/campingterraalta.com\/wp-content\/uploads\/portada-1.webp 1920w\" sizes=\"auto, (max-width: 1536px) 100vw, 1536px\" \/><\/div><\/div><div id=\"thumb-2336\" class=\"splide__slide\"><div class=\"image-wrapper\"><img loading=\"lazy\" decoding=\"async\" width=\"1536\" height=\"1024\" src=\"https:\/\/campingterraalta.com\/wp-content\/uploads\/cp2-1536x1024.webp\" class=\"attachment-gallery-large size-gallery-large\" alt=\"\" srcset=\"https:\/\/campingterraalta.com\/wp-content\/uploads\/cp2-1536x1024.webp 1536w, https:\/\/campingterraalta.com\/wp-content\/uploads\/cp2-1024x683.webp 1024w, https:\/\/campingterraalta.com\/wp-content\/uploads\/cp2-768x512.webp 768w, https:\/\/campingterraalta.com\/wp-content\/uploads\/cp2-512x341.webp 512w, https:\/\/campingterraalta.com\/wp-content\/uploads\/cp2-256x171.webp 256w, https:\/\/campingterraalta.com\/wp-content\/uploads\/cp2.webp 1920w\" sizes=\"auto, (max-width: 1536px) 100vw, 1536px\" \/><\/div><\/div><div id=\"thumb-2337\" class=\"splide__slide\"><div class=\"image-wrapper\"><img loading=\"lazy\" decoding=\"async\" width=\"1536\" height=\"1024\" src=\"https:\/\/campingterraalta.com\/wp-content\/uploads\/cp1-1536x1024.webp\" class=\"attachment-gallery-large size-gallery-large\" alt=\"\" srcset=\"https:\/\/campingterraalta.com\/wp-content\/uploads\/cp1-1536x1024.webp 1536w, https:\/\/campingterraalta.com\/wp-content\/uploads\/cp1-1024x683.webp 1024w, https:\/\/campingterraalta.com\/wp-content\/uploads\/cp1-768x512.webp 768w, https:\/\/campingterraalta.com\/wp-content\/uploads\/cp1-512x341.webp 512w, https:\/\/campingterraalta.com\/wp-content\/uploads\/cp1-256x171.webp 256w, https:\/\/campingterraalta.com\/wp-content\/uploads\/cp1.webp 1920w\" sizes=\"auto, (max-width: 1536px) 100vw, 1536px\" \/><\/div><\/div><\/div><\/div><\/div><\/div>\n                    \n<\/div><\/div>\n<\/div>\n<\/div>\n\n\n\n<div class=\"wp-block-group alignfull intro-page has-theme-red-color has-theme-white-background-color has-text-color has-background has-link-color wp-elements-d1f8fd061eeb15663892ea665ea4e5ef is-layout-constrained wp-block-group-is-layout-constrained\" style=\"margin-top:0px;margin-bottom:100px;padding-top:0px;padding-bottom:0px\">\n<div class=\"wp-block-columns alignwide are-vertically-aligned-center has-theme-red-color has-text-color has-link-color wp-elements-1f7273e08940652242d2feecf4032097 is-layout-flex wp-container-core-columns-is-layout-28f84493 wp-block-columns-is-layout-flex\">\n<div class=\"wp-block-column is-vertically-aligned-center has-theme-red-color has-text-color has-link-color wp-elements-d6b2359337acca9c0707e30120a1d2a7 is-layout-flow wp-block-column-is-layout-flow\">\n<div class=\"wp-block-group alignwide block-petit has-animation has-theme-red-color has-text-color has-link-color wp-elements-86c574df3fbd1832b902e5a46d98c3dc is-layout-constrained wp-block-group-is-layout-constrained\">\n<h2 class=\"wp-block-heading has-text-align-center animation--init--once animation--bottom has-theme-red-color has-text-color has-link-color wp-elements-a146b19b804d586d6f5d5f67e9bcfcd5\" style=\"margin-bottom:40px\"><sup>ENJOY ALL THE COMFORTABLES <\/sup><strong> Facilities<\/strong> <br>of the Cau room<\/h2>\n<\/div>\n<\/div>\n<\/div>\n\n\n\n<div class=\"wp-block-columns alignwide is-layout-flex wp-container-core-columns-is-layout-6c1444e2 wp-block-columns-is-layout-flex\">\n<div class=\"wp-block-column animation--init--once slide-up delay-1 is-layout-flow wp-block-column-is-layout-flow\">\n<div class=\"wp-block-group icons-caracteristicas is-nowrap is-layout-flex wp-container-core-group-is-layout-6c531013 wp-block-group-is-layout-flex\">\n<div class=\"wp-block-group is-layout-constrained wp-block-group-is-layout-constrained\">\n<figure class=\"wp-block-image size-large is-resized wp-duotone-609627-609627-1\"><img loading=\"lazy\" decoding=\"async\" width=\"25\" height=\"24\" src=\"https:\/\/campingterraalta.com\/wp-content\/uploads\/nevera.svg\" alt=\"\" class=\"wp-image-1225\" style=\"width:40px\"\/><\/figure>\n<\/div>\n\n\n\n<p>Refrigerator<\/p>\n<\/div>\n\n\n\n<div class=\"wp-block-group icons-caracteristicas is-nowrap is-layout-flex wp-container-core-group-is-layout-6c531013 wp-block-group-is-layout-flex\">\n<div class=\"wp-block-group is-layout-constrained wp-block-group-is-layout-constrained\">\n<figure class=\"wp-block-image size-large is-resized wp-duotone-609627-609627-2\"><img loading=\"lazy\" decoding=\"async\" width=\"25\" height=\"25\" src=\"https:\/\/campingterraalta.com\/wp-content\/uploads\/cojines.svg\" alt=\"\" class=\"wp-image-1222\" style=\"width:40px\"\/><\/figure>\n<\/div>\n\n\n\n<p>Duvets and pillows<\/p>\n<\/div>\n<\/div>\n\n\n\n<div class=\"wp-block-column animation--init--once slide-up delay-2 is-layout-flow wp-block-column-is-layout-flow\">\n<div class=\"wp-block-group icons-caracteristicas is-nowrap is-layout-flex wp-container-core-group-is-layout-6c531013 wp-block-group-is-layout-flex\">\n<div class=\"wp-block-group is-layout-constrained wp-block-group-is-layout-constrained\">\n<figure class=\"wp-block-image size-large is-resized wp-duotone-609627-609627-3\"><img loading=\"lazy\" decoding=\"async\" width=\"25\" height=\"25\" src=\"https:\/\/campingterraalta.com\/wp-content\/uploads\/terraza.svg\" alt=\"\" class=\"wp-image-1228\" style=\"width:40px\"\/><\/figure>\n<\/div>\n\n\n\n<p>Outdoor terrace with table and chairs<\/p>\n<\/div>\n\n\n\n<div class=\"wp-block-group icons-caracteristicas is-nowrap is-layout-flex wp-container-core-group-is-layout-6c531013 wp-block-group-is-layout-flex\">\n<div class=\"wp-block-group is-layout-constrained wp-block-group-is-layout-constrained\">\n<figure class=\"wp-block-image size-large is-resized wp-duotone-609627-609627-4\"><img loading=\"lazy\" decoding=\"async\" width=\"25\" height=\"25\" src=\"https:\/\/campingterraalta.com\/wp-content\/uploads\/coche.svg\" alt=\"\" class=\"wp-image-1233\" style=\"width:40px\"\/><\/figure>\n<\/div>\n\n\n\n<p>Parking space for one vehicle<\/p>\n<\/div>\n\n\n\n<div class=\"wp-block-group icons-caracteristicas is-nowrap is-layout-flex wp-container-core-group-is-layout-6c531013 wp-block-group-is-layout-flex\">\n<div class=\"wp-block-group is-layout-constrained wp-block-group-is-layout-constrained\">\n<figure class=\"wp-block-image size-large is-resized wp-duotone-609627-609627-5\"><img loading=\"lazy\" decoding=\"async\" width=\"25\" height=\"25\" src=\"https:\/\/campingterraalta.com\/wp-content\/uploads\/aire-acondicionado.svg\" alt=\"\" class=\"wp-image-1229\" style=\"width:40px\"\/><\/figure>\n<\/div>\n\n\n\n<p>Air conditioning (cold and heat)<\/p>\n<\/div>\n\n\n\n<div class=\"wp-block-group icons-caracteristicas is-nowrap is-layout-flex wp-container-core-group-is-layout-6c531013 wp-block-group-is-layout-flex\">\n<div class=\"wp-block-group is-layout-constrained wp-block-group-is-layout-constrained\">\n<figure class=\"wp-block-image size-large is-resized wp-duotone-609627-609627-6\"><img loading=\"lazy\" decoding=\"async\" width=\"25\" height=\"25\" src=\"https:\/\/campingterraalta.com\/wp-content\/uploads\/barbacoa.svg\" alt=\"\" class=\"wp-image-1230\" style=\"width:40px\"\/><\/figure>\n<\/div>\n\n\n\n<p>Barbecue (Optional rental)<\/p>\n<\/div>\n\n\n\n<div class=\"wp-block-group icons-caracteristicas is-nowrap is-layout-flex wp-container-core-group-is-layout-6c531013 wp-block-group-is-layout-flex\">\n<div class=\"wp-block-group is-layout-constrained wp-block-group-is-layout-constrained\">\n<figure class=\"wp-block-image size-large is-resized wp-duotone-609627-609627-7\"><img loading=\"lazy\" decoding=\"async\" width=\"25\" height=\"24\" src=\"https:\/\/campingterraalta.com\/wp-content\/uploads\/sabanas.svg\" alt=\"\" class=\"wp-image-1226\" style=\"width:40px\"\/><\/figure>\n<\/div>\n\n\n\n<p>Bed linen (Optional rental)<\/p>\n<\/div>\n<\/div>\n<\/div>\n<\/div>\n\n\n\n<div class=\"wp-block-group alignfull intro-page has-theme-red-color has-theme-pearl-background-color has-text-color has-background has-link-color wp-elements-3a32dfe2feda1d4cb69ec00f38ab7d3c is-layout-constrained wp-block-group-is-layout-constrained\" style=\"margin-top:0px;margin-bottom:0px;padding-top:100px;padding-bottom:50px\">\n<div class=\"wp-block-columns alignwide are-vertically-aligned-center has-theme-red-color has-text-color has-link-color wp-elements-5ebe94d2b4d6caab3e855c792e634efc is-layout-flex wp-container-core-columns-is-layout-28f84493 wp-block-columns-is-layout-flex\">\n<div class=\"wp-block-column is-vertically-aligned-center has-theme-red-color has-text-color has-link-color wp-elements-10f27bb90536885591fb9c276d653fd0 is-layout-flow wp-block-column-is-layout-flow\">\n<div class=\"wp-block-group alignwide block-petit has-animation has-theme-red-color has-text-color has-link-color wp-elements-c77f62e40eb11037d60bce7b35914a8d is-layout-constrained wp-block-group-is-layout-constrained\">\n<h2 class=\"wp-block-heading has-text-align-center animation--init--once animation--bottom has-theme-red-color has-text-color has-link-color wp-elements-9ac7179b8d22dd99df32660058a79942\" style=\"margin-bottom:40px\"><sup>BOOK ONLINE AT THE BEST PRICE GUARANTEED! <\/sup> Rates and availabilities<\/h2>\n<\/div>\n<\/div>\n<\/div>\n<\/div>\n\n\n\n<div class=\"wp-block-group alignfull intro-page has-theme-red-color has-theme-pearl-background-color has-text-color has-background has-link-color wp-elements-b02dfb1c17c32795362e42db5a0efaf4 is-layout-constrained wp-block-group-is-layout-constrained\" id=\"tarifes-disponibilitats\" style=\"margin-top:0px;margin-bottom:0px;padding-top:0px;padding-bottom:100px\"><\/div>\n\n\n\n<div class=\"wp-block-group alignfull intro-page has-theme-red-color has-theme-white-background-color has-text-color has-background has-link-color wp-elements-499a4437c05a2e817b44917bd0d3bbde is-layout-constrained wp-block-group-is-layout-constrained\" id=\"altres-allotjaments\" style=\"margin-top:0px;margin-bottom:0px;padding-top:100px;padding-bottom:100px\">\n<div class=\"wp-block-columns alignwide are-vertically-aligned-center has-theme-red-color has-text-color has-link-color wp-elements-a4b517b3d11a4d4f41148045b9eaaefc is-layout-flex wp-container-core-columns-is-layout-28f84493 wp-block-columns-is-layout-flex\">\n<div class=\"wp-block-column is-vertically-aligned-center has-theme-red-color has-text-color has-link-color wp-elements-8000e138170283a88a12a916ec8d0ecb is-layout-flow wp-block-column-is-layout-flow\">\n<div class=\"wp-block-group alignwide block-petit has-animation has-theme-red-color has-text-color has-link-color wp-elements-ac671cf6aa9e56f45564567c8cbe67fd is-layout-constrained wp-block-group-is-layout-constrained\">\n<h2 class=\"wp-block-heading has-text-align-center animation--init--once animation--bottom has-theme-red-color has-text-color has-link-color wp-elements-fabb5152b1f971fbf1b54e039b4ef919\" style=\"margin-bottom:40px\"><sup>DISCOVER MORE LEISURE <\/sup>Other accommodations<\/h2>\n<\/div>\n<\/div>\n<\/div>\n\n\n\n<div class=\"wp-block-columns alignwide are-vertically-aligned-center has-theme-red-color has-text-color has-link-color wp-elements-456aad471d84b41fc23083fd5a309cfd is-layout-flex wp-container-core-columns-is-layout-28f84493 wp-block-columns-is-layout-flex\">\n<div class=\"wp-block-column is-vertically-aligned-center has-theme-red-color has-text-color has-link-color wp-elements-ad5c1ce49b5ef1a524c8e3946b9c7f1c is-layout-flow wp-block-column-is-layout-flow\">\n<div class=\"wp-block-group alignwide block-petit has-animation has-theme-red-color has-text-color has-link-color wp-elements-82939738663702fdbfb0c6665b0d4b9e is-layout-constrained wp-block-group-is-layout-constrained\"><div class=\"wp-page-list\">\r\n \r\n                                                                <div class=\"slider-container lodgings\">\r\n                <div class=\"splide page-list\" id=\"content-gallery_281\" style=\"\" >\r\n                    <div class=\"splide__track\">\r\n                        <div class=\"splide__list\">\r\n                                                                                                                                        <div class=\"splide__slide wp-block-group\">\r\n                                                                                                                                    <a class=\"page-list-block-container\" href=\"https:\/\/campingterraalta.com\/en\/accommodations\/mobilhomes\/\">\r\n                                                                                            <div class=\"page-list-block-wrapper\">\r\n                                                                                                                                                            <div class=\"page-list-image\">\r\n                                                        <img loading=\"lazy\" decoding=\"async\" width=\"1600\" height=\"900\" src=\"https:\/\/campingterraalta.com\/wp-content\/uploads\/portada.webp\" class=\"attachment-full size-full wp-post-image\" alt=\"\" style=\"object-fit: cover; aspect-ratio:1\/1\" srcset=\"https:\/\/campingterraalta.com\/wp-content\/uploads\/portada.webp 1600w, https:\/\/campingterraalta.com\/wp-content\/uploads\/portada-1024x576.webp 1024w, https:\/\/campingterraalta.com\/wp-content\/uploads\/portada-768x432.webp 768w, https:\/\/campingterraalta.com\/wp-content\/uploads\/portada-1536x864.webp 1536w, https:\/\/campingterraalta.com\/wp-content\/uploads\/portada-512x288.webp 512w, https:\/\/campingterraalta.com\/wp-content\/uploads\/portada-256x144.webp 256w\" sizes=\"auto, (max-width: 1600px) 100vw, 1600px\" \/>                                                    <\/div>\r\n                                                    <div class=\"page-list-info\">\r\n                                                        <div class=\"info-wrapper\">\r\n                                                        <h3 class=\"has-h-5-font-size page-list-title\">Mobile homes<\/h3>\r\n                                                                                                                                                                            <div class=\"icons-horizontals is-not-stacked-on-mobile\">                                                           \r\n                                                                                                                                    <div class=\"wp-block-group\">\r\n                                                                                                                                                <img decoding=\"async\" class=\"icon-page-list\" src=\"https:\/\/campingterraalta.com\/wp-content\/uploads\/capacidad.svg\" alt=\"\" \/>\r\n                                                                         <p class=\"value-page-list\">4 persones<\/p>\r\n                                                                    <\/div>\r\n                                                                                                                                    <div class=\"wp-block-group\">\r\n                                                                                                                                                <img decoding=\"async\" class=\"icon-page-list\" src=\"https:\/\/campingterraalta.com\/wp-content\/uploads\/medidas.svg\" alt=\"\" \/>\r\n                                                                         <p class=\"value-page-list\">24 m2<\/p>\r\n                                                                    <\/div>\r\n                                                                                                                                    <div class=\"wp-block-group\">\r\n                                                                                                                                                <img decoding=\"async\" class=\"icon-page-list\" src=\"https:\/\/campingterraalta.com\/wp-content\/uploads\/cama-dobke.svg\" alt=\"\" \/>\r\n                                                                         <p class=\"value-page-list\">3 llits total<\/p>\r\n                                                                    <\/div>\r\n                                                                                                                            <\/div>\r\n                                                                                                                <\/div>\r\n                                                                                                            <\/div>\r\n                                                <\/div>\r\n                                                                                        <\/a>\r\n                                                                                    <\/div>\r\n                                                                                                                                                                                                            <div class=\"splide__slide wp-block-group\">\r\n                                                                                                                                    <a class=\"page-list-block-container\" href=\"https:\/\/campingterraalta.com\/en\/accommodations\/mobilhomes-2\/\">\r\n                                                                                            <div class=\"page-list-block-wrapper\">\r\n                                                                                                                                                            <div class=\"page-list-image\">\r\n                                                        <img loading=\"lazy\" decoding=\"async\" width=\"1600\" height=\"1204\" src=\"https:\/\/campingterraalta.com\/wp-content\/uploads\/img-20250609-wa0060.webp\" class=\"attachment-full size-full wp-post-image\" alt=\"\" style=\"object-fit: cover; aspect-ratio:1\/1\" srcset=\"https:\/\/campingterraalta.com\/wp-content\/uploads\/img-20250609-wa0060.webp 1600w, https:\/\/campingterraalta.com\/wp-content\/uploads\/img-20250609-wa0060-1024x771.webp 1024w, https:\/\/campingterraalta.com\/wp-content\/uploads\/img-20250609-wa0060-768x578.webp 768w, https:\/\/campingterraalta.com\/wp-content\/uploads\/img-20250609-wa0060-1536x1156.webp 1536w, https:\/\/campingterraalta.com\/wp-content\/uploads\/img-20250609-wa0060-512x385.webp 512w, https:\/\/campingterraalta.com\/wp-content\/uploads\/img-20250609-wa0060-256x193.webp 256w\" sizes=\"auto, (max-width: 1600px) 100vw, 1600px\" \/>                                                    <\/div>\r\n                                                    <div class=\"page-list-info\">\r\n                                                        <div class=\"info-wrapper\">\r\n                                                        <h3 class=\"has-h-5-font-size page-list-title\">Mobilhomes 2p<\/h3>\r\n                                                                                                                                                                            <div class=\"icons-horizontals is-not-stacked-on-mobile\">                                                           \r\n                                                                                                                                    <div class=\"wp-block-group\">\r\n                                                                                                                                                <img decoding=\"async\" class=\"icon-page-list\" src=\"https:\/\/campingterraalta.com\/wp-content\/uploads\/capacidad.svg\" alt=\"\" \/>\r\n                                                                         <p class=\"value-page-list\">2 persones<\/p>\r\n                                                                    <\/div>\r\n                                                                                                                                    <div class=\"wp-block-group\">\r\n                                                                                                                                                <img decoding=\"async\" class=\"icon-page-list\" src=\"https:\/\/campingterraalta.com\/wp-content\/uploads\/medidas.svg\" alt=\"\" \/>\r\n                                                                         <p class=\"value-page-list\">20 m2<\/p>\r\n                                                                    <\/div>\r\n                                                                                                                                    <div class=\"wp-block-group\">\r\n                                                                                                                                                <img decoding=\"async\" class=\"icon-page-list\" src=\"https:\/\/campingterraalta.com\/wp-content\/uploads\/cama-dobke.svg\" alt=\"\" \/>\r\n                                                                         <p class=\"value-page-list\">1 llit<\/p>\r\n                                                                    <\/div>\r\n                                                                                                                            <\/div>\r\n                                                                                                                <\/div>\r\n                                                                                                            <\/div>\r\n                                                <\/div>\r\n                                                                                        <\/a>\r\n                                                                                    <\/div>\r\n                                                                                                                                                                                                            <div class=\"splide__slide wp-block-group\">\r\n                                                                                                                                    <a class=\"page-list-block-container\" href=\"https:\/\/campingterraalta.com\/en\/accommodations\/bungalow-agulla\/\">\r\n                                                                                            <div class=\"page-list-block-wrapper\">\r\n                                                                                                                                                            <div class=\"page-list-image\">\r\n                                                        <img loading=\"lazy\" decoding=\"async\" width=\"1920\" height=\"1280\" src=\"https:\/\/campingterraalta.com\/wp-content\/uploads\/bungalow-agulla-2.webp\" class=\"attachment-full size-full wp-post-image\" alt=\"\" style=\"object-fit: cover; aspect-ratio:1\/1\" srcset=\"https:\/\/campingterraalta.com\/wp-content\/uploads\/bungalow-agulla-2.webp 1920w, https:\/\/campingterraalta.com\/wp-content\/uploads\/bungalow-agulla-2-1024x683.webp 1024w, https:\/\/campingterraalta.com\/wp-content\/uploads\/bungalow-agulla-2-768x512.webp 768w, https:\/\/campingterraalta.com\/wp-content\/uploads\/bungalow-agulla-2-1536x1024.webp 1536w, https:\/\/campingterraalta.com\/wp-content\/uploads\/bungalow-agulla-2-512x341.webp 512w, https:\/\/campingterraalta.com\/wp-content\/uploads\/bungalow-agulla-2-256x171.webp 256w\" sizes=\"auto, (max-width: 1920px) 100vw, 1920px\" \/>                                                    <\/div>\r\n                                                    <div class=\"page-list-info\">\r\n                                                        <div class=\"info-wrapper\">\r\n                                                        <h3 class=\"has-h-5-font-size page-list-title\">Bungalow Agulla<\/h3>\r\n                                                                                                                                                                            <div class=\"icons-horizontals is-not-stacked-on-mobile\">                                                           \r\n                                                                                                                                    <div class=\"wp-block-group\">\r\n                                                                                                                                                <img decoding=\"async\" class=\"icon-page-list\" src=\"https:\/\/campingterraalta.com\/wp-content\/uploads\/capacidad.svg\" alt=\"\" \/>\r\n                                                                         <p class=\"value-page-list\">5 persones<\/p>\r\n                                                                    <\/div>\r\n                                                                                                                                    <div class=\"wp-block-group\">\r\n                                                                                                                                                <img decoding=\"async\" class=\"icon-page-list\" src=\"https:\/\/campingterraalta.com\/wp-content\/uploads\/medidas.svg\" alt=\"\" \/>\r\n                                                                         <p class=\"value-page-list\">45 m2<\/p>\r\n                                                                    <\/div>\r\n                                                                                                                                    <div class=\"wp-block-group\">\r\n                                                                                                                                                <img decoding=\"async\" class=\"icon-page-list\" src=\"https:\/\/campingterraalta.com\/wp-content\/uploads\/cama-dobke.svg\" alt=\"\" \/>\r\n                                                                         <p class=\"value-page-list\">4 llits total<\/p>\r\n                                                                    <\/div>\r\n                                                                                                                            <\/div>\r\n                                                                                                                <\/div>\r\n                                                                                                            <\/div>\r\n                                                <\/div>\r\n                                                                                        <\/a>\r\n                                                                                    <\/div>\r\n                                                                                                                                                                                                            <div class=\"splide__slide wp-block-group\">\r\n                                                                                                                                    <a class=\"page-list-block-container\" href=\"https:\/\/campingterraalta.com\/en\/accommodations\/bungalow-plana\/\">\r\n                                                                                            <div class=\"page-list-block-wrapper\">\r\n                                                                                                                                                            <div class=\"page-list-image\">\r\n                                                        <img loading=\"lazy\" decoding=\"async\" width=\"1920\" height=\"1280\" src=\"https:\/\/campingterraalta.com\/wp-content\/uploads\/portada-3.webp\" class=\"attachment-full size-full wp-post-image\" alt=\"\" style=\"object-fit: cover; aspect-ratio:1\/1\" srcset=\"https:\/\/campingterraalta.com\/wp-content\/uploads\/portada-3.webp 1920w, https:\/\/campingterraalta.com\/wp-content\/uploads\/portada-3-1024x683.webp 1024w, https:\/\/campingterraalta.com\/wp-content\/uploads\/portada-3-768x512.webp 768w, https:\/\/campingterraalta.com\/wp-content\/uploads\/portada-3-1536x1024.webp 1536w, https:\/\/campingterraalta.com\/wp-content\/uploads\/portada-3-512x341.webp 512w, https:\/\/campingterraalta.com\/wp-content\/uploads\/portada-3-256x171.webp 256w\" sizes=\"auto, (max-width: 1920px) 100vw, 1920px\" \/>                                                    <\/div>\r\n                                                    <div class=\"page-list-info\">\r\n                                                        <div class=\"info-wrapper\">\r\n                                                        <h3 class=\"has-h-5-font-size page-list-title\">Bungalow Plana<\/h3>\r\n                                                                                                                                                                            <div class=\"icons-horizontals is-not-stacked-on-mobile\">                                                           \r\n                                                                                                                                    <div class=\"wp-block-group\">\r\n                                                                                                                                                <img decoding=\"async\" class=\"icon-page-list\" src=\"https:\/\/campingterraalta.com\/wp-content\/uploads\/capacidad.svg\" alt=\"\" \/>\r\n                                                                         <p class=\"value-page-list\">2 people<\/p>\r\n                                                                    <\/div>\r\n                                                                                                                                    <div class=\"wp-block-group\">\r\n                                                                                                                                                <img decoding=\"async\" class=\"icon-page-list\" src=\"https:\/\/campingterraalta.com\/wp-content\/uploads\/medidas.svg\" alt=\"\" \/>\r\n                                                                         <p class=\"value-page-list\">30 m2<\/p>\r\n                                                                    <\/div>\r\n                                                                                                                                    <div class=\"wp-block-group\">\r\n                                                                                                                                                <img decoding=\"async\" class=\"icon-page-list\" src=\"https:\/\/campingterraalta.com\/wp-content\/uploads\/cama-dobke.svg\" alt=\"\" \/>\r\n                                                                         <p class=\"value-page-list\">1 bed<\/p>\r\n                                                                    <\/div>\r\n                                                                                                                            <\/div>\r\n                                                                                                                <\/div>\r\n                                                                                                            <\/div>\r\n                                                <\/div>\r\n                                                                                        <\/a>\r\n                                                                                    <\/div>\r\n                                                                                                                                                                                                            <div class=\"splide__slide wp-block-group\">\r\n                                                                                                                                    <a class=\"page-list-block-container\" href=\"https:\/\/campingterraalta.com\/en\/accommodations\/caseta-de-fusta\/\">\r\n                                                                                            <div class=\"page-list-block-wrapper\">\r\n                                                                                                                                                            <div class=\"page-list-image\">\r\n                                                        <img loading=\"lazy\" decoding=\"async\" width=\"1920\" height=\"1280\" src=\"https:\/\/campingterraalta.com\/wp-content\/uploads\/portada-4.webp\" class=\"attachment-full size-full wp-post-image\" alt=\"\" style=\"object-fit: cover; aspect-ratio:1\/1\" srcset=\"https:\/\/campingterraalta.com\/wp-content\/uploads\/portada-4.webp 1920w, https:\/\/campingterraalta.com\/wp-content\/uploads\/portada-4-1024x683.webp 1024w, https:\/\/campingterraalta.com\/wp-content\/uploads\/portada-4-768x512.webp 768w, https:\/\/campingterraalta.com\/wp-content\/uploads\/portada-4-1536x1024.webp 1536w, https:\/\/campingterraalta.com\/wp-content\/uploads\/portada-4-512x341.webp 512w, https:\/\/campingterraalta.com\/wp-content\/uploads\/portada-4-256x171.webp 256w\" sizes=\"auto, (max-width: 1920px) 100vw, 1920px\" \/>                                                    <\/div>\r\n                                                    <div class=\"page-list-info\">\r\n                                                        <div class=\"info-wrapper\">\r\n                                                        <h3 class=\"has-h-5-font-size page-list-title\">Cabanya de fusta<\/h3>\r\n                                                                                                                                                                            <div class=\"icons-horizontals is-not-stacked-on-mobile\">                                                           \r\n                                                                                                                                    <div class=\"wp-block-group\">\r\n                                                                                                                                                <img decoding=\"async\" class=\"icon-page-list\" src=\"https:\/\/campingterraalta.com\/wp-content\/uploads\/capacidad.svg\" alt=\"\" \/>\r\n                                                                         <p class=\"value-page-list\">4 persones<\/p>\r\n                                                                    <\/div>\r\n                                                                                                                                    <div class=\"wp-block-group\">\r\n                                                                                                                                                <img decoding=\"async\" class=\"icon-page-list\" src=\"https:\/\/campingterraalta.com\/wp-content\/uploads\/medidas.svg\" alt=\"\" \/>\r\n                                                                         <p class=\"value-page-list\">28 m2<\/p>\r\n                                                                    <\/div>\r\n                                                                                                                                    <div class=\"wp-block-group\">\r\n                                                                                                                                                <img decoding=\"async\" class=\"icon-page-list\" src=\"https:\/\/campingterraalta.com\/wp-content\/uploads\/cama-dobke.svg\" alt=\"\" \/>\r\n                                                                         <p class=\"value-page-list\">3 llits total<\/p>\r\n                                                                    <\/div>\r\n                                                                                                                            <\/div>\r\n                                                                                                                <\/div>\r\n                                                                                                            <\/div>\r\n                                                <\/div>\r\n                                                                                        <\/a>\r\n                                                                                    <\/div>\r\n                                                                                                                                                                                                            <div class=\"splide__slide wp-block-group\">\r\n                                                                                                                                    <a class=\"page-list-block-container\" href=\"https:\/\/campingterraalta.com\/en\/accommodations\/bungalow-migdia\/\">\r\n                                                                                            <div class=\"page-list-block-wrapper\">\r\n                                                                                                                                                            <div class=\"page-list-image\">\r\n                                                        <img loading=\"lazy\" decoding=\"async\" width=\"1920\" height=\"1280\" src=\"https:\/\/campingterraalta.com\/wp-content\/uploads\/bm1.webp\" class=\"attachment-full size-full wp-post-image\" alt=\"\" style=\"object-fit: cover; aspect-ratio:1\/1\" srcset=\"https:\/\/campingterraalta.com\/wp-content\/uploads\/bm1.webp 1920w, https:\/\/campingterraalta.com\/wp-content\/uploads\/bm1-1024x683.webp 1024w, https:\/\/campingterraalta.com\/wp-content\/uploads\/bm1-768x512.webp 768w, https:\/\/campingterraalta.com\/wp-content\/uploads\/bm1-1536x1024.webp 1536w, https:\/\/campingterraalta.com\/wp-content\/uploads\/bm1-512x341.webp 512w, https:\/\/campingterraalta.com\/wp-content\/uploads\/bm1-256x171.webp 256w\" sizes=\"auto, (max-width: 1920px) 100vw, 1920px\" \/>                                                    <\/div>\r\n                                                    <div class=\"page-list-info\">\r\n                                                        <div class=\"info-wrapper\">\r\n                                                        <h3 class=\"has-h-5-font-size page-list-title\">Bungalow Migdia<\/h3>\r\n                                                                                                                                                                            <div class=\"icons-horizontals is-not-stacked-on-mobile\">                                                           \r\n                                                                                                                                    <div class=\"wp-block-group\">\r\n                                                                                                                                                <img decoding=\"async\" class=\"icon-page-list\" src=\"https:\/\/campingterraalta.com\/wp-content\/uploads\/capacidad.svg\" alt=\"\" \/>\r\n                                                                         <p class=\"value-page-list\">2 persones<\/p>\r\n                                                                    <\/div>\r\n                                                                                                                                    <div class=\"wp-block-group\">\r\n                                                                                                                                                <img decoding=\"async\" class=\"icon-page-list\" src=\"https:\/\/campingterraalta.com\/wp-content\/uploads\/medidas.svg\" alt=\"\" \/>\r\n                                                                         <p class=\"value-page-list\">30 m2<\/p>\r\n                                                                    <\/div>\r\n                                                                                                                                    <div class=\"wp-block-group\">\r\n                                                                                                                                                <img decoding=\"async\" class=\"icon-page-list\" src=\"https:\/\/campingterraalta.com\/wp-content\/uploads\/cama-dobke.svg\" alt=\"\" \/>\r\n                                                                         <p class=\"value-page-list\">1 llit total<\/p>\r\n                                                                    <\/div>\r\n                                                                                                                            <\/div>\r\n                                                                                                                <\/div>\r\n                                                                                                            <\/div>\r\n                                                <\/div>\r\n                                                                                        <\/a>\r\n                                                                                    <\/div>\r\n                                                                                                                                                                                                            <div class=\"splide__slide wp-block-group\">\r\n                                                                                                                                    <a class=\"page-list-block-container\" href=\"https:\/\/campingterraalta.com\/en\/accommodations\/cau-bungalow\/\">\r\n                                                                                            <div class=\"page-list-block-wrapper\">\r\n                                                                                                                                                            <div class=\"page-list-image\">\r\n                                                        <img loading=\"lazy\" decoding=\"async\" width=\"1920\" height=\"1280\" src=\"https:\/\/campingterraalta.com\/wp-content\/uploads\/portada-2.webp\" class=\"attachment-full size-full wp-post-image\" alt=\"\" style=\"object-fit: cover; aspect-ratio:1\/1\" srcset=\"https:\/\/campingterraalta.com\/wp-content\/uploads\/portada-2.webp 1920w, https:\/\/campingterraalta.com\/wp-content\/uploads\/portada-2-1024x683.webp 1024w, https:\/\/campingterraalta.com\/wp-content\/uploads\/portada-2-768x512.webp 768w, https:\/\/campingterraalta.com\/wp-content\/uploads\/portada-2-1536x1024.webp 1536w, https:\/\/campingterraalta.com\/wp-content\/uploads\/portada-2-512x341.webp 512w, https:\/\/campingterraalta.com\/wp-content\/uploads\/portada-2-256x171.webp 256w\" sizes=\"auto, (max-width: 1920px) 100vw, 1920px\" \/>                                                    <\/div>\r\n                                                    <div class=\"page-list-info\">\r\n                                                        <div class=\"info-wrapper\">\r\n                                                        <h3 class=\"has-h-5-font-size page-list-title\">Cau Bungalow<\/h3>\r\n                                                                                                                                                                            <div class=\"icons-horizontals is-not-stacked-on-mobile\">                                                           \r\n                                                                                                                                    <div class=\"wp-block-group\">\r\n                                                                                                                                                <img decoding=\"async\" class=\"icon-page-list\" src=\"https:\/\/campingterraalta.com\/wp-content\/uploads\/capacidad.svg\" alt=\"\" \/>\r\n                                                                         <p class=\"value-page-list\">2 persones<\/p>\r\n                                                                    <\/div>\r\n                                                                                                                                    <div class=\"wp-block-group\">\r\n                                                                                                                                                <img decoding=\"async\" class=\"icon-page-list\" src=\"https:\/\/campingterraalta.com\/wp-content\/uploads\/medidas.svg\" alt=\"\" \/>\r\n                                                                         <p class=\"value-page-list\">10 m2<\/p>\r\n                                                                    <\/div>\r\n                                                                                                                                    <div class=\"wp-block-group\">\r\n                                                                                                                                                <img decoding=\"async\" class=\"icon-page-list\" src=\"https:\/\/campingterraalta.com\/wp-content\/uploads\/cama-dobke.svg\" alt=\"\" \/>\r\n                                                                         <p class=\"value-page-list\">1 llit total<\/p>\r\n                                                                    <\/div>\r\n                                                                                                                            <\/div>\r\n                                                                                                                <\/div>\r\n                                                                                                            <\/div>\r\n                                                <\/div>\r\n                                                                                        <\/a>\r\n                                                                                    <\/div>\r\n                                                                                                                                                                                    <\/div>\r\n                    <\/div>\r\n                <\/div>\r\n            <\/div>\r\n                                    <script>\r\n                document.addEventListener('DOMContentLoaded', function () {\r\n                    (function() {\r\n                        const blockSlide = new Splide( '#content-gallery_281', {\r\n                            type : 'slide',\r\n                            perPage: 2,\r\n                                                        breakpoints: {\r\n                                999: {\r\n                                    perPage: 2,\r\n                                                                    },\r\n                                450: {\r\n                                    perPage: 1,\r\n                                     \r\n                                },\r\n                            },\r\n                            pagination: true,\r\n                            arrows: false,\r\n                            gap: 'var(--wp--style--block-gap)',\r\n                            i18n: {\r\n                                slideLabel: '%s \/ %s',\r\n                            },\r\n                        } );\r\n                        \r\n                        blockSlide.mount();\r\n                        \r\n                                            })();\r\n                })\r\n            <\/script>\r\n             \r\n     \r\n<\/div><\/div>\n<\/div>\n<\/div>\n<\/div>\n","protected":false},"excerpt":{"rendered":"<p>ACCOMMODATION Cau Habitaci\u00f3 El forat m\u00e9s menut del nostre c\u00e0mping, \u00e9s la tenda de campanya m\u00e9s c\u00f2moda que haur\u00e0s vist mai. Dos llits individuals, una&#8230;<\/p>\n","protected":false},"author":2,"featured_media":2124,"parent":2095,"menu_order":7,"comment_status":"closed","ping_status":"closed","template":"","meta":{"_acf_changed":false,"inline_featured_image":false,"footnotes":""},"class_list":["post-2122","page","type-page","status-publish","has-post-thumbnail","hentry"],"acf":[],"yoast_head":"<!-- This site is optimized with the Yoast SEO plugin v26.1.1 - https:\/\/yoast.com\/wordpress\/plugins\/seo\/ -->\n<title>Cau Habitaci\u00f3 at Camping Terra Alta: Simplicity and Comfort<\/title>\n<meta name=\"description\" content=\"Stay at the Cau Habitaci\u00f3 in Camping Terra Alta, a simple and comfortable option to rest and enjoy the natural surroundings.\" \/>\n<meta name=\"robots\" content=\"index, follow, max-snippet:-1, max-image-preview:large, max-video-preview:-1\" \/>\n<link rel=\"canonical\" href=\"https:\/\/campingterraalta.com\/en\/accommodations\/cau-habitacio\/\" \/>\n<meta property=\"og:locale\" content=\"en_US\" \/>\n<meta property=\"og:type\" content=\"article\" \/>\n<meta property=\"og:title\" content=\"Cau Habitaci\u00f3 at Camping Terra Alta: Simplicity and Comfort\" \/>\n<meta property=\"og:description\" content=\"Stay at the Cau Habitaci\u00f3 in Camping Terra Alta, a simple and comfortable option to rest and enjoy the natural surroundings.\" \/>\n<meta property=\"og:url\" content=\"https:\/\/campingterraalta.com\/en\/accommodations\/cau-habitacio\/\" \/>\n<meta property=\"og:site_name\" content=\"Camping Terra Alta\" \/>\n<meta property=\"article:modified_time\" content=\"2025-12-02T16:21:57+00:00\" \/>\n<meta property=\"og:image\" content=\"https:\/\/campingterraalta.com\/wp-content\/uploads\/portada-1.webp\" \/>\n\t<meta property=\"og:image:width\" content=\"1920\" \/>\n\t<meta property=\"og:image:height\" content=\"1280\" \/>\n\t<meta property=\"og:image:type\" content=\"image\/webp\" \/>\n<meta name=\"twitter:card\" content=\"summary_large_image\" \/>\n<meta name=\"twitter:label1\" content=\"Est. reading time\" \/>\n\t<meta name=\"twitter:data1\" content=\"9 minutes\" \/>\n<!-- \/ Yoast SEO plugin. -->","yoast_head_json":{"title":"Cau Habitaci\u00f3 at Camping Terra Alta: Simplicity and Comfort","description":"Stay at the Cau Habitaci\u00f3 in Camping Terra Alta, a simple and comfortable option to rest and enjoy the natural surroundings.","robots":{"index":"index","follow":"follow","max-snippet":"max-snippet:-1","max-image-preview":"max-image-preview:large","max-video-preview":"max-video-preview:-1"},"canonical":"https:\/\/campingterraalta.com\/en\/accommodations\/cau-habitacio\/","og_locale":"en_US","og_type":"article","og_title":"Cau Habitaci\u00f3 at Camping Terra Alta: Simplicity and Comfort","og_description":"Stay at the Cau Habitaci\u00f3 in Camping Terra Alta, a simple and comfortable option to rest and enjoy the natural surroundings.","og_url":"https:\/\/campingterraalta.com\/en\/accommodations\/cau-habitacio\/","og_site_name":"Camping Terra Alta","article_modified_time":"2025-12-02T16:21:57+00:00","og_image":[{"width":1920,"height":1280,"url":"https:\/\/campingterraalta.com\/wp-content\/uploads\/portada-1.webp","type":"image\/webp"}],"twitter_card":"summary_large_image","twitter_misc":{"Est. reading time":"9 minutes"},"schema":{"@context":"https:\/\/schema.org","@graph":[{"@type":"WebPage","@id":"https:\/\/campingterraalta.com\/en\/accommodations\/cau-habitacio\/","url":"https:\/\/campingterraalta.com\/en\/accommodations\/cau-habitacio\/","name":"Cau Habitaci\u00f3 at Camping Terra Alta: Simplicity and Comfort","isPartOf":{"@id":"https:\/\/campingterraalta.com\/en\/#website"},"primaryImageOfPage":{"@id":"https:\/\/campingterraalta.com\/en\/accommodations\/cau-habitacio\/#primaryimage"},"image":{"@id":"https:\/\/campingterraalta.com\/en\/accommodations\/cau-habitacio\/#primaryimage"},"thumbnailUrl":"https:\/\/campingterraalta.com\/wp-content\/uploads\/portada-1.webp","datePublished":"2025-04-03T09:32:12+00:00","dateModified":"2025-12-02T16:21:57+00:00","description":"Stay at the Cau Habitaci\u00f3 in Camping Terra Alta, a simple and comfortable option to rest and enjoy the natural surroundings.","breadcrumb":{"@id":"https:\/\/campingterraalta.com\/en\/accommodations\/cau-habitacio\/#breadcrumb"},"inLanguage":"en-US","potentialAction":[{"@type":"ReadAction","target":["https:\/\/campingterraalta.com\/en\/accommodations\/cau-habitacio\/"]}]},{"@type":"ImageObject","inLanguage":"en-US","@id":"https:\/\/campingterraalta.com\/en\/accommodations\/cau-habitacio\/#primaryimage","url":"https:\/\/campingterraalta.com\/wp-content\/uploads\/portada-1.webp","contentUrl":"https:\/\/campingterraalta.com\/wp-content\/uploads\/portada-1.webp","width":1920,"height":1280},{"@type":"BreadcrumbList","@id":"https:\/\/campingterraalta.com\/en\/accommodations\/cau-habitacio\/#breadcrumb","itemListElement":[{"@type":"ListItem","position":1,"name":"Portada","item":"https:\/\/campingterraalta.com\/en\/"},{"@type":"ListItem","position":2,"name":"Accommodations","item":"https:\/\/campingterraalta.com\/en\/accommodations\/"},{"@type":"ListItem","position":3,"name":"Cau Habitaci\u00f3"}]},{"@type":"WebSite","@id":"https:\/\/campingterraalta.com\/en\/#website","url":"https:\/\/campingterraalta.com\/en\/","name":"Camping Terra Alta","description":"El Camping Terra Alta lleva, desde el 2012, ofreciendo un trato familiar con todas las instalaciones para que pod\u00e1is disfrutar de vuestra estancia con caravana, tienda, autocaravana o en nuestros bungalows.","publisher":{"@id":"https:\/\/campingterraalta.com\/en\/#organization"},"potentialAction":[{"@type":"SearchAction","target":{"@type":"EntryPoint","urlTemplate":"https:\/\/campingterraalta.com\/en\/?s={search_term_string}"},"query-input":{"@type":"PropertyValueSpecification","valueRequired":true,"valueName":"search_term_string"}}],"inLanguage":"en-US"},{"@type":"Organization","@id":"https:\/\/campingterraalta.com\/en\/#organization","name":"Camping Terra Alta","url":"https:\/\/campingterraalta.com\/en\/","logo":{"@type":"ImageObject","inLanguage":"en-US","@id":"https:\/\/campingterraalta.com\/en\/#\/schema\/logo\/image\/","url":"https:\/\/campingterraalta.com\/wp-content\/uploads\/logo-terraalta-nobg.webp","contentUrl":"https:\/\/campingterraalta.com\/wp-content\/uploads\/logo-terraalta-nobg.webp","width":190,"height":111,"caption":"Camping Terra Alta"},"image":{"@id":"https:\/\/campingterraalta.com\/en\/#\/schema\/logo\/image\/"}}]}},"_links":{"self":[{"href":"https:\/\/campingterraalta.com\/en\/wp-json\/wp\/v2\/pages\/2122","targetHints":{"allow":["GET"]}}],"collection":[{"href":"https:\/\/campingterraalta.com\/en\/wp-json\/wp\/v2\/pages"}],"about":[{"href":"https:\/\/campingterraalta.com\/en\/wp-json\/wp\/v2\/types\/page"}],"author":[{"embeddable":true,"href":"https:\/\/campingterraalta.com\/en\/wp-json\/wp\/v2\/users\/2"}],"replies":[{"embeddable":true,"href":"https:\/\/campingterraalta.com\/en\/wp-json\/wp\/v2\/comments?post=2122"}],"version-history":[{"count":4,"href":"https:\/\/campingterraalta.com\/en\/wp-json\/wp\/v2\/pages\/2122\/revisions"}],"predecessor-version":[{"id":2592,"href":"https:\/\/campingterraalta.com\/en\/wp-json\/wp\/v2\/pages\/2122\/revisions\/2592"}],"up":[{"embeddable":true,"href":"https:\/\/campingterraalta.com\/en\/wp-json\/wp\/v2\/pages\/2095"}],"wp:featuredmedia":[{"embeddable":true,"href":"https:\/\/campingterraalta.com\/en\/wp-json\/wp\/v2\/media\/2124"}],"wp:attachment":[{"href":"https:\/\/campingterraalta.com\/en\/wp-json\/wp\/v2\/media?parent=2122"}],"curies":[{"name":"wp","href":"https:\/\/api.w.org\/{rel}","templated":true}]}}